{"id":271,"date":"2019-02-08T11:04:59","date_gmt":"2019-02-08T13:04:59","guid":{"rendered":"https:\/\/www.movingfitnesswear.com\/?page_id=271"},"modified":"2021-11-24T15:02:13","modified_gmt":"2021-11-24T18:02:13","slug":"home","status":"publish","type":"page","link":"https:\/\/www.movingfitnesswear.com\/catalogo\/","title":{"rendered":"In\u00edcio"},"content":{"rendered":"\n<section class=\"wp-block-uagb-section uagb-section__wrap uagb-section__background-undefined uagb-block-5ea45131 hide_add_to_cart_button\"><div class=\"uagb-section__overlay\"><\/div><div class=\"uagb-section__inner-wrap\">\n<h2 class=\"wp-block-heading\">Lan\u00e7amentos<\/h2>\n\n\n\n<h4 class=\"wp-block-heading\">Confira as \u00faltimas novidades<\/h4>\n\n\n\n<div class=\"woocommerce columns-3 \"><ul class=\"products columns-3\">\n<li class=\"sales-flash-overlay woocommerce-text-align-center woocommerce-image-align-center do-quantity-buttons wc-has-gallery xt_wooqv-pos-before product type-product post-65595 status-publish first instock product_cat-top-2 product_tag-top-bossa-dupla-face-verde-e-amarelo has-post-thumbnail sale shipping-taxable purchasable product-type-variable has-default-attributes\">\n\t<a href=\"https:\/\/www.movingfitnesswear.com\/catalogo\/catalog\/top-bossa-dupla-face-verde-e-amarelo\/\" class=\"woocommerce-LoopProduct-link woocommerce-loop-product__link\"><div class=\"xtfw-wc-product-image xt_wooqv-image-wrapper\">\n\t<span class=\"onsale\">Oferta!<\/span>\n\t<img loading=\"lazy\" decoding=\"async\" width=\"375\" height=\"375\" src=\"https:\/\/www.movingfitnesswear.com\/catalogo\/wp-content\/uploads\/2026\/04\/verde-e-amarelo-top-bossa-dupla-face-verde-e-amarelo-2026-04-27-01-375x375.jpg\" class=\"attachment-woocommerce_thumbnail size-woocommerce_thumbnail\" alt=\"TOP BOSSA DUPLA-FACE VERDE E AMARELO\" srcset=\"https:\/\/www.movingfitnesswear.com\/catalogo\/wp-content\/uploads\/2026\/04\/verde-e-amarelo-top-bossa-dupla-face-verde-e-amarelo-2026-04-27-01-375x375.jpg 375w, https:\/\/www.movingfitnesswear.com\/catalogo\/wp-content\/uploads\/2026\/04\/verde-e-amarelo-top-bossa-dupla-face-verde-e-amarelo-2026-04-27-01-100x100.jpg 100w, https:\/\/www.movingfitnesswear.com\/catalogo\/wp-content\/uploads\/2026\/04\/verde-e-amarelo-top-bossa-dupla-face-verde-e-amarelo-2026-04-27-01-600x600.jpg 600w, https:\/\/www.movingfitnesswear.com\/catalogo\/wp-content\/uploads\/2026\/04\/verde-e-amarelo-top-bossa-dupla-face-verde-e-amarelo-2026-04-27-01-64x64.jpg 64w, https:\/\/www.movingfitnesswear.com\/catalogo\/wp-content\/uploads\/2026\/04\/verde-e-amarelo-top-bossa-dupla-face-verde-e-amarelo-2026-04-27-01-300x300.jpg 300w, https:\/\/www.movingfitnesswear.com\/catalogo\/wp-content\/uploads\/2026\/04\/verde-e-amarelo-top-bossa-dupla-face-verde-e-amarelo-2026-04-27-01-1900x1900.jpg 1900w, https:\/\/www.movingfitnesswear.com\/catalogo\/wp-content\/uploads\/2026\/04\/verde-e-amarelo-top-bossa-dupla-face-verde-e-amarelo-2026-04-27-01-150x150.jpg 150w, https:\/\/www.movingfitnesswear.com\/catalogo\/wp-content\/uploads\/2026\/04\/verde-e-amarelo-top-bossa-dupla-face-verde-e-amarelo-2026-04-27-01-768x768.jpg 768w, https:\/\/www.movingfitnesswear.com\/catalogo\/wp-content\/uploads\/2026\/04\/verde-e-amarelo-top-bossa-dupla-face-verde-e-amarelo-2026-04-27-01-1536x1536.jpg 1536w, https:\/\/www.movingfitnesswear.com\/catalogo\/wp-content\/uploads\/2026\/04\/verde-e-amarelo-top-bossa-dupla-face-verde-e-amarelo-2026-04-27-01-2048x2048.jpg 2048w\" sizes=\"auto, (max-width: 375px) 100vw, 375px\" \/><img loading=\"lazy\" decoding=\"async\" width=\"2500\" height=\"2500\" src=\"https:\/\/www.movingfitnesswear.com\/catalogo\/wp-content\/uploads\/2026\/04\/verde-e-amarelo-top-bossa-dupla-face-verde-e-amarelo-2026-04-27-02.jpg\" class=\"secondary-image attachment-shop-catalog\" alt=\"\" srcset=\"https:\/\/www.movingfitnesswear.com\/catalogo\/wp-content\/uploads\/2026\/04\/verde-e-amarelo-top-bossa-dupla-face-verde-e-amarelo-2026-04-27-02.jpg 2500w, https:\/\/www.movingfitnesswear.com\/catalogo\/wp-content\/uploads\/2026\/04\/verde-e-amarelo-top-bossa-dupla-face-verde-e-amarelo-2026-04-27-02-375x375.jpg 375w, https:\/\/www.movingfitnesswear.com\/catalogo\/wp-content\/uploads\/2026\/04\/verde-e-amarelo-top-bossa-dupla-face-verde-e-amarelo-2026-04-27-02-100x100.jpg 100w, https:\/\/www.movingfitnesswear.com\/catalogo\/wp-content\/uploads\/2026\/04\/verde-e-amarelo-top-bossa-dupla-face-verde-e-amarelo-2026-04-27-02-600x600.jpg 600w, https:\/\/www.movingfitnesswear.com\/catalogo\/wp-content\/uploads\/2026\/04\/verde-e-amarelo-top-bossa-dupla-face-verde-e-amarelo-2026-04-27-02-64x64.jpg 64w, https:\/\/www.movingfitnesswear.com\/catalogo\/wp-content\/uploads\/2026\/04\/verde-e-amarelo-top-bossa-dupla-face-verde-e-amarelo-2026-04-27-02-300x300.jpg 300w, https:\/\/www.movingfitnesswear.com\/catalogo\/wp-content\/uploads\/2026\/04\/verde-e-amarelo-top-bossa-dupla-face-verde-e-amarelo-2026-04-27-02-1900x1900.jpg 1900w, https:\/\/www.movingfitnesswear.com\/catalogo\/wp-content\/uploads\/2026\/04\/verde-e-amarelo-top-bossa-dupla-face-verde-e-amarelo-2026-04-27-02-150x150.jpg 150w, https:\/\/www.movingfitnesswear.com\/catalogo\/wp-content\/uploads\/2026\/04\/verde-e-amarelo-top-bossa-dupla-face-verde-e-amarelo-2026-04-27-02-768x768.jpg 768w, https:\/\/www.movingfitnesswear.com\/catalogo\/wp-content\/uploads\/2026\/04\/verde-e-amarelo-top-bossa-dupla-face-verde-e-amarelo-2026-04-27-02-1536x1536.jpg 1536w, https:\/\/www.movingfitnesswear.com\/catalogo\/wp-content\/uploads\/2026\/04\/verde-e-amarelo-top-bossa-dupla-face-verde-e-amarelo-2026-04-27-02-2048x2048.jpg 2048w\" sizes=\"auto, (max-width: 2500px) 100vw, 2500px\" \/><\/div><h2 class=\"woocommerce-loop-product__title\">TOP BOSSA DUPLA-FACE VERDE E AMARELO<\/h2>\n\t<span class=\"price\"><del aria-hidden=\"true\"><span class=\"woocommerce-Price-amount amount\"><bdi><span class=\"woocommerce-Price-currencySymbol\">&#82;&#36;<\/span>89,90<\/bdi><\/span><\/del> <span class=\"screen-reader-text\">O pre\u00e7o original era: &#082;&#036;89,90.<\/span><ins aria-hidden=\"true\"><span class=\"woocommerce-Price-amount amount\"><bdi><span class=\"woocommerce-Price-currencySymbol\">&#82;&#36;<\/span>44,95<\/bdi><\/span><\/ins><span class=\"screen-reader-text\">O pre\u00e7o atual \u00e9: &#082;&#036;44,95.<\/span><\/span>\n<div class=\"info-produto hidden\"><small class=\"attr attr-product-id\">65595<\/small><small class=\"attr attr-product-regular-price\"><\/small><small class=\"attr attr-product-sale-price\"><\/small><\/div><\/a><span class=\"xt_wooqv-show-on-all\"><a \n\t\t    href=\"#\" \n\t\t    class=\"xt_wooqv-trigger button alt  xt_wooqv-before xt_wooqv-icontype-font\" \n\t\t    data-uniqid=\"69f16c3b6b989\"\n\t\t    data-id=\"65595\" \n\t\t    data-variation=\"65597\" \n\t\t    data-url=\"https:\/\/www.movingfitnesswear.com\/catalogo\/catalog\/top-bossa-dupla-face-verde-e-amarelo\/\"\n        ><span class=\"xt_wooqv-trigger-icon\"><\/span><span>Quick View<\/span><template id=\"xt_wooqv-quickview-69f16c3b6b989\" class=\"xt_wooqv-template\">\n<div id=\"xt_wooqv-product-65595\" class=\"product xt_wooqv-product post-65595 type-product status-publish has-post-thumbnail product_cat-top-2 product_tag-top-bossa-dupla-face-verde-e-amarelo  sales-flash-overlay woocommerce-text-align-center wc-related-upsell-columns-4 wc-related-upsell-tablet-columns-2 wc-related-upsell-mobile-columns-1 do-quantity-buttons wc-has-gallery xt_wooqv-pos-before instock sale shipping-taxable purchasable product-type-variable has-default-attributes\">\n\n    <span class=\"xt_wooqv-close-icon xt_wooqv-close-icon-desktop xt_wooqvicon-cancel-4\"><\/span>\n    <span class=\"xt_wooqv-close-icon xt_wooqv-close-icon-mobile xt_wooqvicon-cancel-4\"><\/span>\n\t\n<div class=\"xt_wooqv-slider-wrapper\" data-attachments=\"6\">\n\n\t<ul class=\"xt_wooqv-slider\">\n\t\t<li data-thumb=\"https:\/\/www.movingfitnesswear.com\/catalogo\/wp-content\/uploads\/2026\/04\/verde-e-amarelo-top-bossa-dupla-face-verde-e-amarelo-2026-04-27-01-100x100.jpg\" data-src=\"https:\/\/www.movingfitnesswear.com\/catalogo\/wp-content\/uploads\/2026\/04\/verde-e-amarelo-top-bossa-dupla-face-verde-e-amarelo-2026-04-27-01-600x600.jpg\" itemprop=\"image\" title=\"\" style=\"background-image:url(https:\/\/www.movingfitnesswear.com\/catalogo\/wp-content\/uploads\/2026\/04\/verde-e-amarelo-top-bossa-dupla-face-verde-e-amarelo-2026-04-27-01-600x600.jpg)\"><img loading=\"lazy\" decoding=\"async\" src=\"https:\/\/www.movingfitnesswear.com\/catalogo\/wp-content\/uploads\/2026\/04\/verde-e-amarelo-top-bossa-dupla-face-verde-e-amarelo-2026-04-27-01-600x600.jpg\" width=\"600\" height=\"600\" \/><\/li><li data-thumb=\"https:\/\/www.movingfitnesswear.com\/catalogo\/wp-content\/uploads\/2026\/04\/verde-e-amarelo-top-bossa-dupla-face-verde-e-amarelo-2026-04-27-02-100x100.jpg\" data-src=\"https:\/\/www.movingfitnesswear.com\/catalogo\/wp-content\/uploads\/2026\/04\/verde-e-amarelo-top-bossa-dupla-face-verde-e-amarelo-2026-04-27-02-600x600.jpg\" itemprop=\"image\" title=\"\" style=\"background-image:url(https:\/\/www.movingfitnesswear.com\/catalogo\/wp-content\/uploads\/2026\/04\/verde-e-amarelo-top-bossa-dupla-face-verde-e-amarelo-2026-04-27-02-600x600.jpg)\"><img loading=\"lazy\" decoding=\"async\" src=\"https:\/\/www.movingfitnesswear.com\/catalogo\/wp-content\/uploads\/2026\/04\/verde-e-amarelo-top-bossa-dupla-face-verde-e-amarelo-2026-04-27-02-600x600.jpg\" width=\"600\" height=\"600\" \/><\/li><li data-thumb=\"https:\/\/www.movingfitnesswear.com\/catalogo\/wp-content\/uploads\/2026\/04\/verde-e-amarelo-top-bossa-dupla-face-verde-e-amarelo-2026-04-27-03-100x100.jpg\" data-src=\"https:\/\/www.movingfitnesswear.com\/catalogo\/wp-content\/uploads\/2026\/04\/verde-e-amarelo-top-bossa-dupla-face-verde-e-amarelo-2026-04-27-03-600x600.jpg\" itemprop=\"image\" title=\"\" style=\"background-image:url(https:\/\/www.movingfitnesswear.com\/catalogo\/wp-content\/uploads\/2026\/04\/verde-e-amarelo-top-bossa-dupla-face-verde-e-amarelo-2026-04-27-03-600x600.jpg)\"><img loading=\"lazy\" decoding=\"async\" src=\"https:\/\/www.movingfitnesswear.com\/catalogo\/wp-content\/uploads\/2026\/04\/verde-e-amarelo-top-bossa-dupla-face-verde-e-amarelo-2026-04-27-03-600x600.jpg\" width=\"600\" height=\"600\" \/><\/li><li data-thumb=\"https:\/\/www.movingfitnesswear.com\/catalogo\/wp-content\/uploads\/2026\/04\/verde-e-amarelo-top-bossa-dupla-face-verde-e-amarelo-2026-04-27-04-100x100.jpg\" data-src=\"https:\/\/www.movingfitnesswear.com\/catalogo\/wp-content\/uploads\/2026\/04\/verde-e-amarelo-top-bossa-dupla-face-verde-e-amarelo-2026-04-27-04-600x600.jpg\" itemprop=\"image\" title=\"\" style=\"background-image:url(https:\/\/www.movingfitnesswear.com\/catalogo\/wp-content\/uploads\/2026\/04\/verde-e-amarelo-top-bossa-dupla-face-verde-e-amarelo-2026-04-27-04-600x600.jpg)\"><img loading=\"lazy\" decoding=\"async\" src=\"https:\/\/www.movingfitnesswear.com\/catalogo\/wp-content\/uploads\/2026\/04\/verde-e-amarelo-top-bossa-dupla-face-verde-e-amarelo-2026-04-27-04-600x600.jpg\" width=\"600\" height=\"600\" \/><\/li><li data-thumb=\"https:\/\/www.movingfitnesswear.com\/catalogo\/wp-content\/uploads\/2026\/04\/verde-e-amarelo-top-bossa-dupla-face-verde-e-amarelo-2026-04-27-05-100x100.jpg\" data-src=\"https:\/\/www.movingfitnesswear.com\/catalogo\/wp-content\/uploads\/2026\/04\/verde-e-amarelo-top-bossa-dupla-face-verde-e-amarelo-2026-04-27-05-600x600.jpg\" itemprop=\"image\" title=\"\" style=\"background-image:url(https:\/\/www.movingfitnesswear.com\/catalogo\/wp-content\/uploads\/2026\/04\/verde-e-amarelo-top-bossa-dupla-face-verde-e-amarelo-2026-04-27-05-600x600.jpg)\"><img loading=\"lazy\" decoding=\"async\" src=\"https:\/\/www.movingfitnesswear.com\/catalogo\/wp-content\/uploads\/2026\/04\/verde-e-amarelo-top-bossa-dupla-face-verde-e-amarelo-2026-04-27-05-600x600.jpg\" width=\"600\" height=\"600\" \/><\/li><li data-thumb=\"https:\/\/www.movingfitnesswear.com\/catalogo\/wp-content\/uploads\/2026\/04\/verde-e-amarelo-top-bossa-dupla-face-verde-e-amarelo-2026-04-27-06-100x100.jpg\" data-src=\"https:\/\/www.movingfitnesswear.com\/catalogo\/wp-content\/uploads\/2026\/04\/verde-e-amarelo-top-bossa-dupla-face-verde-e-amarelo-2026-04-27-06-600x600.jpg\" itemprop=\"image\" title=\"\" style=\"background-image:url(https:\/\/www.movingfitnesswear.com\/catalogo\/wp-content\/uploads\/2026\/04\/verde-e-amarelo-top-bossa-dupla-face-verde-e-amarelo-2026-04-27-06-600x600.jpg)\"><img loading=\"lazy\" decoding=\"async\" src=\"https:\/\/www.movingfitnesswear.com\/catalogo\/wp-content\/uploads\/2026\/04\/verde-e-amarelo-top-bossa-dupla-face-verde-e-amarelo-2026-04-27-06-600x600.jpg\" width=\"600\" height=\"600\" \/><\/li>\t<\/ul>\n\t\n<\/div> \n\t<div class=\"xt_wooqv-item-info\">\n    <div class=\"xt_wooqv-item-info-inner\">\n\n        <h1 class=\"product_title entry-title\">TOP BOSSA DUPLA-FACE VERDE E AMARELO<\/h1><p class=\"price\"><del aria-hidden=\"true\"><span class=\"woocommerce-Price-amount amount\"><bdi><span class=\"woocommerce-Price-currencySymbol\">&#82;&#36;<\/span>89,90<\/bdi><\/span><\/del> <span class=\"screen-reader-text\">O pre\u00e7o original era: &#082;&#036;89,90.<\/span><ins aria-hidden=\"true\"><span class=\"woocommerce-Price-amount amount\"><bdi><span class=\"woocommerce-Price-currencySymbol\">&#82;&#36;<\/span>44,95<\/bdi><\/span><\/ins><span class=\"screen-reader-text\">O pre\u00e7o atual \u00e9: &#082;&#036;44,95.<\/span><\/p>\n<div class=\"product_meta\">\n\n\t\n\t\n\t\t<span class=\"sku_wrapper\">SKU: <span class=\"sku\">TP7139<\/span><\/span>\n\n\t\n\t<span class=\"posted_in\">Categoria: <a href=\"https:\/\/www.movingfitnesswear.com\/catalogo\/catalog\/cat\/top-2\/\" rel=\"tag\">TOP<\/a><\/span>\n\t<span class=\"tagged_as\">Tag: <a href=\"https:\/\/www.movingfitnesswear.com\/catalogo\/catalog\/tag\/top-bossa-dupla-face-verde-e-amarelo\/\" rel=\"tag\">TOP BOSSA DUPLA-FACE VERDE E AMARELO<\/a><\/span>\n\t\n<\/div>\n\n<form class=\"variations_form cart\" action=\"https:\/\/www.movingfitnesswear.com\/catalogo\/catalog\/top-bossa-dupla-face-verde-e-amarelo\/\" method=\"post\" enctype='multipart\/form-data' data-product_id=\"65595\" data-product_variations=\"[{&quot;attributes&quot;:{&quot;attribute_pa_tamanho&quot;:&quot;p&quot;},&quot;availability_html&quot;:&quot;&quot;,&quot;backorders_allowed&quot;:false,&quot;dimensions&quot;:{&quot;length&quot;:&quot;&quot;,&quot;width&quot;:&quot;&quot;,&quot;height&quot;:&quot;&quot;},&quot;dimensions_html&quot;:&quot;N\\u00e3o aplic\\u00e1vel&quot;,&quot;display_price&quot;:44.95,&quot;display_regular_price&quot;:89.9,&quot;image&quot;:{&quot;title&quot;:&quot;verde-e-amarelo-top-bossa-dupla-face-verde-e-amarelo-2026-04-27-01&quot;,&quot;caption&quot;:&quot;&quot;,&quot;url&quot;:&quot;https:\\\/\\\/www.movingfitnesswear.com\\\/catalogo\\\/wp-content\\\/uploads\\\/2026\\\/04\\\/verde-e-amarelo-top-bossa-dupla-face-verde-e-amarelo-2026-04-27-01.jpg&quot;,&quot;alt&quot;:&quot;verde-e-amarelo-top-bossa-dupla-face-verde-e-amarelo-2026-04-27-01&quot;,&quot;src&quot;:&quot;https:\\\/\\\/www.movingfitnesswear.com\\\/catalogo\\\/wp-content\\\/uploads\\\/2026\\\/04\\\/verde-e-amarelo-top-bossa-dupla-face-verde-e-amarelo-2026-04-27-01-600x600.jpg&quot;,&quot;srcset&quot;:&quot;https:\\\/\\\/www.movingfitnesswear.com\\\/catalogo\\\/wp-content\\\/uploads\\\/2026\\\/04\\\/verde-e-amarelo-top-bossa-dupla-face-verde-e-amarelo-2026-04-27-01-600x600.jpg 600w, https:\\\/\\\/www.movingfitnesswear.com\\\/catalogo\\\/wp-content\\\/uploads\\\/2026\\\/04\\\/verde-e-amarelo-top-bossa-dupla-face-verde-e-amarelo-2026-04-27-01-375x375.jpg 375w, https:\\\/\\\/www.movingfitnesswear.com\\\/catalogo\\\/wp-content\\\/uploads\\\/2026\\\/04\\\/verde-e-amarelo-top-bossa-dupla-face-verde-e-amarelo-2026-04-27-01-100x100.jpg 100w, https:\\\/\\\/www.movingfitnesswear.com\\\/catalogo\\\/wp-content\\\/uploads\\\/2026\\\/04\\\/verde-e-amarelo-top-bossa-dupla-face-verde-e-amarelo-2026-04-27-01-64x64.jpg 64w, https:\\\/\\\/www.movingfitnesswear.com\\\/catalogo\\\/wp-content\\\/uploads\\\/2026\\\/04\\\/verde-e-amarelo-top-bossa-dupla-face-verde-e-amarelo-2026-04-27-01-300x300.jpg 300w, https:\\\/\\\/www.movingfitnesswear.com\\\/catalogo\\\/wp-content\\\/uploads\\\/2026\\\/04\\\/verde-e-amarelo-top-bossa-dupla-face-verde-e-amarelo-2026-04-27-01-1900x1900.jpg 1900w, https:\\\/\\\/www.movingfitnesswear.com\\\/catalogo\\\/wp-content\\\/uploads\\\/2026\\\/04\\\/verde-e-amarelo-top-bossa-dupla-face-verde-e-amarelo-2026-04-27-01-150x150.jpg 150w, https:\\\/\\\/www.movingfitnesswear.com\\\/catalogo\\\/wp-content\\\/uploads\\\/2026\\\/04\\\/verde-e-amarelo-top-bossa-dupla-face-verde-e-amarelo-2026-04-27-01-768x768.jpg 768w, https:\\\/\\\/www.movingfitnesswear.com\\\/catalogo\\\/wp-content\\\/uploads\\\/2026\\\/04\\\/verde-e-amarelo-top-bossa-dupla-face-verde-e-amarelo-2026-04-27-01-1536x1536.jpg 1536w, https:\\\/\\\/www.movingfitnesswear.com\\\/catalogo\\\/wp-content\\\/uploads\\\/2026\\\/04\\\/verde-e-amarelo-top-bossa-dupla-face-verde-e-amarelo-2026-04-27-01-2048x2048.jpg 2048w&quot;,&quot;sizes&quot;:&quot;(max-width: 600px) 100vw, 600px&quot;,&quot;full_src&quot;:&quot;https:\\\/\\\/www.movingfitnesswear.com\\\/catalogo\\\/wp-content\\\/uploads\\\/2026\\\/04\\\/verde-e-amarelo-top-bossa-dupla-face-verde-e-amarelo-2026-04-27-01.jpg&quot;,&quot;full_src_w&quot;:2500,&quot;full_src_h&quot;:2500,&quot;gallery_thumbnail_src&quot;:&quot;https:\\\/\\\/www.movingfitnesswear.com\\\/catalogo\\\/wp-content\\\/uploads\\\/2026\\\/04\\\/verde-e-amarelo-top-bossa-dupla-face-verde-e-amarelo-2026-04-27-01-100x100.jpg&quot;,&quot;gallery_thumbnail_src_w&quot;:100,&quot;gallery_thumbnail_src_h&quot;:100,&quot;thumb_src&quot;:&quot;https:\\\/\\\/www.movingfitnesswear.com\\\/catalogo\\\/wp-content\\\/uploads\\\/2026\\\/04\\\/verde-e-amarelo-top-bossa-dupla-face-verde-e-amarelo-2026-04-27-01-375x375.jpg&quot;,&quot;thumb_src_w&quot;:375,&quot;thumb_src_h&quot;:375,&quot;src_w&quot;:600,&quot;src_h&quot;:600},&quot;image_id&quot;:65565,&quot;is_downloadable&quot;:false,&quot;is_in_stock&quot;:true,&quot;is_purchasable&quot;:true,&quot;is_sold_individually&quot;:&quot;no&quot;,&quot;is_virtual&quot;:false,&quot;max_qty&quot;:&quot;&quot;,&quot;min_qty&quot;:1,&quot;price_html&quot;:&quot;&quot;,&quot;sku&quot;:&quot;TP7139AMP&quot;,&quot;variation_description&quot;:&quot;&quot;,&quot;variation_id&quot;:65596,&quot;variation_is_active&quot;:true,&quot;variation_is_visible&quot;:true,&quot;weight&quot;:&quot;&quot;,&quot;weight_html&quot;:&quot;N\\u00e3o aplic\\u00e1vel&quot;},{&quot;attributes&quot;:{&quot;attribute_pa_tamanho&quot;:&quot;m&quot;},&quot;availability_html&quot;:&quot;&quot;,&quot;backorders_allowed&quot;:false,&quot;dimensions&quot;:{&quot;length&quot;:&quot;&quot;,&quot;width&quot;:&quot;&quot;,&quot;height&quot;:&quot;&quot;},&quot;dimensions_html&quot;:&quot;N\\u00e3o aplic\\u00e1vel&quot;,&quot;display_price&quot;:44.95,&quot;display_regular_price&quot;:89.9,&quot;image&quot;:{&quot;title&quot;:&quot;verde-e-amarelo-top-bossa-dupla-face-verde-e-amarelo-2026-04-27-01&quot;,&quot;caption&quot;:&quot;&quot;,&quot;url&quot;:&quot;https:\\\/\\\/www.movingfitnesswear.com\\\/catalogo\\\/wp-content\\\/uploads\\\/2026\\\/04\\\/verde-e-amarelo-top-bossa-dupla-face-verde-e-amarelo-2026-04-27-01.jpg&quot;,&quot;alt&quot;:&quot;verde-e-amarelo-top-bossa-dupla-face-verde-e-amarelo-2026-04-27-01&quot;,&quot;src&quot;:&quot;https:\\\/\\\/www.movingfitnesswear.com\\\/catalogo\\\/wp-content\\\/uploads\\\/2026\\\/04\\\/verde-e-amarelo-top-bossa-dupla-face-verde-e-amarelo-2026-04-27-01-600x600.jpg&quot;,&quot;srcset&quot;:&quot;https:\\\/\\\/www.movingfitnesswear.com\\\/catalogo\\\/wp-content\\\/uploads\\\/2026\\\/04\\\/verde-e-amarelo-top-bossa-dupla-face-verde-e-amarelo-2026-04-27-01-600x600.jpg 600w, https:\\\/\\\/www.movingfitnesswear.com\\\/catalogo\\\/wp-content\\\/uploads\\\/2026\\\/04\\\/verde-e-amarelo-top-bossa-dupla-face-verde-e-amarelo-2026-04-27-01-375x375.jpg 375w, https:\\\/\\\/www.movingfitnesswear.com\\\/catalogo\\\/wp-content\\\/uploads\\\/2026\\\/04\\\/verde-e-amarelo-top-bossa-dupla-face-verde-e-amarelo-2026-04-27-01-100x100.jpg 100w, https:\\\/\\\/www.movingfitnesswear.com\\\/catalogo\\\/wp-content\\\/uploads\\\/2026\\\/04\\\/verde-e-amarelo-top-bossa-dupla-face-verde-e-amarelo-2026-04-27-01-64x64.jpg 64w, https:\\\/\\\/www.movingfitnesswear.com\\\/catalogo\\\/wp-content\\\/uploads\\\/2026\\\/04\\\/verde-e-amarelo-top-bossa-dupla-face-verde-e-amarelo-2026-04-27-01-300x300.jpg 300w, https:\\\/\\\/www.movingfitnesswear.com\\\/catalogo\\\/wp-content\\\/uploads\\\/2026\\\/04\\\/verde-e-amarelo-top-bossa-dupla-face-verde-e-amarelo-2026-04-27-01-1900x1900.jpg 1900w, https:\\\/\\\/www.movingfitnesswear.com\\\/catalogo\\\/wp-content\\\/uploads\\\/2026\\\/04\\\/verde-e-amarelo-top-bossa-dupla-face-verde-e-amarelo-2026-04-27-01-150x150.jpg 150w, https:\\\/\\\/www.movingfitnesswear.com\\\/catalogo\\\/wp-content\\\/uploads\\\/2026\\\/04\\\/verde-e-amarelo-top-bossa-dupla-face-verde-e-amarelo-2026-04-27-01-768x768.jpg 768w, https:\\\/\\\/www.movingfitnesswear.com\\\/catalogo\\\/wp-content\\\/uploads\\\/2026\\\/04\\\/verde-e-amarelo-top-bossa-dupla-face-verde-e-amarelo-2026-04-27-01-1536x1536.jpg 1536w, https:\\\/\\\/www.movingfitnesswear.com\\\/catalogo\\\/wp-content\\\/uploads\\\/2026\\\/04\\\/verde-e-amarelo-top-bossa-dupla-face-verde-e-amarelo-2026-04-27-01-2048x2048.jpg 2048w&quot;,&quot;sizes&quot;:&quot;(max-width: 600px) 100vw, 600px&quot;,&quot;full_src&quot;:&quot;https:\\\/\\\/www.movingfitnesswear.com\\\/catalogo\\\/wp-content\\\/uploads\\\/2026\\\/04\\\/verde-e-amarelo-top-bossa-dupla-face-verde-e-amarelo-2026-04-27-01.jpg&quot;,&quot;full_src_w&quot;:2500,&quot;full_src_h&quot;:2500,&quot;gallery_thumbnail_src&quot;:&quot;https:\\\/\\\/www.movingfitnesswear.com\\\/catalogo\\\/wp-content\\\/uploads\\\/2026\\\/04\\\/verde-e-amarelo-top-bossa-dupla-face-verde-e-amarelo-2026-04-27-01-100x100.jpg&quot;,&quot;gallery_thumbnail_src_w&quot;:100,&quot;gallery_thumbnail_src_h&quot;:100,&quot;thumb_src&quot;:&quot;https:\\\/\\\/www.movingfitnesswear.com\\\/catalogo\\\/wp-content\\\/uploads\\\/2026\\\/04\\\/verde-e-amarelo-top-bossa-dupla-face-verde-e-amarelo-2026-04-27-01-375x375.jpg&quot;,&quot;thumb_src_w&quot;:375,&quot;thumb_src_h&quot;:375,&quot;src_w&quot;:600,&quot;src_h&quot;:600},&quot;image_id&quot;:65565,&quot;is_downloadable&quot;:false,&quot;is_in_stock&quot;:true,&quot;is_purchasable&quot;:true,&quot;is_sold_individually&quot;:&quot;no&quot;,&quot;is_virtual&quot;:false,&quot;max_qty&quot;:&quot;&quot;,&quot;min_qty&quot;:1,&quot;price_html&quot;:&quot;&quot;,&quot;sku&quot;:&quot;TP7139AMM&quot;,&quot;variation_description&quot;:&quot;&quot;,&quot;variation_id&quot;:65597,&quot;variation_is_active&quot;:true,&quot;variation_is_visible&quot;:true,&quot;weight&quot;:&quot;&quot;,&quot;weight_html&quot;:&quot;N\\u00e3o aplic\\u00e1vel&quot;},{&quot;attributes&quot;:{&quot;attribute_pa_tamanho&quot;:&quot;g&quot;},&quot;availability_html&quot;:&quot;&quot;,&quot;backorders_allowed&quot;:false,&quot;dimensions&quot;:{&quot;length&quot;:&quot;&quot;,&quot;width&quot;:&quot;&quot;,&quot;height&quot;:&quot;&quot;},&quot;dimensions_html&quot;:&quot;N\\u00e3o aplic\\u00e1vel&quot;,&quot;display_price&quot;:44.95,&quot;display_regular_price&quot;:89.9,&quot;image&quot;:{&quot;title&quot;:&quot;verde-e-amarelo-top-bossa-dupla-face-verde-e-amarelo-2026-04-27-01&quot;,&quot;caption&quot;:&quot;&quot;,&quot;url&quot;:&quot;https:\\\/\\\/www.movingfitnesswear.com\\\/catalogo\\\/wp-content\\\/uploads\\\/2026\\\/04\\\/verde-e-amarelo-top-bossa-dupla-face-verde-e-amarelo-2026-04-27-01.jpg&quot;,&quot;alt&quot;:&quot;verde-e-amarelo-top-bossa-dupla-face-verde-e-amarelo-2026-04-27-01&quot;,&quot;src&quot;:&quot;https:\\\/\\\/www.movingfitnesswear.com\\\/catalogo\\\/wp-content\\\/uploads\\\/2026\\\/04\\\/verde-e-amarelo-top-bossa-dupla-face-verde-e-amarelo-2026-04-27-01-600x600.jpg&quot;,&quot;srcset&quot;:&quot;https:\\\/\\\/www.movingfitnesswear.com\\\/catalogo\\\/wp-content\\\/uploads\\\/2026\\\/04\\\/verde-e-amarelo-top-bossa-dupla-face-verde-e-amarelo-2026-04-27-01-600x600.jpg 600w, https:\\\/\\\/www.movingfitnesswear.com\\\/catalogo\\\/wp-content\\\/uploads\\\/2026\\\/04\\\/verde-e-amarelo-top-bossa-dupla-face-verde-e-amarelo-2026-04-27-01-375x375.jpg 375w, https:\\\/\\\/www.movingfitnesswear.com\\\/catalogo\\\/wp-content\\\/uploads\\\/2026\\\/04\\\/verde-e-amarelo-top-bossa-dupla-face-verde-e-amarelo-2026-04-27-01-100x100.jpg 100w, https:\\\/\\\/www.movingfitnesswear.com\\\/catalogo\\\/wp-content\\\/uploads\\\/2026\\\/04\\\/verde-e-amarelo-top-bossa-dupla-face-verde-e-amarelo-2026-04-27-01-64x64.jpg 64w, https:\\\/\\\/www.movingfitnesswear.com\\\/catalogo\\\/wp-content\\\/uploads\\\/2026\\\/04\\\/verde-e-amarelo-top-bossa-dupla-face-verde-e-amarelo-2026-04-27-01-300x300.jpg 300w, https:\\\/\\\/www.movingfitnesswear.com\\\/catalogo\\\/wp-content\\\/uploads\\\/2026\\\/04\\\/verde-e-amarelo-top-bossa-dupla-face-verde-e-amarelo-2026-04-27-01-1900x1900.jpg 1900w, https:\\\/\\\/www.movingfitnesswear.com\\\/catalogo\\\/wp-content\\\/uploads\\\/2026\\\/04\\\/verde-e-amarelo-top-bossa-dupla-face-verde-e-amarelo-2026-04-27-01-150x150.jpg 150w, https:\\\/\\\/www.movingfitnesswear.com\\\/catalogo\\\/wp-content\\\/uploads\\\/2026\\\/04\\\/verde-e-amarelo-top-bossa-dupla-face-verde-e-amarelo-2026-04-27-01-768x768.jpg 768w, https:\\\/\\\/www.movingfitnesswear.com\\\/catalogo\\\/wp-content\\\/uploads\\\/2026\\\/04\\\/verde-e-amarelo-top-bossa-dupla-face-verde-e-amarelo-2026-04-27-01-1536x1536.jpg 1536w, https:\\\/\\\/www.movingfitnesswear.com\\\/catalogo\\\/wp-content\\\/uploads\\\/2026\\\/04\\\/verde-e-amarelo-top-bossa-dupla-face-verde-e-amarelo-2026-04-27-01-2048x2048.jpg 2048w&quot;,&quot;sizes&quot;:&quot;(max-width: 600px) 100vw, 600px&quot;,&quot;full_src&quot;:&quot;https:\\\/\\\/www.movingfitnesswear.com\\\/catalogo\\\/wp-content\\\/uploads\\\/2026\\\/04\\\/verde-e-amarelo-top-bossa-dupla-face-verde-e-amarelo-2026-04-27-01.jpg&quot;,&quot;full_src_w&quot;:2500,&quot;full_src_h&quot;:2500,&quot;gallery_thumbnail_src&quot;:&quot;https:\\\/\\\/www.movingfitnesswear.com\\\/catalogo\\\/wp-content\\\/uploads\\\/2026\\\/04\\\/verde-e-amarelo-top-bossa-dupla-face-verde-e-amarelo-2026-04-27-01-100x100.jpg&quot;,&quot;gallery_thumbnail_src_w&quot;:100,&quot;gallery_thumbnail_src_h&quot;:100,&quot;thumb_src&quot;:&quot;https:\\\/\\\/www.movingfitnesswear.com\\\/catalogo\\\/wp-content\\\/uploads\\\/2026\\\/04\\\/verde-e-amarelo-top-bossa-dupla-face-verde-e-amarelo-2026-04-27-01-375x375.jpg&quot;,&quot;thumb_src_w&quot;:375,&quot;thumb_src_h&quot;:375,&quot;src_w&quot;:600,&quot;src_h&quot;:600},&quot;image_id&quot;:65565,&quot;is_downloadable&quot;:false,&quot;is_in_stock&quot;:true,&quot;is_purchasable&quot;:true,&quot;is_sold_individually&quot;:&quot;no&quot;,&quot;is_virtual&quot;:false,&quot;max_qty&quot;:&quot;&quot;,&quot;min_qty&quot;:1,&quot;price_html&quot;:&quot;&quot;,&quot;sku&quot;:&quot;TP7139AMG&quot;,&quot;variation_description&quot;:&quot;&quot;,&quot;variation_id&quot;:65598,&quot;variation_is_active&quot;:true,&quot;variation_is_visible&quot;:true,&quot;weight&quot;:&quot;&quot;,&quot;weight_html&quot;:&quot;N\\u00e3o aplic\\u00e1vel&quot;}]\">\n\t\n\t\t\t<table class=\"variations\" cellspacing=\"0\" role=\"presentation\">\n\t\t\t<tbody>\n\t\t\t\t\t\t\t\t\t<tr>\n\t\t\t\t\t\t<th class=\"label\"><label for=\"pa_tamanho\">Tamanho<\/label><\/th>\n\t\t\t\t\t\t<td class=\"value\">\n\t\t\t\t\t\t\t<select id=\"pa_tamanho\" class=\"\" name=\"attribute_pa_tamanho\" data-attribute_name=\"attribute_pa_tamanho\" data-show_option_none=\"yes\"><option value=\"\">Escolha uma op\u00e7\u00e3o<\/option><option value=\"g\" >G<\/option><option value=\"m\"  selected='selected'>M<\/option><option value=\"p\" >P<\/option><\/select><a class=\"reset_variations\" href=\"#\" aria-label=\"Limpar op\u00e7\u00f5es\">Limpar<\/a>\t\t\t\t\t\t<\/td>\n\t\t\t\t\t<\/tr>\n\t\t\t\t\t\t\t<\/tbody>\n\t\t<\/table>\n\t\t<div class=\"reset_variations_alert screen-reader-text\" role=\"alert\" aria-live=\"polite\" aria-relevant=\"all\"><\/div>\n\t\t\n\t\t<div class=\"single_variation_wrap\">\n\t\t\t<div class=\"woocommerce-variation single_variation\" role=\"alert\" aria-relevant=\"additions\"><\/div><div class=\"woocommerce-variation-add-to-cart variations_button\">\n\t\n\t<div class=\"quantity\">\n\t\t<label class=\"screen-reader-text\" for=\"quantity_69f16c3b6b846\">TOP BOSSA DUPLA-FACE VERDE E AMARELO quantidade<\/label>\n\t<input\n\t\ttype=\"number\"\n\t\t\t\tid=\"quantity_69f16c3b6b846\"\n\t\tclass=\"input-text qty text\"\n\t\tname=\"quantity\"\n\t\tvalue=\"1\"\n\t\taria-label=\"Quantidade de produto\"\n\t\t\t\tmin=\"1\"\n\t\t\t\t\t\t\tstep=\"1\"\n\t\t\tplaceholder=\"\"\n\t\t\tinputmode=\"numeric\"\n\t\t\tautocomplete=\"off\"\n\t\t\t\/>\n\t<\/div>\n\n\t<button type=\"submit\" class=\"single_add_to_cart_button button alt\">Adicionar ao carrinho<\/button>\n\n\t        <button type=\"button\" class=\"xt_wooqv-button xt_wooqv-more-info button\" onclick=\"location.href='https:\/\/www.movingfitnesswear.com\/catalogo\/catalog\/top-bossa-dupla-face-verde-e-amarelo\/'\">More info<\/button>\n        \n\t<input type=\"hidden\" name=\"add-to-cart\" value=\"65595\" \/>\n\t<input type=\"hidden\" name=\"product_id\" value=\"65595\" \/>\n\t<input type=\"hidden\" name=\"variation_id\" class=\"variation_id\" value=\"0\" \/>\n<\/div>\n\t\t<\/div>\n\t\n\t<\/form>\n\n\n    <\/div>\n<\/div>\n\t\n\t<div class=\"info-produto hidden\"><small class=\"attr attr-product-id\">65595<\/small><small class=\"attr attr-product-regular-price\"><\/small><small class=\"attr attr-product-sale-price\"><\/small><\/div>\n<\/div>\n\n<\/template><\/a><\/span><a href=\"https:\/\/www.movingfitnesswear.com\/catalogo\/catalog\/top-bossa-dupla-face-verde-e-amarelo\/\" aria-describedby=\"woocommerce_loop_add_to_cart_link_describedby_65595\" data-quantity=\"1\" class=\"button product_type_variable add_to_cart_button\" data-product_id=\"65595\" data-product_sku=\"TP7139\" aria-label=\"Selecione as op\u00e7\u00f5es para &ldquo;TOP BOSSA DUPLA-FACE VERDE E AMARELO&rdquo;\" rel=\"nofollow\">Ver op\u00e7\u00f5es<\/a>\t<span id=\"woocommerce_loop_add_to_cart_link_describedby_65595\" class=\"screen-reader-text\">\n\t\tEste produto tem v\u00e1rias variantes. As op\u00e7\u00f5es podem ser escolhidas na p\u00e1gina do produto\t<\/span>\n<\/li>\n<li class=\"sales-flash-overlay woocommerce-text-align-center woocommerce-image-align-center do-quantity-buttons wc-has-gallery xt_wooqv-pos-before product type-product post-65583 status-publish instock product_cat-top-2 product_tag-top-bossa-dupla-face-branco-e-azul has-post-thumbnail sale shipping-taxable purchasable product-type-variable has-default-attributes\">\n\t<a href=\"https:\/\/www.movingfitnesswear.com\/catalogo\/catalog\/top-bossa-dupla-face-branco-e-azul\/\" class=\"woocommerce-LoopProduct-link woocommerce-loop-product__link\"><div class=\"xtfw-wc-product-image xt_wooqv-image-wrapper\">\n\t<span class=\"onsale\">Oferta!<\/span>\n\t<img loading=\"lazy\" decoding=\"async\" width=\"375\" height=\"375\" src=\"https:\/\/www.movingfitnesswear.com\/catalogo\/wp-content\/uploads\/2026\/04\/branco-e-azul-top-bossa-dupla-face-branco-e-azul-2026-04-27-01-375x375.jpg\" class=\"attachment-woocommerce_thumbnail size-woocommerce_thumbnail\" alt=\"TOP BOSSA DUPLA-FACE BRANCO E AZUL\" srcset=\"https:\/\/www.movingfitnesswear.com\/catalogo\/wp-content\/uploads\/2026\/04\/branco-e-azul-top-bossa-dupla-face-branco-e-azul-2026-04-27-01-375x375.jpg 375w, https:\/\/www.movingfitnesswear.com\/catalogo\/wp-content\/uploads\/2026\/04\/branco-e-azul-top-bossa-dupla-face-branco-e-azul-2026-04-27-01-100x100.jpg 100w, https:\/\/www.movingfitnesswear.com\/catalogo\/wp-content\/uploads\/2026\/04\/branco-e-azul-top-bossa-dupla-face-branco-e-azul-2026-04-27-01-600x600.jpg 600w, https:\/\/www.movingfitnesswear.com\/catalogo\/wp-content\/uploads\/2026\/04\/branco-e-azul-top-bossa-dupla-face-branco-e-azul-2026-04-27-01-64x64.jpg 64w, https:\/\/www.movingfitnesswear.com\/catalogo\/wp-content\/uploads\/2026\/04\/branco-e-azul-top-bossa-dupla-face-branco-e-azul-2026-04-27-01-300x300.jpg 300w, https:\/\/www.movingfitnesswear.com\/catalogo\/wp-content\/uploads\/2026\/04\/branco-e-azul-top-bossa-dupla-face-branco-e-azul-2026-04-27-01-1900x1900.jpg 1900w, https:\/\/www.movingfitnesswear.com\/catalogo\/wp-content\/uploads\/2026\/04\/branco-e-azul-top-bossa-dupla-face-branco-e-azul-2026-04-27-01-150x150.jpg 150w, https:\/\/www.movingfitnesswear.com\/catalogo\/wp-content\/uploads\/2026\/04\/branco-e-azul-top-bossa-dupla-face-branco-e-azul-2026-04-27-01-768x768.jpg 768w, https:\/\/www.movingfitnesswear.com\/catalogo\/wp-content\/uploads\/2026\/04\/branco-e-azul-top-bossa-dupla-face-branco-e-azul-2026-04-27-01-1536x1536.jpg 1536w, https:\/\/www.movingfitnesswear.com\/catalogo\/wp-content\/uploads\/2026\/04\/branco-e-azul-top-bossa-dupla-face-branco-e-azul-2026-04-27-01-2048x2048.jpg 2048w\" sizes=\"auto, (max-width: 375px) 100vw, 375px\" \/><img loading=\"lazy\" decoding=\"async\" width=\"2500\" height=\"2500\" src=\"https:\/\/www.movingfitnesswear.com\/catalogo\/wp-content\/uploads\/2026\/04\/branco-e-azul-top-bossa-dupla-face-branco-e-azul-2026-04-27-02.jpg\" class=\"secondary-image attachment-shop-catalog\" alt=\"\" srcset=\"https:\/\/www.movingfitnesswear.com\/catalogo\/wp-content\/uploads\/2026\/04\/branco-e-azul-top-bossa-dupla-face-branco-e-azul-2026-04-27-02.jpg 2500w, https:\/\/www.movingfitnesswear.com\/catalogo\/wp-content\/uploads\/2026\/04\/branco-e-azul-top-bossa-dupla-face-branco-e-azul-2026-04-27-02-375x375.jpg 375w, https:\/\/www.movingfitnesswear.com\/catalogo\/wp-content\/uploads\/2026\/04\/branco-e-azul-top-bossa-dupla-face-branco-e-azul-2026-04-27-02-100x100.jpg 100w, https:\/\/www.movingfitnesswear.com\/catalogo\/wp-content\/uploads\/2026\/04\/branco-e-azul-top-bossa-dupla-face-branco-e-azul-2026-04-27-02-600x600.jpg 600w, https:\/\/www.movingfitnesswear.com\/catalogo\/wp-content\/uploads\/2026\/04\/branco-e-azul-top-bossa-dupla-face-branco-e-azul-2026-04-27-02-64x64.jpg 64w, https:\/\/www.movingfitnesswear.com\/catalogo\/wp-content\/uploads\/2026\/04\/branco-e-azul-top-bossa-dupla-face-branco-e-azul-2026-04-27-02-300x300.jpg 300w, https:\/\/www.movingfitnesswear.com\/catalogo\/wp-content\/uploads\/2026\/04\/branco-e-azul-top-bossa-dupla-face-branco-e-azul-2026-04-27-02-1900x1900.jpg 1900w, https:\/\/www.movingfitnesswear.com\/catalogo\/wp-content\/uploads\/2026\/04\/branco-e-azul-top-bossa-dupla-face-branco-e-azul-2026-04-27-02-150x150.jpg 150w, https:\/\/www.movingfitnesswear.com\/catalogo\/wp-content\/uploads\/2026\/04\/branco-e-azul-top-bossa-dupla-face-branco-e-azul-2026-04-27-02-768x768.jpg 768w, https:\/\/www.movingfitnesswear.com\/catalogo\/wp-content\/uploads\/2026\/04\/branco-e-azul-top-bossa-dupla-face-branco-e-azul-2026-04-27-02-1536x1536.jpg 1536w, https:\/\/www.movingfitnesswear.com\/catalogo\/wp-content\/uploads\/2026\/04\/branco-e-azul-top-bossa-dupla-face-branco-e-azul-2026-04-27-02-2048x2048.jpg 2048w\" sizes=\"auto, (max-width: 2500px) 100vw, 2500px\" \/><\/div><h2 class=\"woocommerce-loop-product__title\">TOP BOSSA DUPLA-FACE BRANCO E AZUL<\/h2>\n\t<span class=\"price\"><del aria-hidden=\"true\"><span class=\"woocommerce-Price-amount amount\"><bdi><span class=\"woocommerce-Price-currencySymbol\">&#82;&#36;<\/span>89,90<\/bdi><\/span><\/del> <span class=\"screen-reader-text\">O pre\u00e7o original era: &#082;&#036;89,90.<\/span><ins aria-hidden=\"true\"><span class=\"woocommerce-Price-amount amount\"><bdi><span class=\"woocommerce-Price-currencySymbol\">&#82;&#36;<\/span>44,95<\/bdi><\/span><\/ins><span class=\"screen-reader-text\">O pre\u00e7o atual \u00e9: &#082;&#036;44,95.<\/span><\/span>\n<div class=\"info-produto hidden\"><small class=\"attr attr-product-id\">65583<\/small><small class=\"attr attr-product-regular-price\"><\/small><small class=\"attr attr-product-sale-price\"><\/small><\/div><\/a><span class=\"xt_wooqv-show-on-all\"><a \n\t\t    href=\"#\" \n\t\t    class=\"xt_wooqv-trigger button alt  xt_wooqv-before xt_wooqv-icontype-font\" \n\t\t    data-uniqid=\"69f16c3b710bc\"\n\t\t    data-id=\"65583\" \n\t\t    data-variation=\"65585\" \n\t\t    data-url=\"https:\/\/www.movingfitnesswear.com\/catalogo\/catalog\/top-bossa-dupla-face-branco-e-azul\/\"\n        ><span class=\"xt_wooqv-trigger-icon\"><\/span><span>Quick View<\/span><template id=\"xt_wooqv-quickview-69f16c3b710bc\" class=\"xt_wooqv-template\">\n<div id=\"xt_wooqv-product-65583\" class=\"product xt_wooqv-product post-65583 type-product status-publish has-post-thumbnail product_cat-top-2 product_tag-top-bossa-dupla-face-branco-e-azul  sales-flash-overlay woocommerce-text-align-center wc-related-upsell-columns-4 wc-related-upsell-tablet-columns-2 wc-related-upsell-mobile-columns-1 do-quantity-buttons wc-has-gallery xt_wooqv-pos-before last instock sale shipping-taxable purchasable product-type-variable has-default-attributes\">\n\n    <span class=\"xt_wooqv-close-icon xt_wooqv-close-icon-desktop xt_wooqvicon-cancel-4\"><\/span>\n    <span class=\"xt_wooqv-close-icon xt_wooqv-close-icon-mobile xt_wooqvicon-cancel-4\"><\/span>\n\t\n<div class=\"xt_wooqv-slider-wrapper\" data-attachments=\"6\">\n\n\t<ul class=\"xt_wooqv-slider\">\n\t\t<li data-thumb=\"https:\/\/www.movingfitnesswear.com\/catalogo\/wp-content\/uploads\/2026\/04\/branco-e-azul-top-bossa-dupla-face-branco-e-azul-2026-04-27-01-100x100.jpg\" data-src=\"https:\/\/www.movingfitnesswear.com\/catalogo\/wp-content\/uploads\/2026\/04\/branco-e-azul-top-bossa-dupla-face-branco-e-azul-2026-04-27-01-600x600.jpg\" itemprop=\"image\" title=\"\" style=\"background-image:url(https:\/\/www.movingfitnesswear.com\/catalogo\/wp-content\/uploads\/2026\/04\/branco-e-azul-top-bossa-dupla-face-branco-e-azul-2026-04-27-01-600x600.jpg)\"><img loading=\"lazy\" decoding=\"async\" src=\"https:\/\/www.movingfitnesswear.com\/catalogo\/wp-content\/uploads\/2026\/04\/branco-e-azul-top-bossa-dupla-face-branco-e-azul-2026-04-27-01-600x600.jpg\" width=\"600\" height=\"600\" \/><\/li><li data-thumb=\"https:\/\/www.movingfitnesswear.com\/catalogo\/wp-content\/uploads\/2026\/04\/branco-e-azul-top-bossa-dupla-face-branco-e-azul-2026-04-27-02-100x100.jpg\" data-src=\"https:\/\/www.movingfitnesswear.com\/catalogo\/wp-content\/uploads\/2026\/04\/branco-e-azul-top-bossa-dupla-face-branco-e-azul-2026-04-27-02-600x600.jpg\" itemprop=\"image\" title=\"\" style=\"background-image:url(https:\/\/www.movingfitnesswear.com\/catalogo\/wp-content\/uploads\/2026\/04\/branco-e-azul-top-bossa-dupla-face-branco-e-azul-2026-04-27-02-600x600.jpg)\"><img loading=\"lazy\" decoding=\"async\" src=\"https:\/\/www.movingfitnesswear.com\/catalogo\/wp-content\/uploads\/2026\/04\/branco-e-azul-top-bossa-dupla-face-branco-e-azul-2026-04-27-02-600x600.jpg\" width=\"600\" height=\"600\" \/><\/li><li data-thumb=\"https:\/\/www.movingfitnesswear.com\/catalogo\/wp-content\/uploads\/2026\/04\/branco-e-azul-top-bossa-dupla-face-branco-e-azul-2026-04-27-03-100x100.jpg\" data-src=\"https:\/\/www.movingfitnesswear.com\/catalogo\/wp-content\/uploads\/2026\/04\/branco-e-azul-top-bossa-dupla-face-branco-e-azul-2026-04-27-03-600x600.jpg\" itemprop=\"image\" title=\"\" style=\"background-image:url(https:\/\/www.movingfitnesswear.com\/catalogo\/wp-content\/uploads\/2026\/04\/branco-e-azul-top-bossa-dupla-face-branco-e-azul-2026-04-27-03-600x600.jpg)\"><img loading=\"lazy\" decoding=\"async\" src=\"https:\/\/www.movingfitnesswear.com\/catalogo\/wp-content\/uploads\/2026\/04\/branco-e-azul-top-bossa-dupla-face-branco-e-azul-2026-04-27-03-600x600.jpg\" width=\"600\" height=\"600\" \/><\/li><li data-thumb=\"https:\/\/www.movingfitnesswear.com\/catalogo\/wp-content\/uploads\/2026\/04\/branco-e-azul-top-bossa-dupla-face-branco-e-azul-2026-04-27-04-100x100.jpg\" data-src=\"https:\/\/www.movingfitnesswear.com\/catalogo\/wp-content\/uploads\/2026\/04\/branco-e-azul-top-bossa-dupla-face-branco-e-azul-2026-04-27-04-600x600.jpg\" itemprop=\"image\" title=\"\" style=\"background-image:url(https:\/\/www.movingfitnesswear.com\/catalogo\/wp-content\/uploads\/2026\/04\/branco-e-azul-top-bossa-dupla-face-branco-e-azul-2026-04-27-04-600x600.jpg)\"><img loading=\"lazy\" decoding=\"async\" src=\"https:\/\/www.movingfitnesswear.com\/catalogo\/wp-content\/uploads\/2026\/04\/branco-e-azul-top-bossa-dupla-face-branco-e-azul-2026-04-27-04-600x600.jpg\" width=\"600\" height=\"600\" \/><\/li><li data-thumb=\"https:\/\/www.movingfitnesswear.com\/catalogo\/wp-content\/uploads\/2026\/04\/branco-e-azul-top-bossa-dupla-face-branco-e-azul-2026-04-27-05-100x100.jpg\" data-src=\"https:\/\/www.movingfitnesswear.com\/catalogo\/wp-content\/uploads\/2026\/04\/branco-e-azul-top-bossa-dupla-face-branco-e-azul-2026-04-27-05-600x600.jpg\" itemprop=\"image\" title=\"\" style=\"background-image:url(https:\/\/www.movingfitnesswear.com\/catalogo\/wp-content\/uploads\/2026\/04\/branco-e-azul-top-bossa-dupla-face-branco-e-azul-2026-04-27-05-600x600.jpg)\"><img loading=\"lazy\" decoding=\"async\" src=\"https:\/\/www.movingfitnesswear.com\/catalogo\/wp-content\/uploads\/2026\/04\/branco-e-azul-top-bossa-dupla-face-branco-e-azul-2026-04-27-05-600x600.jpg\" width=\"600\" height=\"600\" \/><\/li><li data-thumb=\"https:\/\/www.movingfitnesswear.com\/catalogo\/wp-content\/uploads\/2026\/04\/branco-e-azul-top-bossa-dupla-face-branco-e-azul-2026-04-27-06-100x100.jpg\" data-src=\"https:\/\/www.movingfitnesswear.com\/catalogo\/wp-content\/uploads\/2026\/04\/branco-e-azul-top-bossa-dupla-face-branco-e-azul-2026-04-27-06-600x600.jpg\" itemprop=\"image\" title=\"\" style=\"background-image:url(https:\/\/www.movingfitnesswear.com\/catalogo\/wp-content\/uploads\/2026\/04\/branco-e-azul-top-bossa-dupla-face-branco-e-azul-2026-04-27-06-600x600.jpg)\"><img loading=\"lazy\" decoding=\"async\" src=\"https:\/\/www.movingfitnesswear.com\/catalogo\/wp-content\/uploads\/2026\/04\/branco-e-azul-top-bossa-dupla-face-branco-e-azul-2026-04-27-06-600x600.jpg\" width=\"600\" height=\"600\" \/><\/li>\t<\/ul>\n\t\n<\/div> \n\t<div class=\"xt_wooqv-item-info\">\n    <div class=\"xt_wooqv-item-info-inner\">\n\n        <h1 class=\"product_title entry-title\">TOP BOSSA DUPLA-FACE BRANCO E AZUL<\/h1><p class=\"price\"><del aria-hidden=\"true\"><span class=\"woocommerce-Price-amount amount\"><bdi><span class=\"woocommerce-Price-currencySymbol\">&#82;&#36;<\/span>89,90<\/bdi><\/span><\/del> <span class=\"screen-reader-text\">O pre\u00e7o original era: &#082;&#036;89,90.<\/span><ins aria-hidden=\"true\"><span class=\"woocommerce-Price-amount amount\"><bdi><span class=\"woocommerce-Price-currencySymbol\">&#82;&#36;<\/span>44,95<\/bdi><\/span><\/ins><span class=\"screen-reader-text\">O pre\u00e7o atual \u00e9: &#082;&#036;44,95.<\/span><\/p>\n<div class=\"product_meta\">\n\n\t\n\t\n\t\t<span class=\"sku_wrapper\">SKU: <span class=\"sku\">TP7144<\/span><\/span>\n\n\t\n\t<span class=\"posted_in\">Categoria: <a href=\"https:\/\/www.movingfitnesswear.com\/catalogo\/catalog\/cat\/top-2\/\" rel=\"tag\">TOP<\/a><\/span>\n\t<span class=\"tagged_as\">Tag: <a href=\"https:\/\/www.movingfitnesswear.com\/catalogo\/catalog\/tag\/top-bossa-dupla-face-branco-e-azul\/\" rel=\"tag\">TOP BOSSA DUPLA-FACE BRANCO E AZUL<\/a><\/span>\n\t\n<\/div>\n\n<form class=\"variations_form cart\" action=\"https:\/\/www.movingfitnesswear.com\/catalogo\/catalog\/top-bossa-dupla-face-branco-e-azul\/\" method=\"post\" enctype='multipart\/form-data' data-product_id=\"65583\" data-product_variations=\"[{&quot;attributes&quot;:{&quot;attribute_pa_tamanho&quot;:&quot;p&quot;},&quot;availability_html&quot;:&quot;&quot;,&quot;backorders_allowed&quot;:false,&quot;dimensions&quot;:{&quot;length&quot;:&quot;&quot;,&quot;width&quot;:&quot;&quot;,&quot;height&quot;:&quot;&quot;},&quot;dimensions_html&quot;:&quot;N\\u00e3o aplic\\u00e1vel&quot;,&quot;display_price&quot;:44.95,&quot;display_regular_price&quot;:89.9,&quot;image&quot;:{&quot;title&quot;:&quot;branco-e-azul-top-bossa-dupla-face-branco-e-azul-2026-04-27-01&quot;,&quot;caption&quot;:&quot;&quot;,&quot;url&quot;:&quot;https:\\\/\\\/www.movingfitnesswear.com\\\/catalogo\\\/wp-content\\\/uploads\\\/2026\\\/04\\\/branco-e-azul-top-bossa-dupla-face-branco-e-azul-2026-04-27-01.jpg&quot;,&quot;alt&quot;:&quot;branco-e-azul-top-bossa-dupla-face-branco-e-azul-2026-04-27-01&quot;,&quot;src&quot;:&quot;https:\\\/\\\/www.movingfitnesswear.com\\\/catalogo\\\/wp-content\\\/uploads\\\/2026\\\/04\\\/branco-e-azul-top-bossa-dupla-face-branco-e-azul-2026-04-27-01-600x600.jpg&quot;,&quot;srcset&quot;:&quot;https:\\\/\\\/www.movingfitnesswear.com\\\/catalogo\\\/wp-content\\\/uploads\\\/2026\\\/04\\\/branco-e-azul-top-bossa-dupla-face-branco-e-azul-2026-04-27-01-600x600.jpg 600w, https:\\\/\\\/www.movingfitnesswear.com\\\/catalogo\\\/wp-content\\\/uploads\\\/2026\\\/04\\\/branco-e-azul-top-bossa-dupla-face-branco-e-azul-2026-04-27-01-375x375.jpg 375w, https:\\\/\\\/www.movingfitnesswear.com\\\/catalogo\\\/wp-content\\\/uploads\\\/2026\\\/04\\\/branco-e-azul-top-bossa-dupla-face-branco-e-azul-2026-04-27-01-100x100.jpg 100w, https:\\\/\\\/www.movingfitnesswear.com\\\/catalogo\\\/wp-content\\\/uploads\\\/2026\\\/04\\\/branco-e-azul-top-bossa-dupla-face-branco-e-azul-2026-04-27-01-64x64.jpg 64w, https:\\\/\\\/www.movingfitnesswear.com\\\/catalogo\\\/wp-content\\\/uploads\\\/2026\\\/04\\\/branco-e-azul-top-bossa-dupla-face-branco-e-azul-2026-04-27-01-300x300.jpg 300w, https:\\\/\\\/www.movingfitnesswear.com\\\/catalogo\\\/wp-content\\\/uploads\\\/2026\\\/04\\\/branco-e-azul-top-bossa-dupla-face-branco-e-azul-2026-04-27-01-1900x1900.jpg 1900w, https:\\\/\\\/www.movingfitnesswear.com\\\/catalogo\\\/wp-content\\\/uploads\\\/2026\\\/04\\\/branco-e-azul-top-bossa-dupla-face-branco-e-azul-2026-04-27-01-150x150.jpg 150w, https:\\\/\\\/www.movingfitnesswear.com\\\/catalogo\\\/wp-content\\\/uploads\\\/2026\\\/04\\\/branco-e-azul-top-bossa-dupla-face-branco-e-azul-2026-04-27-01-768x768.jpg 768w, https:\\\/\\\/www.movingfitnesswear.com\\\/catalogo\\\/wp-content\\\/uploads\\\/2026\\\/04\\\/branco-e-azul-top-bossa-dupla-face-branco-e-azul-2026-04-27-01-1536x1536.jpg 1536w, https:\\\/\\\/www.movingfitnesswear.com\\\/catalogo\\\/wp-content\\\/uploads\\\/2026\\\/04\\\/branco-e-azul-top-bossa-dupla-face-branco-e-azul-2026-04-27-01-2048x2048.jpg 2048w&quot;,&quot;sizes&quot;:&quot;(max-width: 600px) 100vw, 600px&quot;,&quot;full_src&quot;:&quot;https:\\\/\\\/www.movingfitnesswear.com\\\/catalogo\\\/wp-content\\\/uploads\\\/2026\\\/04\\\/branco-e-azul-top-bossa-dupla-face-branco-e-azul-2026-04-27-01.jpg&quot;,&quot;full_src_w&quot;:2500,&quot;full_src_h&quot;:2500,&quot;gallery_thumbnail_src&quot;:&quot;https:\\\/\\\/www.movingfitnesswear.com\\\/catalogo\\\/wp-content\\\/uploads\\\/2026\\\/04\\\/branco-e-azul-top-bossa-dupla-face-branco-e-azul-2026-04-27-01-100x100.jpg&quot;,&quot;gallery_thumbnail_src_w&quot;:100,&quot;gallery_thumbnail_src_h&quot;:100,&quot;thumb_src&quot;:&quot;https:\\\/\\\/www.movingfitnesswear.com\\\/catalogo\\\/wp-content\\\/uploads\\\/2026\\\/04\\\/branco-e-azul-top-bossa-dupla-face-branco-e-azul-2026-04-27-01-375x375.jpg&quot;,&quot;thumb_src_w&quot;:375,&quot;thumb_src_h&quot;:375,&quot;src_w&quot;:600,&quot;src_h&quot;:600},&quot;image_id&quot;:65541,&quot;is_downloadable&quot;:false,&quot;is_in_stock&quot;:true,&quot;is_purchasable&quot;:true,&quot;is_sold_individually&quot;:&quot;no&quot;,&quot;is_virtual&quot;:false,&quot;max_qty&quot;:&quot;&quot;,&quot;min_qty&quot;:1,&quot;price_html&quot;:&quot;&quot;,&quot;sku&quot;:&quot;TP7144AZP&quot;,&quot;variation_description&quot;:&quot;&quot;,&quot;variation_id&quot;:65584,&quot;variation_is_active&quot;:true,&quot;variation_is_visible&quot;:true,&quot;weight&quot;:&quot;&quot;,&quot;weight_html&quot;:&quot;N\\u00e3o aplic\\u00e1vel&quot;},{&quot;attributes&quot;:{&quot;attribute_pa_tamanho&quot;:&quot;m&quot;},&quot;availability_html&quot;:&quot;&quot;,&quot;backorders_allowed&quot;:false,&quot;dimensions&quot;:{&quot;length&quot;:&quot;&quot;,&quot;width&quot;:&quot;&quot;,&quot;height&quot;:&quot;&quot;},&quot;dimensions_html&quot;:&quot;N\\u00e3o aplic\\u00e1vel&quot;,&quot;display_price&quot;:44.95,&quot;display_regular_price&quot;:89.9,&quot;image&quot;:{&quot;title&quot;:&quot;branco-e-azul-top-bossa-dupla-face-branco-e-azul-2026-04-27-01&quot;,&quot;caption&quot;:&quot;&quot;,&quot;url&quot;:&quot;https:\\\/\\\/www.movingfitnesswear.com\\\/catalogo\\\/wp-content\\\/uploads\\\/2026\\\/04\\\/branco-e-azul-top-bossa-dupla-face-branco-e-azul-2026-04-27-01.jpg&quot;,&quot;alt&quot;:&quot;branco-e-azul-top-bossa-dupla-face-branco-e-azul-2026-04-27-01&quot;,&quot;src&quot;:&quot;https:\\\/\\\/www.movingfitnesswear.com\\\/catalogo\\\/wp-content\\\/uploads\\\/2026\\\/04\\\/branco-e-azul-top-bossa-dupla-face-branco-e-azul-2026-04-27-01-600x600.jpg&quot;,&quot;srcset&quot;:&quot;https:\\\/\\\/www.movingfitnesswear.com\\\/catalogo\\\/wp-content\\\/uploads\\\/2026\\\/04\\\/branco-e-azul-top-bossa-dupla-face-branco-e-azul-2026-04-27-01-600x600.jpg 600w, https:\\\/\\\/www.movingfitnesswear.com\\\/catalogo\\\/wp-content\\\/uploads\\\/2026\\\/04\\\/branco-e-azul-top-bossa-dupla-face-branco-e-azul-2026-04-27-01-375x375.jpg 375w, https:\\\/\\\/www.movingfitnesswear.com\\\/catalogo\\\/wp-content\\\/uploads\\\/2026\\\/04\\\/branco-e-azul-top-bossa-dupla-face-branco-e-azul-2026-04-27-01-100x100.jpg 100w, https:\\\/\\\/www.movingfitnesswear.com\\\/catalogo\\\/wp-content\\\/uploads\\\/2026\\\/04\\\/branco-e-azul-top-bossa-dupla-face-branco-e-azul-2026-04-27-01-64x64.jpg 64w, https:\\\/\\\/www.movingfitnesswear.com\\\/catalogo\\\/wp-content\\\/uploads\\\/2026\\\/04\\\/branco-e-azul-top-bossa-dupla-face-branco-e-azul-2026-04-27-01-300x300.jpg 300w, https:\\\/\\\/www.movingfitnesswear.com\\\/catalogo\\\/wp-content\\\/uploads\\\/2026\\\/04\\\/branco-e-azul-top-bossa-dupla-face-branco-e-azul-2026-04-27-01-1900x1900.jpg 1900w, https:\\\/\\\/www.movingfitnesswear.com\\\/catalogo\\\/wp-content\\\/uploads\\\/2026\\\/04\\\/branco-e-azul-top-bossa-dupla-face-branco-e-azul-2026-04-27-01-150x150.jpg 150w, https:\\\/\\\/www.movingfitnesswear.com\\\/catalogo\\\/wp-content\\\/uploads\\\/2026\\\/04\\\/branco-e-azul-top-bossa-dupla-face-branco-e-azul-2026-04-27-01-768x768.jpg 768w, https:\\\/\\\/www.movingfitnesswear.com\\\/catalogo\\\/wp-content\\\/uploads\\\/2026\\\/04\\\/branco-e-azul-top-bossa-dupla-face-branco-e-azul-2026-04-27-01-1536x1536.jpg 1536w, https:\\\/\\\/www.movingfitnesswear.com\\\/catalogo\\\/wp-content\\\/uploads\\\/2026\\\/04\\\/branco-e-azul-top-bossa-dupla-face-branco-e-azul-2026-04-27-01-2048x2048.jpg 2048w&quot;,&quot;sizes&quot;:&quot;(max-width: 600px) 100vw, 600px&quot;,&quot;full_src&quot;:&quot;https:\\\/\\\/www.movingfitnesswear.com\\\/catalogo\\\/wp-content\\\/uploads\\\/2026\\\/04\\\/branco-e-azul-top-bossa-dupla-face-branco-e-azul-2026-04-27-01.jpg&quot;,&quot;full_src_w&quot;:2500,&quot;full_src_h&quot;:2500,&quot;gallery_thumbnail_src&quot;:&quot;https:\\\/\\\/www.movingfitnesswear.com\\\/catalogo\\\/wp-content\\\/uploads\\\/2026\\\/04\\\/branco-e-azul-top-bossa-dupla-face-branco-e-azul-2026-04-27-01-100x100.jpg&quot;,&quot;gallery_thumbnail_src_w&quot;:100,&quot;gallery_thumbnail_src_h&quot;:100,&quot;thumb_src&quot;:&quot;https:\\\/\\\/www.movingfitnesswear.com\\\/catalogo\\\/wp-content\\\/uploads\\\/2026\\\/04\\\/branco-e-azul-top-bossa-dupla-face-branco-e-azul-2026-04-27-01-375x375.jpg&quot;,&quot;thumb_src_w&quot;:375,&quot;thumb_src_h&quot;:375,&quot;src_w&quot;:600,&quot;src_h&quot;:600},&quot;image_id&quot;:65541,&quot;is_downloadable&quot;:false,&quot;is_in_stock&quot;:true,&quot;is_purchasable&quot;:true,&quot;is_sold_individually&quot;:&quot;no&quot;,&quot;is_virtual&quot;:false,&quot;max_qty&quot;:&quot;&quot;,&quot;min_qty&quot;:1,&quot;price_html&quot;:&quot;&quot;,&quot;sku&quot;:&quot;TP7144AZM&quot;,&quot;variation_description&quot;:&quot;&quot;,&quot;variation_id&quot;:65585,&quot;variation_is_active&quot;:true,&quot;variation_is_visible&quot;:true,&quot;weight&quot;:&quot;&quot;,&quot;weight_html&quot;:&quot;N\\u00e3o aplic\\u00e1vel&quot;},{&quot;attributes&quot;:{&quot;attribute_pa_tamanho&quot;:&quot;g&quot;},&quot;availability_html&quot;:&quot;&lt;p class=\\&quot;stock out-of-stock\\&quot;&gt;Fora de estoque&lt;\\\/p&gt;\\n&quot;,&quot;backorders_allowed&quot;:false,&quot;dimensions&quot;:{&quot;length&quot;:&quot;&quot;,&quot;width&quot;:&quot;&quot;,&quot;height&quot;:&quot;&quot;},&quot;dimensions_html&quot;:&quot;N\\u00e3o aplic\\u00e1vel&quot;,&quot;display_price&quot;:44.95,&quot;display_regular_price&quot;:89.9,&quot;image&quot;:{&quot;title&quot;:&quot;branco-e-azul-top-bossa-dupla-face-branco-e-azul-2026-04-27-01&quot;,&quot;caption&quot;:&quot;&quot;,&quot;url&quot;:&quot;https:\\\/\\\/www.movingfitnesswear.com\\\/catalogo\\\/wp-content\\\/uploads\\\/2026\\\/04\\\/branco-e-azul-top-bossa-dupla-face-branco-e-azul-2026-04-27-01.jpg&quot;,&quot;alt&quot;:&quot;branco-e-azul-top-bossa-dupla-face-branco-e-azul-2026-04-27-01&quot;,&quot;src&quot;:&quot;https:\\\/\\\/www.movingfitnesswear.com\\\/catalogo\\\/wp-content\\\/uploads\\\/2026\\\/04\\\/branco-e-azul-top-bossa-dupla-face-branco-e-azul-2026-04-27-01-600x600.jpg&quot;,&quot;srcset&quot;:&quot;https:\\\/\\\/www.movingfitnesswear.com\\\/catalogo\\\/wp-content\\\/uploads\\\/2026\\\/04\\\/branco-e-azul-top-bossa-dupla-face-branco-e-azul-2026-04-27-01-600x600.jpg 600w, https:\\\/\\\/www.movingfitnesswear.com\\\/catalogo\\\/wp-content\\\/uploads\\\/2026\\\/04\\\/branco-e-azul-top-bossa-dupla-face-branco-e-azul-2026-04-27-01-375x375.jpg 375w, https:\\\/\\\/www.movingfitnesswear.com\\\/catalogo\\\/wp-content\\\/uploads\\\/2026\\\/04\\\/branco-e-azul-top-bossa-dupla-face-branco-e-azul-2026-04-27-01-100x100.jpg 100w, https:\\\/\\\/www.movingfitnesswear.com\\\/catalogo\\\/wp-content\\\/uploads\\\/2026\\\/04\\\/branco-e-azul-top-bossa-dupla-face-branco-e-azul-2026-04-27-01-64x64.jpg 64w, https:\\\/\\\/www.movingfitnesswear.com\\\/catalogo\\\/wp-content\\\/uploads\\\/2026\\\/04\\\/branco-e-azul-top-bossa-dupla-face-branco-e-azul-2026-04-27-01-300x300.jpg 300w, https:\\\/\\\/www.movingfitnesswear.com\\\/catalogo\\\/wp-content\\\/uploads\\\/2026\\\/04\\\/branco-e-azul-top-bossa-dupla-face-branco-e-azul-2026-04-27-01-1900x1900.jpg 1900w, https:\\\/\\\/www.movingfitnesswear.com\\\/catalogo\\\/wp-content\\\/uploads\\\/2026\\\/04\\\/branco-e-azul-top-bossa-dupla-face-branco-e-azul-2026-04-27-01-150x150.jpg 150w, https:\\\/\\\/www.movingfitnesswear.com\\\/catalogo\\\/wp-content\\\/uploads\\\/2026\\\/04\\\/branco-e-azul-top-bossa-dupla-face-branco-e-azul-2026-04-27-01-768x768.jpg 768w, https:\\\/\\\/www.movingfitnesswear.com\\\/catalogo\\\/wp-content\\\/uploads\\\/2026\\\/04\\\/branco-e-azul-top-bossa-dupla-face-branco-e-azul-2026-04-27-01-1536x1536.jpg 1536w, https:\\\/\\\/www.movingfitnesswear.com\\\/catalogo\\\/wp-content\\\/uploads\\\/2026\\\/04\\\/branco-e-azul-top-bossa-dupla-face-branco-e-azul-2026-04-27-01-2048x2048.jpg 2048w&quot;,&quot;sizes&quot;:&quot;(max-width: 600px) 100vw, 600px&quot;,&quot;full_src&quot;:&quot;https:\\\/\\\/www.movingfitnesswear.com\\\/catalogo\\\/wp-content\\\/uploads\\\/2026\\\/04\\\/branco-e-azul-top-bossa-dupla-face-branco-e-azul-2026-04-27-01.jpg&quot;,&quot;full_src_w&quot;:2500,&quot;full_src_h&quot;:2500,&quot;gallery_thumbnail_src&quot;:&quot;https:\\\/\\\/www.movingfitnesswear.com\\\/catalogo\\\/wp-content\\\/uploads\\\/2026\\\/04\\\/branco-e-azul-top-bossa-dupla-face-branco-e-azul-2026-04-27-01-100x100.jpg&quot;,&quot;gallery_thumbnail_src_w&quot;:100,&quot;gallery_thumbnail_src_h&quot;:100,&quot;thumb_src&quot;:&quot;https:\\\/\\\/www.movingfitnesswear.com\\\/catalogo\\\/wp-content\\\/uploads\\\/2026\\\/04\\\/branco-e-azul-top-bossa-dupla-face-branco-e-azul-2026-04-27-01-375x375.jpg&quot;,&quot;thumb_src_w&quot;:375,&quot;thumb_src_h&quot;:375,&quot;src_w&quot;:600,&quot;src_h&quot;:600},&quot;image_id&quot;:65541,&quot;is_downloadable&quot;:false,&quot;is_in_stock&quot;:false,&quot;is_purchasable&quot;:true,&quot;is_sold_individually&quot;:&quot;no&quot;,&quot;is_virtual&quot;:false,&quot;max_qty&quot;:&quot;&quot;,&quot;min_qty&quot;:1,&quot;price_html&quot;:&quot;&quot;,&quot;sku&quot;:&quot;TP7144AZG&quot;,&quot;variation_description&quot;:&quot;&quot;,&quot;variation_id&quot;:65586,&quot;variation_is_active&quot;:true,&quot;variation_is_visible&quot;:true,&quot;weight&quot;:&quot;&quot;,&quot;weight_html&quot;:&quot;N\\u00e3o aplic\\u00e1vel&quot;}]\">\n\t\n\t\t\t<table class=\"variations\" cellspacing=\"0\" role=\"presentation\">\n\t\t\t<tbody>\n\t\t\t\t\t\t\t\t\t<tr>\n\t\t\t\t\t\t<th class=\"label\"><label for=\"pa_tamanho\">Tamanho<\/label><\/th>\n\t\t\t\t\t\t<td class=\"value\">\n\t\t\t\t\t\t\t<select id=\"pa_tamanho\" class=\"\" name=\"attribute_pa_tamanho\" data-attribute_name=\"attribute_pa_tamanho\" data-show_option_none=\"yes\"><option value=\"\">Escolha uma op\u00e7\u00e3o<\/option><option value=\"g\" >G<\/option><option value=\"m\"  selected='selected'>M<\/option><option value=\"p\" >P<\/option><\/select><a class=\"reset_variations\" href=\"#\" aria-label=\"Limpar op\u00e7\u00f5es\">Limpar<\/a>\t\t\t\t\t\t<\/td>\n\t\t\t\t\t<\/tr>\n\t\t\t\t\t\t\t<\/tbody>\n\t\t<\/table>\n\t\t<div class=\"reset_variations_alert screen-reader-text\" role=\"alert\" aria-live=\"polite\" aria-relevant=\"all\"><\/div>\n\t\t\n\t\t<div class=\"single_variation_wrap\">\n\t\t\t<div class=\"woocommerce-variation single_variation\" role=\"alert\" aria-relevant=\"additions\"><\/div><div class=\"woocommerce-variation-add-to-cart variations_button\">\n\t\n\t<div class=\"quantity\">\n\t\t<label class=\"screen-reader-text\" for=\"quantity_69f16c3b70fe1\">TOP BOSSA DUPLA-FACE BRANCO E AZUL quantidade<\/label>\n\t<input\n\t\ttype=\"number\"\n\t\t\t\tid=\"quantity_69f16c3b70fe1\"\n\t\tclass=\"input-text qty text\"\n\t\tname=\"quantity\"\n\t\tvalue=\"1\"\n\t\taria-label=\"Quantidade de produto\"\n\t\t\t\tmin=\"1\"\n\t\t\t\t\t\t\tstep=\"1\"\n\t\t\tplaceholder=\"\"\n\t\t\tinputmode=\"numeric\"\n\t\t\tautocomplete=\"off\"\n\t\t\t\/>\n\t<\/div>\n\n\t<button type=\"submit\" class=\"single_add_to_cart_button button alt\">Adicionar ao carrinho<\/button>\n\n\t        <button type=\"button\" class=\"xt_wooqv-button xt_wooqv-more-info button\" onclick=\"location.href='https:\/\/www.movingfitnesswear.com\/catalogo\/catalog\/top-bossa-dupla-face-branco-e-azul\/'\">More info<\/button>\n        \n\t<input type=\"hidden\" name=\"add-to-cart\" value=\"65583\" \/>\n\t<input type=\"hidden\" name=\"product_id\" value=\"65583\" \/>\n\t<input type=\"hidden\" name=\"variation_id\" class=\"variation_id\" value=\"0\" \/>\n<\/div>\n\t\t<\/div>\n\t\n\t<\/form>\n\n\n    <\/div>\n<\/div>\n\t\n\t<div class=\"info-produto hidden\"><small class=\"attr attr-product-id\">65583<\/small><small class=\"attr attr-product-regular-price\"><\/small><small class=\"attr attr-product-sale-price\"><\/small><\/div>\n<\/div>\n\n<\/template><\/a><\/span><a href=\"https:\/\/www.movingfitnesswear.com\/catalogo\/catalog\/top-bossa-dupla-face-branco-e-azul\/\" aria-describedby=\"woocommerce_loop_add_to_cart_link_describedby_65583\" data-quantity=\"1\" class=\"button product_type_variable add_to_cart_button\" data-product_id=\"65583\" data-product_sku=\"TP7144\" aria-label=\"Selecione as op\u00e7\u00f5es para &ldquo;TOP BOSSA DUPLA-FACE BRANCO E AZUL&rdquo;\" rel=\"nofollow\">Ver op\u00e7\u00f5es<\/a>\t<span id=\"woocommerce_loop_add_to_cart_link_describedby_65583\" class=\"screen-reader-text\">\n\t\tEste produto tem v\u00e1rias variantes. As op\u00e7\u00f5es podem ser escolhidas na p\u00e1gina do produto\t<\/span>\n<\/li>\n<li class=\"sales-flash-overlay woocommerce-text-align-center woocommerce-image-align-center do-quantity-buttons wc-has-gallery xt_wooqv-pos-before product type-product post-65591 status-publish last instock product_cat-camiseta product_tag-camiseta-ipanema-dupla-face-verde-e-amarelo has-post-thumbnail sale shipping-taxable purchasable product-type-variable has-default-attributes\">\n\t<a href=\"https:\/\/www.movingfitnesswear.com\/catalogo\/catalog\/camiseta-ipanema-dupla-face-verde-e-amarelo\/\" class=\"woocommerce-LoopProduct-link woocommerce-loop-product__link\"><div class=\"xtfw-wc-product-image xt_wooqv-image-wrapper\">\n\t<span class=\"onsale\">Oferta!<\/span>\n\t<img loading=\"lazy\" decoding=\"async\" width=\"375\" height=\"375\" src=\"https:\/\/www.movingfitnesswear.com\/catalogo\/wp-content\/uploads\/2026\/04\/verde-e-amarelo-camiseta-ipanema-dupla-face-verde-e-amarelo-2026-04-27-01-375x375.jpg\" class=\"attachment-woocommerce_thumbnail size-woocommerce_thumbnail\" alt=\"CAMISETA IPANEMA DUPLA-FACE VERDE E AMARELO\" srcset=\"https:\/\/www.movingfitnesswear.com\/catalogo\/wp-content\/uploads\/2026\/04\/verde-e-amarelo-camiseta-ipanema-dupla-face-verde-e-amarelo-2026-04-27-01-375x375.jpg 375w, https:\/\/www.movingfitnesswear.com\/catalogo\/wp-content\/uploads\/2026\/04\/verde-e-amarelo-camiseta-ipanema-dupla-face-verde-e-amarelo-2026-04-27-01-100x100.jpg 100w, https:\/\/www.movingfitnesswear.com\/catalogo\/wp-content\/uploads\/2026\/04\/verde-e-amarelo-camiseta-ipanema-dupla-face-verde-e-amarelo-2026-04-27-01-600x600.jpg 600w, https:\/\/www.movingfitnesswear.com\/catalogo\/wp-content\/uploads\/2026\/04\/verde-e-amarelo-camiseta-ipanema-dupla-face-verde-e-amarelo-2026-04-27-01-64x64.jpg 64w, https:\/\/www.movingfitnesswear.com\/catalogo\/wp-content\/uploads\/2026\/04\/verde-e-amarelo-camiseta-ipanema-dupla-face-verde-e-amarelo-2026-04-27-01-300x300.jpg 300w, https:\/\/www.movingfitnesswear.com\/catalogo\/wp-content\/uploads\/2026\/04\/verde-e-amarelo-camiseta-ipanema-dupla-face-verde-e-amarelo-2026-04-27-01-1900x1900.jpg 1900w, https:\/\/www.movingfitnesswear.com\/catalogo\/wp-content\/uploads\/2026\/04\/verde-e-amarelo-camiseta-ipanema-dupla-face-verde-e-amarelo-2026-04-27-01-150x150.jpg 150w, https:\/\/www.movingfitnesswear.com\/catalogo\/wp-content\/uploads\/2026\/04\/verde-e-amarelo-camiseta-ipanema-dupla-face-verde-e-amarelo-2026-04-27-01-768x768.jpg 768w, https:\/\/www.movingfitnesswear.com\/catalogo\/wp-content\/uploads\/2026\/04\/verde-e-amarelo-camiseta-ipanema-dupla-face-verde-e-amarelo-2026-04-27-01-1536x1536.jpg 1536w, https:\/\/www.movingfitnesswear.com\/catalogo\/wp-content\/uploads\/2026\/04\/verde-e-amarelo-camiseta-ipanema-dupla-face-verde-e-amarelo-2026-04-27-01-2048x2048.jpg 2048w\" sizes=\"auto, (max-width: 375px) 100vw, 375px\" \/><img loading=\"lazy\" decoding=\"async\" width=\"2500\" height=\"2500\" src=\"https:\/\/www.movingfitnesswear.com\/catalogo\/wp-content\/uploads\/2026\/04\/verde-e-amarelo-camiseta-ipanema-dupla-face-verde-e-amarelo-2026-04-27-02.jpg\" class=\"secondary-image attachment-shop-catalog\" alt=\"\" srcset=\"https:\/\/www.movingfitnesswear.com\/catalogo\/wp-content\/uploads\/2026\/04\/verde-e-amarelo-camiseta-ipanema-dupla-face-verde-e-amarelo-2026-04-27-02.jpg 2500w, https:\/\/www.movingfitnesswear.com\/catalogo\/wp-content\/uploads\/2026\/04\/verde-e-amarelo-camiseta-ipanema-dupla-face-verde-e-amarelo-2026-04-27-02-375x375.jpg 375w, https:\/\/www.movingfitnesswear.com\/catalogo\/wp-content\/uploads\/2026\/04\/verde-e-amarelo-camiseta-ipanema-dupla-face-verde-e-amarelo-2026-04-27-02-100x100.jpg 100w, https:\/\/www.movingfitnesswear.com\/catalogo\/wp-content\/uploads\/2026\/04\/verde-e-amarelo-camiseta-ipanema-dupla-face-verde-e-amarelo-2026-04-27-02-600x600.jpg 600w, https:\/\/www.movingfitnesswear.com\/catalogo\/wp-content\/uploads\/2026\/04\/verde-e-amarelo-camiseta-ipanema-dupla-face-verde-e-amarelo-2026-04-27-02-64x64.jpg 64w, https:\/\/www.movingfitnesswear.com\/catalogo\/wp-content\/uploads\/2026\/04\/verde-e-amarelo-camiseta-ipanema-dupla-face-verde-e-amarelo-2026-04-27-02-300x300.jpg 300w, https:\/\/www.movingfitnesswear.com\/catalogo\/wp-content\/uploads\/2026\/04\/verde-e-amarelo-camiseta-ipanema-dupla-face-verde-e-amarelo-2026-04-27-02-1900x1900.jpg 1900w, https:\/\/www.movingfitnesswear.com\/catalogo\/wp-content\/uploads\/2026\/04\/verde-e-amarelo-camiseta-ipanema-dupla-face-verde-e-amarelo-2026-04-27-02-150x150.jpg 150w, https:\/\/www.movingfitnesswear.com\/catalogo\/wp-content\/uploads\/2026\/04\/verde-e-amarelo-camiseta-ipanema-dupla-face-verde-e-amarelo-2026-04-27-02-768x768.jpg 768w, https:\/\/www.movingfitnesswear.com\/catalogo\/wp-content\/uploads\/2026\/04\/verde-e-amarelo-camiseta-ipanema-dupla-face-verde-e-amarelo-2026-04-27-02-1536x1536.jpg 1536w, https:\/\/www.movingfitnesswear.com\/catalogo\/wp-content\/uploads\/2026\/04\/verde-e-amarelo-camiseta-ipanema-dupla-face-verde-e-amarelo-2026-04-27-02-2048x2048.jpg 2048w\" sizes=\"auto, (max-width: 2500px) 100vw, 2500px\" \/><\/div><h2 class=\"woocommerce-loop-product__title\">CAMISETA IPANEMA DUPLA-FACE VERDE E AMARELO<\/h2>\n\t<span class=\"price\"><del aria-hidden=\"true\"><span class=\"woocommerce-Price-amount amount\"><bdi><span class=\"woocommerce-Price-currencySymbol\">&#82;&#36;<\/span>109,90<\/bdi><\/span><\/del> <span class=\"screen-reader-text\">O pre\u00e7o original era: &#082;&#036;109,90.<\/span><ins aria-hidden=\"true\"><span class=\"woocommerce-Price-amount amount\"><bdi><span class=\"woocommerce-Price-currencySymbol\">&#82;&#36;<\/span>54,95<\/bdi><\/span><\/ins><span class=\"screen-reader-text\">O pre\u00e7o atual \u00e9: &#082;&#036;54,95.<\/span><\/span>\n<div class=\"info-produto hidden\"><small class=\"attr attr-product-id\">65591<\/small><small class=\"attr attr-product-regular-price\"><\/small><small class=\"attr attr-product-sale-price\"><\/small><\/div><\/a><span class=\"xt_wooqv-show-on-all\"><a \n\t\t    href=\"#\" \n\t\t    class=\"xt_wooqv-trigger button alt  xt_wooqv-before xt_wooqv-icontype-font\" \n\t\t    data-uniqid=\"69f16c3b767e7\"\n\t\t    data-id=\"65591\" \n\t\t    data-variation=\"65593\" \n\t\t    data-url=\"https:\/\/www.movingfitnesswear.com\/catalogo\/catalog\/camiseta-ipanema-dupla-face-verde-e-amarelo\/\"\n        ><span class=\"xt_wooqv-trigger-icon\"><\/span><span>Quick View<\/span><template id=\"xt_wooqv-quickview-69f16c3b767e7\" class=\"xt_wooqv-template\">\n<div id=\"xt_wooqv-product-65591\" class=\"product xt_wooqv-product post-65591 type-product status-publish has-post-thumbnail product_cat-camiseta product_tag-camiseta-ipanema-dupla-face-verde-e-amarelo  sales-flash-overlay woocommerce-text-align-center wc-related-upsell-columns-4 wc-related-upsell-tablet-columns-2 wc-related-upsell-mobile-columns-1 do-quantity-buttons wc-has-gallery xt_wooqv-pos-before first instock sale shipping-taxable purchasable product-type-variable has-default-attributes\">\n\n    <span class=\"xt_wooqv-close-icon xt_wooqv-close-icon-desktop xt_wooqvicon-cancel-4\"><\/span>\n    <span class=\"xt_wooqv-close-icon xt_wooqv-close-icon-mobile xt_wooqvicon-cancel-4\"><\/span>\n\t\n<div class=\"xt_wooqv-slider-wrapper\" data-attachments=\"6\">\n\n\t<ul class=\"xt_wooqv-slider\">\n\t\t<li data-thumb=\"https:\/\/www.movingfitnesswear.com\/catalogo\/wp-content\/uploads\/2026\/04\/verde-e-amarelo-camiseta-ipanema-dupla-face-verde-e-amarelo-2026-04-27-01-100x100.jpg\" data-src=\"https:\/\/www.movingfitnesswear.com\/catalogo\/wp-content\/uploads\/2026\/04\/verde-e-amarelo-camiseta-ipanema-dupla-face-verde-e-amarelo-2026-04-27-01-600x600.jpg\" itemprop=\"image\" title=\"\" style=\"background-image:url(https:\/\/www.movingfitnesswear.com\/catalogo\/wp-content\/uploads\/2026\/04\/verde-e-amarelo-camiseta-ipanema-dupla-face-verde-e-amarelo-2026-04-27-01-600x600.jpg)\"><img loading=\"lazy\" decoding=\"async\" src=\"https:\/\/www.movingfitnesswear.com\/catalogo\/wp-content\/uploads\/2026\/04\/verde-e-amarelo-camiseta-ipanema-dupla-face-verde-e-amarelo-2026-04-27-01-600x600.jpg\" width=\"600\" height=\"600\" \/><\/li><li data-thumb=\"https:\/\/www.movingfitnesswear.com\/catalogo\/wp-content\/uploads\/2026\/04\/verde-e-amarelo-camiseta-ipanema-dupla-face-verde-e-amarelo-2026-04-27-02-100x100.jpg\" data-src=\"https:\/\/www.movingfitnesswear.com\/catalogo\/wp-content\/uploads\/2026\/04\/verde-e-amarelo-camiseta-ipanema-dupla-face-verde-e-amarelo-2026-04-27-02-600x600.jpg\" itemprop=\"image\" title=\"\" style=\"background-image:url(https:\/\/www.movingfitnesswear.com\/catalogo\/wp-content\/uploads\/2026\/04\/verde-e-amarelo-camiseta-ipanema-dupla-face-verde-e-amarelo-2026-04-27-02-600x600.jpg)\"><img loading=\"lazy\" decoding=\"async\" src=\"https:\/\/www.movingfitnesswear.com\/catalogo\/wp-content\/uploads\/2026\/04\/verde-e-amarelo-camiseta-ipanema-dupla-face-verde-e-amarelo-2026-04-27-02-600x600.jpg\" width=\"600\" height=\"600\" \/><\/li><li data-thumb=\"https:\/\/www.movingfitnesswear.com\/catalogo\/wp-content\/uploads\/2026\/04\/verde-e-amarelo-camiseta-ipanema-dupla-face-verde-e-amarelo-2026-04-27-03-100x100.jpg\" data-src=\"https:\/\/www.movingfitnesswear.com\/catalogo\/wp-content\/uploads\/2026\/04\/verde-e-amarelo-camiseta-ipanema-dupla-face-verde-e-amarelo-2026-04-27-03-600x600.jpg\" itemprop=\"image\" title=\"\" style=\"background-image:url(https:\/\/www.movingfitnesswear.com\/catalogo\/wp-content\/uploads\/2026\/04\/verde-e-amarelo-camiseta-ipanema-dupla-face-verde-e-amarelo-2026-04-27-03-600x600.jpg)\"><img loading=\"lazy\" decoding=\"async\" src=\"https:\/\/www.movingfitnesswear.com\/catalogo\/wp-content\/uploads\/2026\/04\/verde-e-amarelo-camiseta-ipanema-dupla-face-verde-e-amarelo-2026-04-27-03-600x600.jpg\" width=\"600\" height=\"600\" \/><\/li><li data-thumb=\"https:\/\/www.movingfitnesswear.com\/catalogo\/wp-content\/uploads\/2026\/04\/verde-e-amarelo-camiseta-ipanema-dupla-face-verde-e-amarelo-2026-04-27-04-100x100.jpg\" data-src=\"https:\/\/www.movingfitnesswear.com\/catalogo\/wp-content\/uploads\/2026\/04\/verde-e-amarelo-camiseta-ipanema-dupla-face-verde-e-amarelo-2026-04-27-04-600x600.jpg\" itemprop=\"image\" title=\"\" style=\"background-image:url(https:\/\/www.movingfitnesswear.com\/catalogo\/wp-content\/uploads\/2026\/04\/verde-e-amarelo-camiseta-ipanema-dupla-face-verde-e-amarelo-2026-04-27-04-600x600.jpg)\"><img loading=\"lazy\" decoding=\"async\" src=\"https:\/\/www.movingfitnesswear.com\/catalogo\/wp-content\/uploads\/2026\/04\/verde-e-amarelo-camiseta-ipanema-dupla-face-verde-e-amarelo-2026-04-27-04-600x600.jpg\" width=\"600\" height=\"600\" \/><\/li><li data-thumb=\"https:\/\/www.movingfitnesswear.com\/catalogo\/wp-content\/uploads\/2026\/04\/verde-e-amarelo-camiseta-ipanema-dupla-face-verde-e-amarelo-2026-04-27-05-100x100.jpg\" data-src=\"https:\/\/www.movingfitnesswear.com\/catalogo\/wp-content\/uploads\/2026\/04\/verde-e-amarelo-camiseta-ipanema-dupla-face-verde-e-amarelo-2026-04-27-05-600x600.jpg\" itemprop=\"image\" title=\"\" style=\"background-image:url(https:\/\/www.movingfitnesswear.com\/catalogo\/wp-content\/uploads\/2026\/04\/verde-e-amarelo-camiseta-ipanema-dupla-face-verde-e-amarelo-2026-04-27-05-600x600.jpg)\"><img loading=\"lazy\" decoding=\"async\" src=\"https:\/\/www.movingfitnesswear.com\/catalogo\/wp-content\/uploads\/2026\/04\/verde-e-amarelo-camiseta-ipanema-dupla-face-verde-e-amarelo-2026-04-27-05-600x600.jpg\" width=\"600\" height=\"600\" \/><\/li><li data-thumb=\"https:\/\/www.movingfitnesswear.com\/catalogo\/wp-content\/uploads\/2026\/04\/verde-e-amarelo-camiseta-ipanema-dupla-face-verde-e-amarelo-2026-04-27-06-100x100.jpg\" data-src=\"https:\/\/www.movingfitnesswear.com\/catalogo\/wp-content\/uploads\/2026\/04\/verde-e-amarelo-camiseta-ipanema-dupla-face-verde-e-amarelo-2026-04-27-06-600x600.jpg\" itemprop=\"image\" title=\"\" style=\"background-image:url(https:\/\/www.movingfitnesswear.com\/catalogo\/wp-content\/uploads\/2026\/04\/verde-e-amarelo-camiseta-ipanema-dupla-face-verde-e-amarelo-2026-04-27-06-600x600.jpg)\"><img loading=\"lazy\" decoding=\"async\" src=\"https:\/\/www.movingfitnesswear.com\/catalogo\/wp-content\/uploads\/2026\/04\/verde-e-amarelo-camiseta-ipanema-dupla-face-verde-e-amarelo-2026-04-27-06-600x600.jpg\" width=\"600\" height=\"600\" \/><\/li>\t<\/ul>\n\t\n<\/div> \n\t<div class=\"xt_wooqv-item-info\">\n    <div class=\"xt_wooqv-item-info-inner\">\n\n        <h1 class=\"product_title entry-title\">CAMISETA IPANEMA DUPLA-FACE VERDE E AMARELO<\/h1><p class=\"price\"><del aria-hidden=\"true\"><span class=\"woocommerce-Price-amount amount\"><bdi><span class=\"woocommerce-Price-currencySymbol\">&#82;&#36;<\/span>109,90<\/bdi><\/span><\/del> <span class=\"screen-reader-text\">O pre\u00e7o original era: &#082;&#036;109,90.<\/span><ins aria-hidden=\"true\"><span class=\"woocommerce-Price-amount amount\"><bdi><span class=\"woocommerce-Price-currencySymbol\">&#82;&#36;<\/span>54,95<\/bdi><\/span><\/ins><span class=\"screen-reader-text\">O pre\u00e7o atual \u00e9: &#082;&#036;54,95.<\/span><\/p>\n<div class=\"product_meta\">\n\n\t\n\t\n\t\t<span class=\"sku_wrapper\">SKU: <span class=\"sku\">CM7047<\/span><\/span>\n\n\t\n\t<span class=\"posted_in\">Categoria: <a href=\"https:\/\/www.movingfitnesswear.com\/catalogo\/catalog\/cat\/camiseta\/\" rel=\"tag\">CAMISETA<\/a><\/span>\n\t<span class=\"tagged_as\">Tag: <a href=\"https:\/\/www.movingfitnesswear.com\/catalogo\/catalog\/tag\/camiseta-ipanema-dupla-face-verde-e-amarelo\/\" rel=\"tag\">CAMISETA IPANEMA DUPLA-FACE VERDE E AMARELO<\/a><\/span>\n\t\n<\/div>\n\n<form class=\"variations_form cart\" action=\"https:\/\/www.movingfitnesswear.com\/catalogo\/catalog\/camiseta-ipanema-dupla-face-verde-e-amarelo\/\" method=\"post\" enctype='multipart\/form-data' data-product_id=\"65591\" data-product_variations=\"[{&quot;attributes&quot;:{&quot;attribute_pa_tamanho&quot;:&quot;p&quot;},&quot;availability_html&quot;:&quot;&quot;,&quot;backorders_allowed&quot;:false,&quot;dimensions&quot;:{&quot;length&quot;:&quot;&quot;,&quot;width&quot;:&quot;&quot;,&quot;height&quot;:&quot;&quot;},&quot;dimensions_html&quot;:&quot;N\\u00e3o aplic\\u00e1vel&quot;,&quot;display_price&quot;:54.95,&quot;display_regular_price&quot;:109.9,&quot;image&quot;:{&quot;title&quot;:&quot;verde-e-amarelo-camiseta-ipanema-dupla-face-verde-e-amarelo-2026-04-27-01&quot;,&quot;caption&quot;:&quot;&quot;,&quot;url&quot;:&quot;https:\\\/\\\/www.movingfitnesswear.com\\\/catalogo\\\/wp-content\\\/uploads\\\/2026\\\/04\\\/verde-e-amarelo-camiseta-ipanema-dupla-face-verde-e-amarelo-2026-04-27-01.jpg&quot;,&quot;alt&quot;:&quot;verde-e-amarelo-camiseta-ipanema-dupla-face-verde-e-amarelo-2026-04-27-01&quot;,&quot;src&quot;:&quot;https:\\\/\\\/www.movingfitnesswear.com\\\/catalogo\\\/wp-content\\\/uploads\\\/2026\\\/04\\\/verde-e-amarelo-camiseta-ipanema-dupla-face-verde-e-amarelo-2026-04-27-01-600x600.jpg&quot;,&quot;srcset&quot;:&quot;https:\\\/\\\/www.movingfitnesswear.com\\\/catalogo\\\/wp-content\\\/uploads\\\/2026\\\/04\\\/verde-e-amarelo-camiseta-ipanema-dupla-face-verde-e-amarelo-2026-04-27-01-600x600.jpg 600w, https:\\\/\\\/www.movingfitnesswear.com\\\/catalogo\\\/wp-content\\\/uploads\\\/2026\\\/04\\\/verde-e-amarelo-camiseta-ipanema-dupla-face-verde-e-amarelo-2026-04-27-01-375x375.jpg 375w, https:\\\/\\\/www.movingfitnesswear.com\\\/catalogo\\\/wp-content\\\/uploads\\\/2026\\\/04\\\/verde-e-amarelo-camiseta-ipanema-dupla-face-verde-e-amarelo-2026-04-27-01-100x100.jpg 100w, https:\\\/\\\/www.movingfitnesswear.com\\\/catalogo\\\/wp-content\\\/uploads\\\/2026\\\/04\\\/verde-e-amarelo-camiseta-ipanema-dupla-face-verde-e-amarelo-2026-04-27-01-64x64.jpg 64w, https:\\\/\\\/www.movingfitnesswear.com\\\/catalogo\\\/wp-content\\\/uploads\\\/2026\\\/04\\\/verde-e-amarelo-camiseta-ipanema-dupla-face-verde-e-amarelo-2026-04-27-01-300x300.jpg 300w, https:\\\/\\\/www.movingfitnesswear.com\\\/catalogo\\\/wp-content\\\/uploads\\\/2026\\\/04\\\/verde-e-amarelo-camiseta-ipanema-dupla-face-verde-e-amarelo-2026-04-27-01-1900x1900.jpg 1900w, https:\\\/\\\/www.movingfitnesswear.com\\\/catalogo\\\/wp-content\\\/uploads\\\/2026\\\/04\\\/verde-e-amarelo-camiseta-ipanema-dupla-face-verde-e-amarelo-2026-04-27-01-150x150.jpg 150w, https:\\\/\\\/www.movingfitnesswear.com\\\/catalogo\\\/wp-content\\\/uploads\\\/2026\\\/04\\\/verde-e-amarelo-camiseta-ipanema-dupla-face-verde-e-amarelo-2026-04-27-01-768x768.jpg 768w, https:\\\/\\\/www.movingfitnesswear.com\\\/catalogo\\\/wp-content\\\/uploads\\\/2026\\\/04\\\/verde-e-amarelo-camiseta-ipanema-dupla-face-verde-e-amarelo-2026-04-27-01-1536x1536.jpg 1536w, https:\\\/\\\/www.movingfitnesswear.com\\\/catalogo\\\/wp-content\\\/uploads\\\/2026\\\/04\\\/verde-e-amarelo-camiseta-ipanema-dupla-face-verde-e-amarelo-2026-04-27-01-2048x2048.jpg 2048w&quot;,&quot;sizes&quot;:&quot;(max-width: 600px) 100vw, 600px&quot;,&quot;full_src&quot;:&quot;https:\\\/\\\/www.movingfitnesswear.com\\\/catalogo\\\/wp-content\\\/uploads\\\/2026\\\/04\\\/verde-e-amarelo-camiseta-ipanema-dupla-face-verde-e-amarelo-2026-04-27-01.jpg&quot;,&quot;full_src_w&quot;:2500,&quot;full_src_h&quot;:2500,&quot;gallery_thumbnail_src&quot;:&quot;https:\\\/\\\/www.movingfitnesswear.com\\\/catalogo\\\/wp-content\\\/uploads\\\/2026\\\/04\\\/verde-e-amarelo-camiseta-ipanema-dupla-face-verde-e-amarelo-2026-04-27-01-100x100.jpg&quot;,&quot;gallery_thumbnail_src_w&quot;:100,&quot;gallery_thumbnail_src_h&quot;:100,&quot;thumb_src&quot;:&quot;https:\\\/\\\/www.movingfitnesswear.com\\\/catalogo\\\/wp-content\\\/uploads\\\/2026\\\/04\\\/verde-e-amarelo-camiseta-ipanema-dupla-face-verde-e-amarelo-2026-04-27-01-375x375.jpg&quot;,&quot;thumb_src_w&quot;:375,&quot;thumb_src_h&quot;:375,&quot;src_w&quot;:600,&quot;src_h&quot;:600},&quot;image_id&quot;:65553,&quot;is_downloadable&quot;:false,&quot;is_in_stock&quot;:true,&quot;is_purchasable&quot;:true,&quot;is_sold_individually&quot;:&quot;no&quot;,&quot;is_virtual&quot;:false,&quot;max_qty&quot;:&quot;&quot;,&quot;min_qty&quot;:1,&quot;price_html&quot;:&quot;&quot;,&quot;sku&quot;:&quot;CM7047AMP&quot;,&quot;variation_description&quot;:&quot;&quot;,&quot;variation_id&quot;:65592,&quot;variation_is_active&quot;:true,&quot;variation_is_visible&quot;:true,&quot;weight&quot;:&quot;&quot;,&quot;weight_html&quot;:&quot;N\\u00e3o aplic\\u00e1vel&quot;},{&quot;attributes&quot;:{&quot;attribute_pa_tamanho&quot;:&quot;m&quot;},&quot;availability_html&quot;:&quot;&quot;,&quot;backorders_allowed&quot;:false,&quot;dimensions&quot;:{&quot;length&quot;:&quot;&quot;,&quot;width&quot;:&quot;&quot;,&quot;height&quot;:&quot;&quot;},&quot;dimensions_html&quot;:&quot;N\\u00e3o aplic\\u00e1vel&quot;,&quot;display_price&quot;:54.95,&quot;display_regular_price&quot;:109.9,&quot;image&quot;:{&quot;title&quot;:&quot;verde-e-amarelo-camiseta-ipanema-dupla-face-verde-e-amarelo-2026-04-27-01&quot;,&quot;caption&quot;:&quot;&quot;,&quot;url&quot;:&quot;https:\\\/\\\/www.movingfitnesswear.com\\\/catalogo\\\/wp-content\\\/uploads\\\/2026\\\/04\\\/verde-e-amarelo-camiseta-ipanema-dupla-face-verde-e-amarelo-2026-04-27-01.jpg&quot;,&quot;alt&quot;:&quot;verde-e-amarelo-camiseta-ipanema-dupla-face-verde-e-amarelo-2026-04-27-01&quot;,&quot;src&quot;:&quot;https:\\\/\\\/www.movingfitnesswear.com\\\/catalogo\\\/wp-content\\\/uploads\\\/2026\\\/04\\\/verde-e-amarelo-camiseta-ipanema-dupla-face-verde-e-amarelo-2026-04-27-01-600x600.jpg&quot;,&quot;srcset&quot;:&quot;https:\\\/\\\/www.movingfitnesswear.com\\\/catalogo\\\/wp-content\\\/uploads\\\/2026\\\/04\\\/verde-e-amarelo-camiseta-ipanema-dupla-face-verde-e-amarelo-2026-04-27-01-600x600.jpg 600w, https:\\\/\\\/www.movingfitnesswear.com\\\/catalogo\\\/wp-content\\\/uploads\\\/2026\\\/04\\\/verde-e-amarelo-camiseta-ipanema-dupla-face-verde-e-amarelo-2026-04-27-01-375x375.jpg 375w, https:\\\/\\\/www.movingfitnesswear.com\\\/catalogo\\\/wp-content\\\/uploads\\\/2026\\\/04\\\/verde-e-amarelo-camiseta-ipanema-dupla-face-verde-e-amarelo-2026-04-27-01-100x100.jpg 100w, https:\\\/\\\/www.movingfitnesswear.com\\\/catalogo\\\/wp-content\\\/uploads\\\/2026\\\/04\\\/verde-e-amarelo-camiseta-ipanema-dupla-face-verde-e-amarelo-2026-04-27-01-64x64.jpg 64w, https:\\\/\\\/www.movingfitnesswear.com\\\/catalogo\\\/wp-content\\\/uploads\\\/2026\\\/04\\\/verde-e-amarelo-camiseta-ipanema-dupla-face-verde-e-amarelo-2026-04-27-01-300x300.jpg 300w, https:\\\/\\\/www.movingfitnesswear.com\\\/catalogo\\\/wp-content\\\/uploads\\\/2026\\\/04\\\/verde-e-amarelo-camiseta-ipanema-dupla-face-verde-e-amarelo-2026-04-27-01-1900x1900.jpg 1900w, https:\\\/\\\/www.movingfitnesswear.com\\\/catalogo\\\/wp-content\\\/uploads\\\/2026\\\/04\\\/verde-e-amarelo-camiseta-ipanema-dupla-face-verde-e-amarelo-2026-04-27-01-150x150.jpg 150w, https:\\\/\\\/www.movingfitnesswear.com\\\/catalogo\\\/wp-content\\\/uploads\\\/2026\\\/04\\\/verde-e-amarelo-camiseta-ipanema-dupla-face-verde-e-amarelo-2026-04-27-01-768x768.jpg 768w, https:\\\/\\\/www.movingfitnesswear.com\\\/catalogo\\\/wp-content\\\/uploads\\\/2026\\\/04\\\/verde-e-amarelo-camiseta-ipanema-dupla-face-verde-e-amarelo-2026-04-27-01-1536x1536.jpg 1536w, https:\\\/\\\/www.movingfitnesswear.com\\\/catalogo\\\/wp-content\\\/uploads\\\/2026\\\/04\\\/verde-e-amarelo-camiseta-ipanema-dupla-face-verde-e-amarelo-2026-04-27-01-2048x2048.jpg 2048w&quot;,&quot;sizes&quot;:&quot;(max-width: 600px) 100vw, 600px&quot;,&quot;full_src&quot;:&quot;https:\\\/\\\/www.movingfitnesswear.com\\\/catalogo\\\/wp-content\\\/uploads\\\/2026\\\/04\\\/verde-e-amarelo-camiseta-ipanema-dupla-face-verde-e-amarelo-2026-04-27-01.jpg&quot;,&quot;full_src_w&quot;:2500,&quot;full_src_h&quot;:2500,&quot;gallery_thumbnail_src&quot;:&quot;https:\\\/\\\/www.movingfitnesswear.com\\\/catalogo\\\/wp-content\\\/uploads\\\/2026\\\/04\\\/verde-e-amarelo-camiseta-ipanema-dupla-face-verde-e-amarelo-2026-04-27-01-100x100.jpg&quot;,&quot;gallery_thumbnail_src_w&quot;:100,&quot;gallery_thumbnail_src_h&quot;:100,&quot;thumb_src&quot;:&quot;https:\\\/\\\/www.movingfitnesswear.com\\\/catalogo\\\/wp-content\\\/uploads\\\/2026\\\/04\\\/verde-e-amarelo-camiseta-ipanema-dupla-face-verde-e-amarelo-2026-04-27-01-375x375.jpg&quot;,&quot;thumb_src_w&quot;:375,&quot;thumb_src_h&quot;:375,&quot;src_w&quot;:600,&quot;src_h&quot;:600},&quot;image_id&quot;:65553,&quot;is_downloadable&quot;:false,&quot;is_in_stock&quot;:true,&quot;is_purchasable&quot;:true,&quot;is_sold_individually&quot;:&quot;no&quot;,&quot;is_virtual&quot;:false,&quot;max_qty&quot;:&quot;&quot;,&quot;min_qty&quot;:1,&quot;price_html&quot;:&quot;&quot;,&quot;sku&quot;:&quot;CM7047AMM&quot;,&quot;variation_description&quot;:&quot;&quot;,&quot;variation_id&quot;:65593,&quot;variation_is_active&quot;:true,&quot;variation_is_visible&quot;:true,&quot;weight&quot;:&quot;&quot;,&quot;weight_html&quot;:&quot;N\\u00e3o aplic\\u00e1vel&quot;},{&quot;attributes&quot;:{&quot;attribute_pa_tamanho&quot;:&quot;g&quot;},&quot;availability_html&quot;:&quot;&quot;,&quot;backorders_allowed&quot;:false,&quot;dimensions&quot;:{&quot;length&quot;:&quot;&quot;,&quot;width&quot;:&quot;&quot;,&quot;height&quot;:&quot;&quot;},&quot;dimensions_html&quot;:&quot;N\\u00e3o aplic\\u00e1vel&quot;,&quot;display_price&quot;:54.95,&quot;display_regular_price&quot;:109.9,&quot;image&quot;:{&quot;title&quot;:&quot;verde-e-amarelo-camiseta-ipanema-dupla-face-verde-e-amarelo-2026-04-27-01&quot;,&quot;caption&quot;:&quot;&quot;,&quot;url&quot;:&quot;https:\\\/\\\/www.movingfitnesswear.com\\\/catalogo\\\/wp-content\\\/uploads\\\/2026\\\/04\\\/verde-e-amarelo-camiseta-ipanema-dupla-face-verde-e-amarelo-2026-04-27-01.jpg&quot;,&quot;alt&quot;:&quot;verde-e-amarelo-camiseta-ipanema-dupla-face-verde-e-amarelo-2026-04-27-01&quot;,&quot;src&quot;:&quot;https:\\\/\\\/www.movingfitnesswear.com\\\/catalogo\\\/wp-content\\\/uploads\\\/2026\\\/04\\\/verde-e-amarelo-camiseta-ipanema-dupla-face-verde-e-amarelo-2026-04-27-01-600x600.jpg&quot;,&quot;srcset&quot;:&quot;https:\\\/\\\/www.movingfitnesswear.com\\\/catalogo\\\/wp-content\\\/uploads\\\/2026\\\/04\\\/verde-e-amarelo-camiseta-ipanema-dupla-face-verde-e-amarelo-2026-04-27-01-600x600.jpg 600w, https:\\\/\\\/www.movingfitnesswear.com\\\/catalogo\\\/wp-content\\\/uploads\\\/2026\\\/04\\\/verde-e-amarelo-camiseta-ipanema-dupla-face-verde-e-amarelo-2026-04-27-01-375x375.jpg 375w, https:\\\/\\\/www.movingfitnesswear.com\\\/catalogo\\\/wp-content\\\/uploads\\\/2026\\\/04\\\/verde-e-amarelo-camiseta-ipanema-dupla-face-verde-e-amarelo-2026-04-27-01-100x100.jpg 100w, https:\\\/\\\/www.movingfitnesswear.com\\\/catalogo\\\/wp-content\\\/uploads\\\/2026\\\/04\\\/verde-e-amarelo-camiseta-ipanema-dupla-face-verde-e-amarelo-2026-04-27-01-64x64.jpg 64w, https:\\\/\\\/www.movingfitnesswear.com\\\/catalogo\\\/wp-content\\\/uploads\\\/2026\\\/04\\\/verde-e-amarelo-camiseta-ipanema-dupla-face-verde-e-amarelo-2026-04-27-01-300x300.jpg 300w, https:\\\/\\\/www.movingfitnesswear.com\\\/catalogo\\\/wp-content\\\/uploads\\\/2026\\\/04\\\/verde-e-amarelo-camiseta-ipanema-dupla-face-verde-e-amarelo-2026-04-27-01-1900x1900.jpg 1900w, https:\\\/\\\/www.movingfitnesswear.com\\\/catalogo\\\/wp-content\\\/uploads\\\/2026\\\/04\\\/verde-e-amarelo-camiseta-ipanema-dupla-face-verde-e-amarelo-2026-04-27-01-150x150.jpg 150w, https:\\\/\\\/www.movingfitnesswear.com\\\/catalogo\\\/wp-content\\\/uploads\\\/2026\\\/04\\\/verde-e-amarelo-camiseta-ipanema-dupla-face-verde-e-amarelo-2026-04-27-01-768x768.jpg 768w, https:\\\/\\\/www.movingfitnesswear.com\\\/catalogo\\\/wp-content\\\/uploads\\\/2026\\\/04\\\/verde-e-amarelo-camiseta-ipanema-dupla-face-verde-e-amarelo-2026-04-27-01-1536x1536.jpg 1536w, https:\\\/\\\/www.movingfitnesswear.com\\\/catalogo\\\/wp-content\\\/uploads\\\/2026\\\/04\\\/verde-e-amarelo-camiseta-ipanema-dupla-face-verde-e-amarelo-2026-04-27-01-2048x2048.jpg 2048w&quot;,&quot;sizes&quot;:&quot;(max-width: 600px) 100vw, 600px&quot;,&quot;full_src&quot;:&quot;https:\\\/\\\/www.movingfitnesswear.com\\\/catalogo\\\/wp-content\\\/uploads\\\/2026\\\/04\\\/verde-e-amarelo-camiseta-ipanema-dupla-face-verde-e-amarelo-2026-04-27-01.jpg&quot;,&quot;full_src_w&quot;:2500,&quot;full_src_h&quot;:2500,&quot;gallery_thumbnail_src&quot;:&quot;https:\\\/\\\/www.movingfitnesswear.com\\\/catalogo\\\/wp-content\\\/uploads\\\/2026\\\/04\\\/verde-e-amarelo-camiseta-ipanema-dupla-face-verde-e-amarelo-2026-04-27-01-100x100.jpg&quot;,&quot;gallery_thumbnail_src_w&quot;:100,&quot;gallery_thumbnail_src_h&quot;:100,&quot;thumb_src&quot;:&quot;https:\\\/\\\/www.movingfitnesswear.com\\\/catalogo\\\/wp-content\\\/uploads\\\/2026\\\/04\\\/verde-e-amarelo-camiseta-ipanema-dupla-face-verde-e-amarelo-2026-04-27-01-375x375.jpg&quot;,&quot;thumb_src_w&quot;:375,&quot;thumb_src_h&quot;:375,&quot;src_w&quot;:600,&quot;src_h&quot;:600},&quot;image_id&quot;:65553,&quot;is_downloadable&quot;:false,&quot;is_in_stock&quot;:true,&quot;is_purchasable&quot;:true,&quot;is_sold_individually&quot;:&quot;no&quot;,&quot;is_virtual&quot;:false,&quot;max_qty&quot;:&quot;&quot;,&quot;min_qty&quot;:1,&quot;price_html&quot;:&quot;&quot;,&quot;sku&quot;:&quot;CM7047AMG&quot;,&quot;variation_description&quot;:&quot;&quot;,&quot;variation_id&quot;:65594,&quot;variation_is_active&quot;:true,&quot;variation_is_visible&quot;:true,&quot;weight&quot;:&quot;&quot;,&quot;weight_html&quot;:&quot;N\\u00e3o aplic\\u00e1vel&quot;}]\">\n\t\n\t\t\t<table class=\"variations\" cellspacing=\"0\" role=\"presentation\">\n\t\t\t<tbody>\n\t\t\t\t\t\t\t\t\t<tr>\n\t\t\t\t\t\t<th class=\"label\"><label for=\"pa_tamanho\">Tamanho<\/label><\/th>\n\t\t\t\t\t\t<td class=\"value\">\n\t\t\t\t\t\t\t<select id=\"pa_tamanho\" class=\"\" name=\"attribute_pa_tamanho\" data-attribute_name=\"attribute_pa_tamanho\" data-show_option_none=\"yes\"><option value=\"\">Escolha uma op\u00e7\u00e3o<\/option><option value=\"g\" >G<\/option><option value=\"m\"  selected='selected'>M<\/option><option value=\"p\" >P<\/option><\/select><a class=\"reset_variations\" href=\"#\" aria-label=\"Limpar op\u00e7\u00f5es\">Limpar<\/a>\t\t\t\t\t\t<\/td>\n\t\t\t\t\t<\/tr>\n\t\t\t\t\t\t\t<\/tbody>\n\t\t<\/table>\n\t\t<div class=\"reset_variations_alert screen-reader-text\" role=\"alert\" aria-live=\"polite\" aria-relevant=\"all\"><\/div>\n\t\t\n\t\t<div class=\"single_variation_wrap\">\n\t\t\t<div class=\"woocommerce-variation single_variation\" role=\"alert\" aria-relevant=\"additions\"><\/div><div class=\"woocommerce-variation-add-to-cart variations_button\">\n\t\n\t<div class=\"quantity\">\n\t\t<label class=\"screen-reader-text\" for=\"quantity_69f16c3b76701\">CAMISETA IPANEMA DUPLA-FACE VERDE E AMARELO quantidade<\/label>\n\t<input\n\t\ttype=\"number\"\n\t\t\t\tid=\"quantity_69f16c3b76701\"\n\t\tclass=\"input-text qty text\"\n\t\tname=\"quantity\"\n\t\tvalue=\"1\"\n\t\taria-label=\"Quantidade de produto\"\n\t\t\t\tmin=\"1\"\n\t\t\t\t\t\t\tstep=\"1\"\n\t\t\tplaceholder=\"\"\n\t\t\tinputmode=\"numeric\"\n\t\t\tautocomplete=\"off\"\n\t\t\t\/>\n\t<\/div>\n\n\t<button type=\"submit\" class=\"single_add_to_cart_button button alt\">Adicionar ao carrinho<\/button>\n\n\t        <button type=\"button\" class=\"xt_wooqv-button xt_wooqv-more-info button\" onclick=\"location.href='https:\/\/www.movingfitnesswear.com\/catalogo\/catalog\/camiseta-ipanema-dupla-face-verde-e-amarelo\/'\">More info<\/button>\n        \n\t<input type=\"hidden\" name=\"add-to-cart\" value=\"65591\" \/>\n\t<input type=\"hidden\" name=\"product_id\" value=\"65591\" \/>\n\t<input type=\"hidden\" name=\"variation_id\" class=\"variation_id\" value=\"0\" \/>\n<\/div>\n\t\t<\/div>\n\t\n\t<\/form>\n\n\n    <\/div>\n<\/div>\n\t\n\t<div class=\"info-produto hidden\"><small class=\"attr attr-product-id\">65591<\/small><small class=\"attr attr-product-regular-price\"><\/small><small class=\"attr attr-product-sale-price\"><\/small><\/div>\n<\/div>\n\n<\/template><\/a><\/span><a href=\"https:\/\/www.movingfitnesswear.com\/catalogo\/catalog\/camiseta-ipanema-dupla-face-verde-e-amarelo\/\" aria-describedby=\"woocommerce_loop_add_to_cart_link_describedby_65591\" data-quantity=\"1\" class=\"button product_type_variable add_to_cart_button\" data-product_id=\"65591\" data-product_sku=\"CM7047\" aria-label=\"Selecione as op\u00e7\u00f5es para &ldquo;CAMISETA IPANEMA DUPLA-FACE VERDE E AMARELO&rdquo;\" rel=\"nofollow\">Ver op\u00e7\u00f5es<\/a>\t<span id=\"woocommerce_loop_add_to_cart_link_describedby_65591\" class=\"screen-reader-text\">\n\t\tEste produto tem v\u00e1rias variantes. As op\u00e7\u00f5es podem ser escolhidas na p\u00e1gina do produto\t<\/span>\n<\/li>\n<li class=\"sales-flash-overlay woocommerce-text-align-center woocommerce-image-align-center do-quantity-buttons wc-has-gallery xt_wooqv-pos-before product type-product post-65579 status-publish first instock product_cat-camiseta product_tag-camiseta-ipanema-dupla-face-branco-e-azul has-post-thumbnail sale shipping-taxable purchasable product-type-variable has-default-attributes\">\n\t<a href=\"https:\/\/www.movingfitnesswear.com\/catalogo\/catalog\/camiseta-ipanema-dupla-face-branco-e-azul\/\" class=\"woocommerce-LoopProduct-link woocommerce-loop-product__link\"><div class=\"xtfw-wc-product-image xt_wooqv-image-wrapper\">\n\t<span class=\"onsale\">Oferta!<\/span>\n\t<img loading=\"lazy\" decoding=\"async\" width=\"375\" height=\"375\" src=\"https:\/\/www.movingfitnesswear.com\/catalogo\/wp-content\/uploads\/2026\/04\/branco-e-azul-camiseta-ipanema-dupla-face-branco-e-azul-2026-04-27-01-375x375.jpg\" class=\"attachment-woocommerce_thumbnail size-woocommerce_thumbnail\" alt=\"CAMISETA IPANEMA DUPLA-FACE BRANCO E AZUL\" srcset=\"https:\/\/www.movingfitnesswear.com\/catalogo\/wp-content\/uploads\/2026\/04\/branco-e-azul-camiseta-ipanema-dupla-face-branco-e-azul-2026-04-27-01-375x375.jpg 375w, https:\/\/www.movingfitnesswear.com\/catalogo\/wp-content\/uploads\/2026\/04\/branco-e-azul-camiseta-ipanema-dupla-face-branco-e-azul-2026-04-27-01-100x100.jpg 100w, https:\/\/www.movingfitnesswear.com\/catalogo\/wp-content\/uploads\/2026\/04\/branco-e-azul-camiseta-ipanema-dupla-face-branco-e-azul-2026-04-27-01-600x600.jpg 600w, https:\/\/www.movingfitnesswear.com\/catalogo\/wp-content\/uploads\/2026\/04\/branco-e-azul-camiseta-ipanema-dupla-face-branco-e-azul-2026-04-27-01-64x64.jpg 64w, https:\/\/www.movingfitnesswear.com\/catalogo\/wp-content\/uploads\/2026\/04\/branco-e-azul-camiseta-ipanema-dupla-face-branco-e-azul-2026-04-27-01-300x300.jpg 300w, https:\/\/www.movingfitnesswear.com\/catalogo\/wp-content\/uploads\/2026\/04\/branco-e-azul-camiseta-ipanema-dupla-face-branco-e-azul-2026-04-27-01-1900x1900.jpg 1900w, https:\/\/www.movingfitnesswear.com\/catalogo\/wp-content\/uploads\/2026\/04\/branco-e-azul-camiseta-ipanema-dupla-face-branco-e-azul-2026-04-27-01-150x150.jpg 150w, https:\/\/www.movingfitnesswear.com\/catalogo\/wp-content\/uploads\/2026\/04\/branco-e-azul-camiseta-ipanema-dupla-face-branco-e-azul-2026-04-27-01-768x768.jpg 768w, https:\/\/www.movingfitnesswear.com\/catalogo\/wp-content\/uploads\/2026\/04\/branco-e-azul-camiseta-ipanema-dupla-face-branco-e-azul-2026-04-27-01-1536x1536.jpg 1536w, https:\/\/www.movingfitnesswear.com\/catalogo\/wp-content\/uploads\/2026\/04\/branco-e-azul-camiseta-ipanema-dupla-face-branco-e-azul-2026-04-27-01-2048x2048.jpg 2048w\" sizes=\"auto, (max-width: 375px) 100vw, 375px\" \/><img loading=\"lazy\" decoding=\"async\" width=\"2500\" height=\"2500\" src=\"https:\/\/www.movingfitnesswear.com\/catalogo\/wp-content\/uploads\/2026\/04\/branco-e-azul-camiseta-ipanema-dupla-face-branco-e-azul-2026-04-27-02.jpg\" class=\"secondary-image attachment-shop-catalog\" alt=\"\" srcset=\"https:\/\/www.movingfitnesswear.com\/catalogo\/wp-content\/uploads\/2026\/04\/branco-e-azul-camiseta-ipanema-dupla-face-branco-e-azul-2026-04-27-02.jpg 2500w, https:\/\/www.movingfitnesswear.com\/catalogo\/wp-content\/uploads\/2026\/04\/branco-e-azul-camiseta-ipanema-dupla-face-branco-e-azul-2026-04-27-02-375x375.jpg 375w, https:\/\/www.movingfitnesswear.com\/catalogo\/wp-content\/uploads\/2026\/04\/branco-e-azul-camiseta-ipanema-dupla-face-branco-e-azul-2026-04-27-02-100x100.jpg 100w, https:\/\/www.movingfitnesswear.com\/catalogo\/wp-content\/uploads\/2026\/04\/branco-e-azul-camiseta-ipanema-dupla-face-branco-e-azul-2026-04-27-02-600x600.jpg 600w, https:\/\/www.movingfitnesswear.com\/catalogo\/wp-content\/uploads\/2026\/04\/branco-e-azul-camiseta-ipanema-dupla-face-branco-e-azul-2026-04-27-02-64x64.jpg 64w, https:\/\/www.movingfitnesswear.com\/catalogo\/wp-content\/uploads\/2026\/04\/branco-e-azul-camiseta-ipanema-dupla-face-branco-e-azul-2026-04-27-02-300x300.jpg 300w, https:\/\/www.movingfitnesswear.com\/catalogo\/wp-content\/uploads\/2026\/04\/branco-e-azul-camiseta-ipanema-dupla-face-branco-e-azul-2026-04-27-02-1900x1900.jpg 1900w, https:\/\/www.movingfitnesswear.com\/catalogo\/wp-content\/uploads\/2026\/04\/branco-e-azul-camiseta-ipanema-dupla-face-branco-e-azul-2026-04-27-02-150x150.jpg 150w, https:\/\/www.movingfitnesswear.com\/catalogo\/wp-content\/uploads\/2026\/04\/branco-e-azul-camiseta-ipanema-dupla-face-branco-e-azul-2026-04-27-02-768x768.jpg 768w, https:\/\/www.movingfitnesswear.com\/catalogo\/wp-content\/uploads\/2026\/04\/branco-e-azul-camiseta-ipanema-dupla-face-branco-e-azul-2026-04-27-02-1536x1536.jpg 1536w, https:\/\/www.movingfitnesswear.com\/catalogo\/wp-content\/uploads\/2026\/04\/branco-e-azul-camiseta-ipanema-dupla-face-branco-e-azul-2026-04-27-02-2048x2048.jpg 2048w\" sizes=\"auto, (max-width: 2500px) 100vw, 2500px\" \/><\/div><h2 class=\"woocommerce-loop-product__title\">CAMISETA IPANEMA DUPLA-FACE BRANCO E AZUL<\/h2>\n\t<span class=\"price\"><del aria-hidden=\"true\"><span class=\"woocommerce-Price-amount amount\"><bdi><span class=\"woocommerce-Price-currencySymbol\">&#82;&#36;<\/span>109,90<\/bdi><\/span><\/del> <span class=\"screen-reader-text\">O pre\u00e7o original era: &#082;&#036;109,90.<\/span><ins aria-hidden=\"true\"><span class=\"woocommerce-Price-amount amount\"><bdi><span class=\"woocommerce-Price-currencySymbol\">&#82;&#36;<\/span>54,95<\/bdi><\/span><\/ins><span class=\"screen-reader-text\">O pre\u00e7o atual \u00e9: &#082;&#036;54,95.<\/span><\/span>\n<div class=\"info-produto hidden\"><small class=\"attr attr-product-id\">65579<\/small><small class=\"attr attr-product-regular-price\"><\/small><small class=\"attr attr-product-sale-price\"><\/small><\/div><\/a><span class=\"xt_wooqv-show-on-all\"><a \n\t\t    href=\"#\" \n\t\t    class=\"xt_wooqv-trigger button alt  xt_wooqv-before xt_wooqv-icontype-font\" \n\t\t    data-uniqid=\"69f16c3b7b530\"\n\t\t    data-id=\"65579\" \n\t\t    data-variation=\"65581\" \n\t\t    data-url=\"https:\/\/www.movingfitnesswear.com\/catalogo\/catalog\/camiseta-ipanema-dupla-face-branco-e-azul\/\"\n        ><span class=\"xt_wooqv-trigger-icon\"><\/span><span>Quick View<\/span><template id=\"xt_wooqv-quickview-69f16c3b7b530\" class=\"xt_wooqv-template\">\n<div id=\"xt_wooqv-product-65579\" class=\"product xt_wooqv-product post-65579 type-product status-publish has-post-thumbnail product_cat-camiseta product_tag-camiseta-ipanema-dupla-face-branco-e-azul  sales-flash-overlay woocommerce-text-align-center wc-related-upsell-columns-4 wc-related-upsell-tablet-columns-2 wc-related-upsell-mobile-columns-1 do-quantity-buttons wc-has-gallery xt_wooqv-pos-before instock sale shipping-taxable purchasable product-type-variable has-default-attributes\">\n\n    <span class=\"xt_wooqv-close-icon xt_wooqv-close-icon-desktop xt_wooqvicon-cancel-4\"><\/span>\n    <span class=\"xt_wooqv-close-icon xt_wooqv-close-icon-mobile xt_wooqvicon-cancel-4\"><\/span>\n\t\n<div class=\"xt_wooqv-slider-wrapper\" data-attachments=\"4\">\n\n\t<ul class=\"xt_wooqv-slider\">\n\t\t<li data-thumb=\"https:\/\/www.movingfitnesswear.com\/catalogo\/wp-content\/uploads\/2026\/04\/branco-e-azul-camiseta-ipanema-dupla-face-branco-e-azul-2026-04-27-01-100x100.jpg\" data-src=\"https:\/\/www.movingfitnesswear.com\/catalogo\/wp-content\/uploads\/2026\/04\/branco-e-azul-camiseta-ipanema-dupla-face-branco-e-azul-2026-04-27-01-600x600.jpg\" itemprop=\"image\" title=\"\" style=\"background-image:url(https:\/\/www.movingfitnesswear.com\/catalogo\/wp-content\/uploads\/2026\/04\/branco-e-azul-camiseta-ipanema-dupla-face-branco-e-azul-2026-04-27-01-600x600.jpg)\"><img loading=\"lazy\" decoding=\"async\" src=\"https:\/\/www.movingfitnesswear.com\/catalogo\/wp-content\/uploads\/2026\/04\/branco-e-azul-camiseta-ipanema-dupla-face-branco-e-azul-2026-04-27-01-600x600.jpg\" width=\"600\" height=\"600\" \/><\/li><li data-thumb=\"https:\/\/www.movingfitnesswear.com\/catalogo\/wp-content\/uploads\/2026\/04\/branco-e-azul-camiseta-ipanema-dupla-face-branco-e-azul-2026-04-27-02-100x100.jpg\" data-src=\"https:\/\/www.movingfitnesswear.com\/catalogo\/wp-content\/uploads\/2026\/04\/branco-e-azul-camiseta-ipanema-dupla-face-branco-e-azul-2026-04-27-02-600x600.jpg\" itemprop=\"image\" title=\"\" style=\"background-image:url(https:\/\/www.movingfitnesswear.com\/catalogo\/wp-content\/uploads\/2026\/04\/branco-e-azul-camiseta-ipanema-dupla-face-branco-e-azul-2026-04-27-02-600x600.jpg)\"><img loading=\"lazy\" decoding=\"async\" src=\"https:\/\/www.movingfitnesswear.com\/catalogo\/wp-content\/uploads\/2026\/04\/branco-e-azul-camiseta-ipanema-dupla-face-branco-e-azul-2026-04-27-02-600x600.jpg\" width=\"600\" height=\"600\" \/><\/li><li data-thumb=\"https:\/\/www.movingfitnesswear.com\/catalogo\/wp-content\/uploads\/2026\/04\/branco-e-azul-camiseta-ipanema-dupla-face-branco-e-azul-2026-04-27-03-100x100.jpg\" data-src=\"https:\/\/www.movingfitnesswear.com\/catalogo\/wp-content\/uploads\/2026\/04\/branco-e-azul-camiseta-ipanema-dupla-face-branco-e-azul-2026-04-27-03-600x600.jpg\" itemprop=\"image\" title=\"\" style=\"background-image:url(https:\/\/www.movingfitnesswear.com\/catalogo\/wp-content\/uploads\/2026\/04\/branco-e-azul-camiseta-ipanema-dupla-face-branco-e-azul-2026-04-27-03-600x600.jpg)\"><img loading=\"lazy\" decoding=\"async\" src=\"https:\/\/www.movingfitnesswear.com\/catalogo\/wp-content\/uploads\/2026\/04\/branco-e-azul-camiseta-ipanema-dupla-face-branco-e-azul-2026-04-27-03-600x600.jpg\" width=\"600\" height=\"600\" \/><\/li><li data-thumb=\"https:\/\/www.movingfitnesswear.com\/catalogo\/wp-content\/uploads\/2026\/04\/branco-e-azul-camiseta-ipanema-dupla-face-branco-e-azul-2026-04-27-04-100x100.jpg\" data-src=\"https:\/\/www.movingfitnesswear.com\/catalogo\/wp-content\/uploads\/2026\/04\/branco-e-azul-camiseta-ipanema-dupla-face-branco-e-azul-2026-04-27-04-600x600.jpg\" itemprop=\"image\" title=\"\" style=\"background-image:url(https:\/\/www.movingfitnesswear.com\/catalogo\/wp-content\/uploads\/2026\/04\/branco-e-azul-camiseta-ipanema-dupla-face-branco-e-azul-2026-04-27-04-600x600.jpg)\"><img loading=\"lazy\" decoding=\"async\" src=\"https:\/\/www.movingfitnesswear.com\/catalogo\/wp-content\/uploads\/2026\/04\/branco-e-azul-camiseta-ipanema-dupla-face-branco-e-azul-2026-04-27-04-600x600.jpg\" width=\"600\" height=\"600\" \/><\/li>\t<\/ul>\n\t\n<\/div> \n\t<div class=\"xt_wooqv-item-info\">\n    <div class=\"xt_wooqv-item-info-inner\">\n\n        <h1 class=\"product_title entry-title\">CAMISETA IPANEMA DUPLA-FACE BRANCO E AZUL<\/h1><p class=\"price\"><del aria-hidden=\"true\"><span class=\"woocommerce-Price-amount amount\"><bdi><span class=\"woocommerce-Price-currencySymbol\">&#82;&#36;<\/span>109,90<\/bdi><\/span><\/del> <span class=\"screen-reader-text\">O pre\u00e7o original era: &#082;&#036;109,90.<\/span><ins aria-hidden=\"true\"><span class=\"woocommerce-Price-amount amount\"><bdi><span class=\"woocommerce-Price-currencySymbol\">&#82;&#36;<\/span>54,95<\/bdi><\/span><\/ins><span class=\"screen-reader-text\">O pre\u00e7o atual \u00e9: &#082;&#036;54,95.<\/span><\/p>\n<div class=\"product_meta\">\n\n\t\n\t\n\t\t<span class=\"sku_wrapper\">SKU: <span class=\"sku\">CM7143<\/span><\/span>\n\n\t\n\t<span class=\"posted_in\">Categoria: <a href=\"https:\/\/www.movingfitnesswear.com\/catalogo\/catalog\/cat\/camiseta\/\" rel=\"tag\">CAMISETA<\/a><\/span>\n\t<span class=\"tagged_as\">Tag: <a href=\"https:\/\/www.movingfitnesswear.com\/catalogo\/catalog\/tag\/camiseta-ipanema-dupla-face-branco-e-azul\/\" rel=\"tag\">CAMISETA IPANEMA DUPLA-FACE BRANCO E AZUL<\/a><\/span>\n\t\n<\/div>\n\n<form class=\"variations_form cart\" action=\"https:\/\/www.movingfitnesswear.com\/catalogo\/catalog\/camiseta-ipanema-dupla-face-branco-e-azul\/\" method=\"post\" enctype='multipart\/form-data' data-product_id=\"65579\" data-product_variations=\"[{&quot;attributes&quot;:{&quot;attribute_pa_tamanho&quot;:&quot;p&quot;},&quot;availability_html&quot;:&quot;&quot;,&quot;backorders_allowed&quot;:false,&quot;dimensions&quot;:{&quot;length&quot;:&quot;&quot;,&quot;width&quot;:&quot;&quot;,&quot;height&quot;:&quot;&quot;},&quot;dimensions_html&quot;:&quot;N\\u00e3o aplic\\u00e1vel&quot;,&quot;display_price&quot;:54.95,&quot;display_regular_price&quot;:109.9,&quot;image&quot;:{&quot;title&quot;:&quot;branco-e-azul-camiseta-ipanema-dupla-face-branco-e-azul-2026-04-27-01&quot;,&quot;caption&quot;:&quot;&quot;,&quot;url&quot;:&quot;https:\\\/\\\/www.movingfitnesswear.com\\\/catalogo\\\/wp-content\\\/uploads\\\/2026\\\/04\\\/branco-e-azul-camiseta-ipanema-dupla-face-branco-e-azul-2026-04-27-01.jpg&quot;,&quot;alt&quot;:&quot;branco-e-azul-camiseta-ipanema-dupla-face-branco-e-azul-2026-04-27-01&quot;,&quot;src&quot;:&quot;https:\\\/\\\/www.movingfitnesswear.com\\\/catalogo\\\/wp-content\\\/uploads\\\/2026\\\/04\\\/branco-e-azul-camiseta-ipanema-dupla-face-branco-e-azul-2026-04-27-01-600x600.jpg&quot;,&quot;srcset&quot;:&quot;https:\\\/\\\/www.movingfitnesswear.com\\\/catalogo\\\/wp-content\\\/uploads\\\/2026\\\/04\\\/branco-e-azul-camiseta-ipanema-dupla-face-branco-e-azul-2026-04-27-01-600x600.jpg 600w, https:\\\/\\\/www.movingfitnesswear.com\\\/catalogo\\\/wp-content\\\/uploads\\\/2026\\\/04\\\/branco-e-azul-camiseta-ipanema-dupla-face-branco-e-azul-2026-04-27-01-375x375.jpg 375w, https:\\\/\\\/www.movingfitnesswear.com\\\/catalogo\\\/wp-content\\\/uploads\\\/2026\\\/04\\\/branco-e-azul-camiseta-ipanema-dupla-face-branco-e-azul-2026-04-27-01-100x100.jpg 100w, https:\\\/\\\/www.movingfitnesswear.com\\\/catalogo\\\/wp-content\\\/uploads\\\/2026\\\/04\\\/branco-e-azul-camiseta-ipanema-dupla-face-branco-e-azul-2026-04-27-01-64x64.jpg 64w, https:\\\/\\\/www.movingfitnesswear.com\\\/catalogo\\\/wp-content\\\/uploads\\\/2026\\\/04\\\/branco-e-azul-camiseta-ipanema-dupla-face-branco-e-azul-2026-04-27-01-300x300.jpg 300w, https:\\\/\\\/www.movingfitnesswear.com\\\/catalogo\\\/wp-content\\\/uploads\\\/2026\\\/04\\\/branco-e-azul-camiseta-ipanema-dupla-face-branco-e-azul-2026-04-27-01-1900x1900.jpg 1900w, https:\\\/\\\/www.movingfitnesswear.com\\\/catalogo\\\/wp-content\\\/uploads\\\/2026\\\/04\\\/branco-e-azul-camiseta-ipanema-dupla-face-branco-e-azul-2026-04-27-01-150x150.jpg 150w, https:\\\/\\\/www.movingfitnesswear.com\\\/catalogo\\\/wp-content\\\/uploads\\\/2026\\\/04\\\/branco-e-azul-camiseta-ipanema-dupla-face-branco-e-azul-2026-04-27-01-768x768.jpg 768w, https:\\\/\\\/www.movingfitnesswear.com\\\/catalogo\\\/wp-content\\\/uploads\\\/2026\\\/04\\\/branco-e-azul-camiseta-ipanema-dupla-face-branco-e-azul-2026-04-27-01-1536x1536.jpg 1536w, https:\\\/\\\/www.movingfitnesswear.com\\\/catalogo\\\/wp-content\\\/uploads\\\/2026\\\/04\\\/branco-e-azul-camiseta-ipanema-dupla-face-branco-e-azul-2026-04-27-01-2048x2048.jpg 2048w&quot;,&quot;sizes&quot;:&quot;(max-width: 600px) 100vw, 600px&quot;,&quot;full_src&quot;:&quot;https:\\\/\\\/www.movingfitnesswear.com\\\/catalogo\\\/wp-content\\\/uploads\\\/2026\\\/04\\\/branco-e-azul-camiseta-ipanema-dupla-face-branco-e-azul-2026-04-27-01.jpg&quot;,&quot;full_src_w&quot;:2500,&quot;full_src_h&quot;:2500,&quot;gallery_thumbnail_src&quot;:&quot;https:\\\/\\\/www.movingfitnesswear.com\\\/catalogo\\\/wp-content\\\/uploads\\\/2026\\\/04\\\/branco-e-azul-camiseta-ipanema-dupla-face-branco-e-azul-2026-04-27-01-100x100.jpg&quot;,&quot;gallery_thumbnail_src_w&quot;:100,&quot;gallery_thumbnail_src_h&quot;:100,&quot;thumb_src&quot;:&quot;https:\\\/\\\/www.movingfitnesswear.com\\\/catalogo\\\/wp-content\\\/uploads\\\/2026\\\/04\\\/branco-e-azul-camiseta-ipanema-dupla-face-branco-e-azul-2026-04-27-01-375x375.jpg&quot;,&quot;thumb_src_w&quot;:375,&quot;thumb_src_h&quot;:375,&quot;src_w&quot;:600,&quot;src_h&quot;:600},&quot;image_id&quot;:65537,&quot;is_downloadable&quot;:false,&quot;is_in_stock&quot;:true,&quot;is_purchasable&quot;:true,&quot;is_sold_individually&quot;:&quot;no&quot;,&quot;is_virtual&quot;:false,&quot;max_qty&quot;:&quot;&quot;,&quot;min_qty&quot;:1,&quot;price_html&quot;:&quot;&quot;,&quot;sku&quot;:&quot;CM7143AZP&quot;,&quot;variation_description&quot;:&quot;&quot;,&quot;variation_id&quot;:65580,&quot;variation_is_active&quot;:true,&quot;variation_is_visible&quot;:true,&quot;weight&quot;:&quot;&quot;,&quot;weight_html&quot;:&quot;N\\u00e3o aplic\\u00e1vel&quot;},{&quot;attributes&quot;:{&quot;attribute_pa_tamanho&quot;:&quot;m&quot;},&quot;availability_html&quot;:&quot;&quot;,&quot;backorders_allowed&quot;:false,&quot;dimensions&quot;:{&quot;length&quot;:&quot;&quot;,&quot;width&quot;:&quot;&quot;,&quot;height&quot;:&quot;&quot;},&quot;dimensions_html&quot;:&quot;N\\u00e3o aplic\\u00e1vel&quot;,&quot;display_price&quot;:54.95,&quot;display_regular_price&quot;:109.9,&quot;image&quot;:{&quot;title&quot;:&quot;branco-e-azul-camiseta-ipanema-dupla-face-branco-e-azul-2026-04-27-01&quot;,&quot;caption&quot;:&quot;&quot;,&quot;url&quot;:&quot;https:\\\/\\\/www.movingfitnesswear.com\\\/catalogo\\\/wp-content\\\/uploads\\\/2026\\\/04\\\/branco-e-azul-camiseta-ipanema-dupla-face-branco-e-azul-2026-04-27-01.jpg&quot;,&quot;alt&quot;:&quot;branco-e-azul-camiseta-ipanema-dupla-face-branco-e-azul-2026-04-27-01&quot;,&quot;src&quot;:&quot;https:\\\/\\\/www.movingfitnesswear.com\\\/catalogo\\\/wp-content\\\/uploads\\\/2026\\\/04\\\/branco-e-azul-camiseta-ipanema-dupla-face-branco-e-azul-2026-04-27-01-600x600.jpg&quot;,&quot;srcset&quot;:&quot;https:\\\/\\\/www.movingfitnesswear.com\\\/catalogo\\\/wp-content\\\/uploads\\\/2026\\\/04\\\/branco-e-azul-camiseta-ipanema-dupla-face-branco-e-azul-2026-04-27-01-600x600.jpg 600w, https:\\\/\\\/www.movingfitnesswear.com\\\/catalogo\\\/wp-content\\\/uploads\\\/2026\\\/04\\\/branco-e-azul-camiseta-ipanema-dupla-face-branco-e-azul-2026-04-27-01-375x375.jpg 375w, https:\\\/\\\/www.movingfitnesswear.com\\\/catalogo\\\/wp-content\\\/uploads\\\/2026\\\/04\\\/branco-e-azul-camiseta-ipanema-dupla-face-branco-e-azul-2026-04-27-01-100x100.jpg 100w, https:\\\/\\\/www.movingfitnesswear.com\\\/catalogo\\\/wp-content\\\/uploads\\\/2026\\\/04\\\/branco-e-azul-camiseta-ipanema-dupla-face-branco-e-azul-2026-04-27-01-64x64.jpg 64w, https:\\\/\\\/www.movingfitnesswear.com\\\/catalogo\\\/wp-content\\\/uploads\\\/2026\\\/04\\\/branco-e-azul-camiseta-ipanema-dupla-face-branco-e-azul-2026-04-27-01-300x300.jpg 300w, https:\\\/\\\/www.movingfitnesswear.com\\\/catalogo\\\/wp-content\\\/uploads\\\/2026\\\/04\\\/branco-e-azul-camiseta-ipanema-dupla-face-branco-e-azul-2026-04-27-01-1900x1900.jpg 1900w, https:\\\/\\\/www.movingfitnesswear.com\\\/catalogo\\\/wp-content\\\/uploads\\\/2026\\\/04\\\/branco-e-azul-camiseta-ipanema-dupla-face-branco-e-azul-2026-04-27-01-150x150.jpg 150w, https:\\\/\\\/www.movingfitnesswear.com\\\/catalogo\\\/wp-content\\\/uploads\\\/2026\\\/04\\\/branco-e-azul-camiseta-ipanema-dupla-face-branco-e-azul-2026-04-27-01-768x768.jpg 768w, https:\\\/\\\/www.movingfitnesswear.com\\\/catalogo\\\/wp-content\\\/uploads\\\/2026\\\/04\\\/branco-e-azul-camiseta-ipanema-dupla-face-branco-e-azul-2026-04-27-01-1536x1536.jpg 1536w, https:\\\/\\\/www.movingfitnesswear.com\\\/catalogo\\\/wp-content\\\/uploads\\\/2026\\\/04\\\/branco-e-azul-camiseta-ipanema-dupla-face-branco-e-azul-2026-04-27-01-2048x2048.jpg 2048w&quot;,&quot;sizes&quot;:&quot;(max-width: 600px) 100vw, 600px&quot;,&quot;full_src&quot;:&quot;https:\\\/\\\/www.movingfitnesswear.com\\\/catalogo\\\/wp-content\\\/uploads\\\/2026\\\/04\\\/branco-e-azul-camiseta-ipanema-dupla-face-branco-e-azul-2026-04-27-01.jpg&quot;,&quot;full_src_w&quot;:2500,&quot;full_src_h&quot;:2500,&quot;gallery_thumbnail_src&quot;:&quot;https:\\\/\\\/www.movingfitnesswear.com\\\/catalogo\\\/wp-content\\\/uploads\\\/2026\\\/04\\\/branco-e-azul-camiseta-ipanema-dupla-face-branco-e-azul-2026-04-27-01-100x100.jpg&quot;,&quot;gallery_thumbnail_src_w&quot;:100,&quot;gallery_thumbnail_src_h&quot;:100,&quot;thumb_src&quot;:&quot;https:\\\/\\\/www.movingfitnesswear.com\\\/catalogo\\\/wp-content\\\/uploads\\\/2026\\\/04\\\/branco-e-azul-camiseta-ipanema-dupla-face-branco-e-azul-2026-04-27-01-375x375.jpg&quot;,&quot;thumb_src_w&quot;:375,&quot;thumb_src_h&quot;:375,&quot;src_w&quot;:600,&quot;src_h&quot;:600},&quot;image_id&quot;:65537,&quot;is_downloadable&quot;:false,&quot;is_in_stock&quot;:true,&quot;is_purchasable&quot;:true,&quot;is_sold_individually&quot;:&quot;no&quot;,&quot;is_virtual&quot;:false,&quot;max_qty&quot;:&quot;&quot;,&quot;min_qty&quot;:1,&quot;price_html&quot;:&quot;&quot;,&quot;sku&quot;:&quot;CM7143AZM&quot;,&quot;variation_description&quot;:&quot;&quot;,&quot;variation_id&quot;:65581,&quot;variation_is_active&quot;:true,&quot;variation_is_visible&quot;:true,&quot;weight&quot;:&quot;&quot;,&quot;weight_html&quot;:&quot;N\\u00e3o aplic\\u00e1vel&quot;},{&quot;attributes&quot;:{&quot;attribute_pa_tamanho&quot;:&quot;g&quot;},&quot;availability_html&quot;:&quot;&quot;,&quot;backorders_allowed&quot;:false,&quot;dimensions&quot;:{&quot;length&quot;:&quot;&quot;,&quot;width&quot;:&quot;&quot;,&quot;height&quot;:&quot;&quot;},&quot;dimensions_html&quot;:&quot;N\\u00e3o aplic\\u00e1vel&quot;,&quot;display_price&quot;:54.95,&quot;display_regular_price&quot;:109.9,&quot;image&quot;:{&quot;title&quot;:&quot;branco-e-azul-camiseta-ipanema-dupla-face-branco-e-azul-2026-04-27-01&quot;,&quot;caption&quot;:&quot;&quot;,&quot;url&quot;:&quot;https:\\\/\\\/www.movingfitnesswear.com\\\/catalogo\\\/wp-content\\\/uploads\\\/2026\\\/04\\\/branco-e-azul-camiseta-ipanema-dupla-face-branco-e-azul-2026-04-27-01.jpg&quot;,&quot;alt&quot;:&quot;branco-e-azul-camiseta-ipanema-dupla-face-branco-e-azul-2026-04-27-01&quot;,&quot;src&quot;:&quot;https:\\\/\\\/www.movingfitnesswear.com\\\/catalogo\\\/wp-content\\\/uploads\\\/2026\\\/04\\\/branco-e-azul-camiseta-ipanema-dupla-face-branco-e-azul-2026-04-27-01-600x600.jpg&quot;,&quot;srcset&quot;:&quot;https:\\\/\\\/www.movingfitnesswear.com\\\/catalogo\\\/wp-content\\\/uploads\\\/2026\\\/04\\\/branco-e-azul-camiseta-ipanema-dupla-face-branco-e-azul-2026-04-27-01-600x600.jpg 600w, https:\\\/\\\/www.movingfitnesswear.com\\\/catalogo\\\/wp-content\\\/uploads\\\/2026\\\/04\\\/branco-e-azul-camiseta-ipanema-dupla-face-branco-e-azul-2026-04-27-01-375x375.jpg 375w, https:\\\/\\\/www.movingfitnesswear.com\\\/catalogo\\\/wp-content\\\/uploads\\\/2026\\\/04\\\/branco-e-azul-camiseta-ipanema-dupla-face-branco-e-azul-2026-04-27-01-100x100.jpg 100w, https:\\\/\\\/www.movingfitnesswear.com\\\/catalogo\\\/wp-content\\\/uploads\\\/2026\\\/04\\\/branco-e-azul-camiseta-ipanema-dupla-face-branco-e-azul-2026-04-27-01-64x64.jpg 64w, https:\\\/\\\/www.movingfitnesswear.com\\\/catalogo\\\/wp-content\\\/uploads\\\/2026\\\/04\\\/branco-e-azul-camiseta-ipanema-dupla-face-branco-e-azul-2026-04-27-01-300x300.jpg 300w, https:\\\/\\\/www.movingfitnesswear.com\\\/catalogo\\\/wp-content\\\/uploads\\\/2026\\\/04\\\/branco-e-azul-camiseta-ipanema-dupla-face-branco-e-azul-2026-04-27-01-1900x1900.jpg 1900w, https:\\\/\\\/www.movingfitnesswear.com\\\/catalogo\\\/wp-content\\\/uploads\\\/2026\\\/04\\\/branco-e-azul-camiseta-ipanema-dupla-face-branco-e-azul-2026-04-27-01-150x150.jpg 150w, https:\\\/\\\/www.movingfitnesswear.com\\\/catalogo\\\/wp-content\\\/uploads\\\/2026\\\/04\\\/branco-e-azul-camiseta-ipanema-dupla-face-branco-e-azul-2026-04-27-01-768x768.jpg 768w, https:\\\/\\\/www.movingfitnesswear.com\\\/catalogo\\\/wp-content\\\/uploads\\\/2026\\\/04\\\/branco-e-azul-camiseta-ipanema-dupla-face-branco-e-azul-2026-04-27-01-1536x1536.jpg 1536w, https:\\\/\\\/www.movingfitnesswear.com\\\/catalogo\\\/wp-content\\\/uploads\\\/2026\\\/04\\\/branco-e-azul-camiseta-ipanema-dupla-face-branco-e-azul-2026-04-27-01-2048x2048.jpg 2048w&quot;,&quot;sizes&quot;:&quot;(max-width: 600px) 100vw, 600px&quot;,&quot;full_src&quot;:&quot;https:\\\/\\\/www.movingfitnesswear.com\\\/catalogo\\\/wp-content\\\/uploads\\\/2026\\\/04\\\/branco-e-azul-camiseta-ipanema-dupla-face-branco-e-azul-2026-04-27-01.jpg&quot;,&quot;full_src_w&quot;:2500,&quot;full_src_h&quot;:2500,&quot;gallery_thumbnail_src&quot;:&quot;https:\\\/\\\/www.movingfitnesswear.com\\\/catalogo\\\/wp-content\\\/uploads\\\/2026\\\/04\\\/branco-e-azul-camiseta-ipanema-dupla-face-branco-e-azul-2026-04-27-01-100x100.jpg&quot;,&quot;gallery_thumbnail_src_w&quot;:100,&quot;gallery_thumbnail_src_h&quot;:100,&quot;thumb_src&quot;:&quot;https:\\\/\\\/www.movingfitnesswear.com\\\/catalogo\\\/wp-content\\\/uploads\\\/2026\\\/04\\\/branco-e-azul-camiseta-ipanema-dupla-face-branco-e-azul-2026-04-27-01-375x375.jpg&quot;,&quot;thumb_src_w&quot;:375,&quot;thumb_src_h&quot;:375,&quot;src_w&quot;:600,&quot;src_h&quot;:600},&quot;image_id&quot;:65537,&quot;is_downloadable&quot;:false,&quot;is_in_stock&quot;:true,&quot;is_purchasable&quot;:true,&quot;is_sold_individually&quot;:&quot;no&quot;,&quot;is_virtual&quot;:false,&quot;max_qty&quot;:&quot;&quot;,&quot;min_qty&quot;:1,&quot;price_html&quot;:&quot;&quot;,&quot;sku&quot;:&quot;CM7143AZG&quot;,&quot;variation_description&quot;:&quot;&quot;,&quot;variation_id&quot;:65582,&quot;variation_is_active&quot;:true,&quot;variation_is_visible&quot;:true,&quot;weight&quot;:&quot;&quot;,&quot;weight_html&quot;:&quot;N\\u00e3o aplic\\u00e1vel&quot;}]\">\n\t\n\t\t\t<table class=\"variations\" cellspacing=\"0\" role=\"presentation\">\n\t\t\t<tbody>\n\t\t\t\t\t\t\t\t\t<tr>\n\t\t\t\t\t\t<th class=\"label\"><label for=\"pa_tamanho\">Tamanho<\/label><\/th>\n\t\t\t\t\t\t<td class=\"value\">\n\t\t\t\t\t\t\t<select id=\"pa_tamanho\" class=\"\" name=\"attribute_pa_tamanho\" data-attribute_name=\"attribute_pa_tamanho\" data-show_option_none=\"yes\"><option value=\"\">Escolha uma op\u00e7\u00e3o<\/option><option value=\"g\" >G<\/option><option value=\"m\"  selected='selected'>M<\/option><option value=\"p\" >P<\/option><\/select><a class=\"reset_variations\" href=\"#\" aria-label=\"Limpar op\u00e7\u00f5es\">Limpar<\/a>\t\t\t\t\t\t<\/td>\n\t\t\t\t\t<\/tr>\n\t\t\t\t\t\t\t<\/tbody>\n\t\t<\/table>\n\t\t<div class=\"reset_variations_alert screen-reader-text\" role=\"alert\" aria-live=\"polite\" aria-relevant=\"all\"><\/div>\n\t\t\n\t\t<div class=\"single_variation_wrap\">\n\t\t\t<div class=\"woocommerce-variation single_variation\" role=\"alert\" aria-relevant=\"additions\"><\/div><div class=\"woocommerce-variation-add-to-cart variations_button\">\n\t\n\t<div class=\"quantity\">\n\t\t<label class=\"screen-reader-text\" for=\"quantity_69f16c3b7b44a\">CAMISETA IPANEMA DUPLA-FACE BRANCO E AZUL quantidade<\/label>\n\t<input\n\t\ttype=\"number\"\n\t\t\t\tid=\"quantity_69f16c3b7b44a\"\n\t\tclass=\"input-text qty text\"\n\t\tname=\"quantity\"\n\t\tvalue=\"1\"\n\t\taria-label=\"Quantidade de produto\"\n\t\t\t\tmin=\"1\"\n\t\t\t\t\t\t\tstep=\"1\"\n\t\t\tplaceholder=\"\"\n\t\t\tinputmode=\"numeric\"\n\t\t\tautocomplete=\"off\"\n\t\t\t\/>\n\t<\/div>\n\n\t<button type=\"submit\" class=\"single_add_to_cart_button button alt\">Adicionar ao carrinho<\/button>\n\n\t        <button type=\"button\" class=\"xt_wooqv-button xt_wooqv-more-info button\" onclick=\"location.href='https:\/\/www.movingfitnesswear.com\/catalogo\/catalog\/camiseta-ipanema-dupla-face-branco-e-azul\/'\">More info<\/button>\n        \n\t<input type=\"hidden\" name=\"add-to-cart\" value=\"65579\" \/>\n\t<input type=\"hidden\" name=\"product_id\" value=\"65579\" \/>\n\t<input type=\"hidden\" name=\"variation_id\" class=\"variation_id\" value=\"0\" \/>\n<\/div>\n\t\t<\/div>\n\t\n\t<\/form>\n\n\n    <\/div>\n<\/div>\n\t\n\t<div class=\"info-produto hidden\"><small class=\"attr attr-product-id\">65579<\/small><small class=\"attr attr-product-regular-price\"><\/small><small class=\"attr attr-product-sale-price\"><\/small><\/div>\n<\/div>\n\n<\/template><\/a><\/span><a href=\"https:\/\/www.movingfitnesswear.com\/catalogo\/catalog\/camiseta-ipanema-dupla-face-branco-e-azul\/\" aria-describedby=\"woocommerce_loop_add_to_cart_link_describedby_65579\" data-quantity=\"1\" class=\"button product_type_variable add_to_cart_button\" data-product_id=\"65579\" data-product_sku=\"CM7143\" aria-label=\"Selecione as op\u00e7\u00f5es para &ldquo;CAMISETA IPANEMA DUPLA-FACE BRANCO E AZUL&rdquo;\" rel=\"nofollow\">Ver op\u00e7\u00f5es<\/a>\t<span id=\"woocommerce_loop_add_to_cart_link_describedby_65579\" class=\"screen-reader-text\">\n\t\tEste produto tem v\u00e1rias variantes. As op\u00e7\u00f5es podem ser escolhidas na p\u00e1gina do produto\t<\/span>\n<\/li>\n<li class=\"sales-flash-overlay woocommerce-text-align-center woocommerce-image-align-center do-quantity-buttons wc-has-gallery xt_wooqv-pos-before product type-product post-65587 status-publish instock product_cat-body product_tag-body-samba-dupla-face-verde-e-amarelo has-post-thumbnail sale shipping-taxable purchasable product-type-variable has-default-attributes\">\n\t<a href=\"https:\/\/www.movingfitnesswear.com\/catalogo\/catalog\/body-samba-dupla-face-verde-e-amarelo\/\" class=\"woocommerce-LoopProduct-link woocommerce-loop-product__link\"><div class=\"xtfw-wc-product-image xt_wooqv-image-wrapper\">\n\t<span class=\"onsale\">Oferta!<\/span>\n\t<img loading=\"lazy\" decoding=\"async\" width=\"375\" height=\"375\" src=\"https:\/\/www.movingfitnesswear.com\/catalogo\/wp-content\/uploads\/2026\/04\/verde-e-amarelo-body-samba-dupla-face-verde-e-amarelo-2026-04-27-01-375x375.jpg\" class=\"attachment-woocommerce_thumbnail size-woocommerce_thumbnail\" alt=\"BODY SAMBA DUPLA-FACE VERDE E AMARELO\" srcset=\"https:\/\/www.movingfitnesswear.com\/catalogo\/wp-content\/uploads\/2026\/04\/verde-e-amarelo-body-samba-dupla-face-verde-e-amarelo-2026-04-27-01-375x375.jpg 375w, https:\/\/www.movingfitnesswear.com\/catalogo\/wp-content\/uploads\/2026\/04\/verde-e-amarelo-body-samba-dupla-face-verde-e-amarelo-2026-04-27-01-100x100.jpg 100w, https:\/\/www.movingfitnesswear.com\/catalogo\/wp-content\/uploads\/2026\/04\/verde-e-amarelo-body-samba-dupla-face-verde-e-amarelo-2026-04-27-01-600x600.jpg 600w, https:\/\/www.movingfitnesswear.com\/catalogo\/wp-content\/uploads\/2026\/04\/verde-e-amarelo-body-samba-dupla-face-verde-e-amarelo-2026-04-27-01-64x64.jpg 64w, https:\/\/www.movingfitnesswear.com\/catalogo\/wp-content\/uploads\/2026\/04\/verde-e-amarelo-body-samba-dupla-face-verde-e-amarelo-2026-04-27-01-300x300.jpg 300w, https:\/\/www.movingfitnesswear.com\/catalogo\/wp-content\/uploads\/2026\/04\/verde-e-amarelo-body-samba-dupla-face-verde-e-amarelo-2026-04-27-01-1900x1900.jpg 1900w, https:\/\/www.movingfitnesswear.com\/catalogo\/wp-content\/uploads\/2026\/04\/verde-e-amarelo-body-samba-dupla-face-verde-e-amarelo-2026-04-27-01-150x150.jpg 150w, https:\/\/www.movingfitnesswear.com\/catalogo\/wp-content\/uploads\/2026\/04\/verde-e-amarelo-body-samba-dupla-face-verde-e-amarelo-2026-04-27-01-768x768.jpg 768w, https:\/\/www.movingfitnesswear.com\/catalogo\/wp-content\/uploads\/2026\/04\/verde-e-amarelo-body-samba-dupla-face-verde-e-amarelo-2026-04-27-01-1536x1536.jpg 1536w, https:\/\/www.movingfitnesswear.com\/catalogo\/wp-content\/uploads\/2026\/04\/verde-e-amarelo-body-samba-dupla-face-verde-e-amarelo-2026-04-27-01-2048x2048.jpg 2048w\" sizes=\"auto, (max-width: 375px) 100vw, 375px\" \/><img loading=\"lazy\" decoding=\"async\" width=\"2500\" height=\"2500\" src=\"https:\/\/www.movingfitnesswear.com\/catalogo\/wp-content\/uploads\/2026\/04\/verde-e-amarelo-body-samba-dupla-face-verde-e-amarelo-2026-04-27-02.jpg\" class=\"secondary-image attachment-shop-catalog\" alt=\"\" srcset=\"https:\/\/www.movingfitnesswear.com\/catalogo\/wp-content\/uploads\/2026\/04\/verde-e-amarelo-body-samba-dupla-face-verde-e-amarelo-2026-04-27-02.jpg 2500w, https:\/\/www.movingfitnesswear.com\/catalogo\/wp-content\/uploads\/2026\/04\/verde-e-amarelo-body-samba-dupla-face-verde-e-amarelo-2026-04-27-02-375x375.jpg 375w, https:\/\/www.movingfitnesswear.com\/catalogo\/wp-content\/uploads\/2026\/04\/verde-e-amarelo-body-samba-dupla-face-verde-e-amarelo-2026-04-27-02-100x100.jpg 100w, https:\/\/www.movingfitnesswear.com\/catalogo\/wp-content\/uploads\/2026\/04\/verde-e-amarelo-body-samba-dupla-face-verde-e-amarelo-2026-04-27-02-600x600.jpg 600w, https:\/\/www.movingfitnesswear.com\/catalogo\/wp-content\/uploads\/2026\/04\/verde-e-amarelo-body-samba-dupla-face-verde-e-amarelo-2026-04-27-02-64x64.jpg 64w, https:\/\/www.movingfitnesswear.com\/catalogo\/wp-content\/uploads\/2026\/04\/verde-e-amarelo-body-samba-dupla-face-verde-e-amarelo-2026-04-27-02-300x300.jpg 300w, https:\/\/www.movingfitnesswear.com\/catalogo\/wp-content\/uploads\/2026\/04\/verde-e-amarelo-body-samba-dupla-face-verde-e-amarelo-2026-04-27-02-1900x1900.jpg 1900w, https:\/\/www.movingfitnesswear.com\/catalogo\/wp-content\/uploads\/2026\/04\/verde-e-amarelo-body-samba-dupla-face-verde-e-amarelo-2026-04-27-02-150x150.jpg 150w, https:\/\/www.movingfitnesswear.com\/catalogo\/wp-content\/uploads\/2026\/04\/verde-e-amarelo-body-samba-dupla-face-verde-e-amarelo-2026-04-27-02-768x768.jpg 768w, https:\/\/www.movingfitnesswear.com\/catalogo\/wp-content\/uploads\/2026\/04\/verde-e-amarelo-body-samba-dupla-face-verde-e-amarelo-2026-04-27-02-1536x1536.jpg 1536w, https:\/\/www.movingfitnesswear.com\/catalogo\/wp-content\/uploads\/2026\/04\/verde-e-amarelo-body-samba-dupla-face-verde-e-amarelo-2026-04-27-02-2048x2048.jpg 2048w\" sizes=\"auto, (max-width: 2500px) 100vw, 2500px\" \/><\/div><h2 class=\"woocommerce-loop-product__title\">BODY SAMBA DUPLA-FACE VERDE E AMARELO<\/h2>\n\t<span class=\"price\"><del aria-hidden=\"true\"><span class=\"woocommerce-Price-amount amount\"><bdi><span class=\"woocommerce-Price-currencySymbol\">&#82;&#36;<\/span>129,90<\/bdi><\/span><\/del> <span class=\"screen-reader-text\">O pre\u00e7o original era: &#082;&#036;129,90.<\/span><ins aria-hidden=\"true\"><span class=\"woocommerce-Price-amount amount\"><bdi><span class=\"woocommerce-Price-currencySymbol\">&#82;&#36;<\/span>64,95<\/bdi><\/span><\/ins><span class=\"screen-reader-text\">O pre\u00e7o atual \u00e9: &#082;&#036;64,95.<\/span><\/span>\n<div class=\"info-produto hidden\"><small class=\"attr attr-product-id\">65587<\/small><small class=\"attr attr-product-regular-price\"><\/small><small class=\"attr attr-product-sale-price\"><\/small><\/div><\/a><span class=\"xt_wooqv-show-on-all\"><a \n\t\t    href=\"#\" \n\t\t    class=\"xt_wooqv-trigger button alt  xt_wooqv-before xt_wooqv-icontype-font\" \n\t\t    data-uniqid=\"69f16c3b80b66\"\n\t\t    data-id=\"65587\" \n\t\t    data-variation=\"65589\" \n\t\t    data-url=\"https:\/\/www.movingfitnesswear.com\/catalogo\/catalog\/body-samba-dupla-face-verde-e-amarelo\/\"\n        ><span class=\"xt_wooqv-trigger-icon\"><\/span><span>Quick View<\/span><template id=\"xt_wooqv-quickview-69f16c3b80b66\" class=\"xt_wooqv-template\">\n<div id=\"xt_wooqv-product-65587\" class=\"product xt_wooqv-product post-65587 type-product status-publish has-post-thumbnail product_cat-body product_tag-body-samba-dupla-face-verde-e-amarelo  sales-flash-overlay woocommerce-text-align-center wc-related-upsell-columns-4 wc-related-upsell-tablet-columns-2 wc-related-upsell-mobile-columns-1 do-quantity-buttons wc-has-gallery xt_wooqv-pos-before last instock sale shipping-taxable purchasable product-type-variable has-default-attributes\">\n\n    <span class=\"xt_wooqv-close-icon xt_wooqv-close-icon-desktop xt_wooqvicon-cancel-4\"><\/span>\n    <span class=\"xt_wooqv-close-icon xt_wooqv-close-icon-mobile xt_wooqvicon-cancel-4\"><\/span>\n\t\n<div class=\"xt_wooqv-slider-wrapper\" data-attachments=\"6\">\n\n\t<ul class=\"xt_wooqv-slider\">\n\t\t<li data-thumb=\"https:\/\/www.movingfitnesswear.com\/catalogo\/wp-content\/uploads\/2026\/04\/verde-e-amarelo-body-samba-dupla-face-verde-e-amarelo-2026-04-27-01-100x100.jpg\" data-src=\"https:\/\/www.movingfitnesswear.com\/catalogo\/wp-content\/uploads\/2026\/04\/verde-e-amarelo-body-samba-dupla-face-verde-e-amarelo-2026-04-27-01-600x600.jpg\" itemprop=\"image\" title=\"\" style=\"background-image:url(https:\/\/www.movingfitnesswear.com\/catalogo\/wp-content\/uploads\/2026\/04\/verde-e-amarelo-body-samba-dupla-face-verde-e-amarelo-2026-04-27-01-600x600.jpg)\"><img loading=\"lazy\" decoding=\"async\" src=\"https:\/\/www.movingfitnesswear.com\/catalogo\/wp-content\/uploads\/2026\/04\/verde-e-amarelo-body-samba-dupla-face-verde-e-amarelo-2026-04-27-01-600x600.jpg\" width=\"600\" height=\"600\" \/><\/li><li data-thumb=\"https:\/\/www.movingfitnesswear.com\/catalogo\/wp-content\/uploads\/2026\/04\/verde-e-amarelo-body-samba-dupla-face-verde-e-amarelo-2026-04-27-02-100x100.jpg\" data-src=\"https:\/\/www.movingfitnesswear.com\/catalogo\/wp-content\/uploads\/2026\/04\/verde-e-amarelo-body-samba-dupla-face-verde-e-amarelo-2026-04-27-02-600x600.jpg\" itemprop=\"image\" title=\"\" style=\"background-image:url(https:\/\/www.movingfitnesswear.com\/catalogo\/wp-content\/uploads\/2026\/04\/verde-e-amarelo-body-samba-dupla-face-verde-e-amarelo-2026-04-27-02-600x600.jpg)\"><img loading=\"lazy\" decoding=\"async\" src=\"https:\/\/www.movingfitnesswear.com\/catalogo\/wp-content\/uploads\/2026\/04\/verde-e-amarelo-body-samba-dupla-face-verde-e-amarelo-2026-04-27-02-600x600.jpg\" width=\"600\" height=\"600\" \/><\/li><li data-thumb=\"https:\/\/www.movingfitnesswear.com\/catalogo\/wp-content\/uploads\/2026\/04\/verde-e-amarelo-body-samba-dupla-face-verde-e-amarelo-2026-04-27-03-100x100.jpg\" data-src=\"https:\/\/www.movingfitnesswear.com\/catalogo\/wp-content\/uploads\/2026\/04\/verde-e-amarelo-body-samba-dupla-face-verde-e-amarelo-2026-04-27-03-600x600.jpg\" itemprop=\"image\" title=\"\" style=\"background-image:url(https:\/\/www.movingfitnesswear.com\/catalogo\/wp-content\/uploads\/2026\/04\/verde-e-amarelo-body-samba-dupla-face-verde-e-amarelo-2026-04-27-03-600x600.jpg)\"><img loading=\"lazy\" decoding=\"async\" src=\"https:\/\/www.movingfitnesswear.com\/catalogo\/wp-content\/uploads\/2026\/04\/verde-e-amarelo-body-samba-dupla-face-verde-e-amarelo-2026-04-27-03-600x600.jpg\" width=\"600\" height=\"600\" \/><\/li><li data-thumb=\"https:\/\/www.movingfitnesswear.com\/catalogo\/wp-content\/uploads\/2026\/04\/verde-e-amarelo-body-samba-dupla-face-verde-e-amarelo-2026-04-27-04-100x100.jpg\" data-src=\"https:\/\/www.movingfitnesswear.com\/catalogo\/wp-content\/uploads\/2026\/04\/verde-e-amarelo-body-samba-dupla-face-verde-e-amarelo-2026-04-27-04-600x600.jpg\" itemprop=\"image\" title=\"\" style=\"background-image:url(https:\/\/www.movingfitnesswear.com\/catalogo\/wp-content\/uploads\/2026\/04\/verde-e-amarelo-body-samba-dupla-face-verde-e-amarelo-2026-04-27-04-600x600.jpg)\"><img loading=\"lazy\" decoding=\"async\" src=\"https:\/\/www.movingfitnesswear.com\/catalogo\/wp-content\/uploads\/2026\/04\/verde-e-amarelo-body-samba-dupla-face-verde-e-amarelo-2026-04-27-04-600x600.jpg\" width=\"600\" height=\"600\" \/><\/li><li data-thumb=\"https:\/\/www.movingfitnesswear.com\/catalogo\/wp-content\/uploads\/2026\/04\/verde-e-amarelo-body-samba-dupla-face-verde-e-amarelo-2026-04-27-05-100x100.jpg\" data-src=\"https:\/\/www.movingfitnesswear.com\/catalogo\/wp-content\/uploads\/2026\/04\/verde-e-amarelo-body-samba-dupla-face-verde-e-amarelo-2026-04-27-05-600x600.jpg\" itemprop=\"image\" title=\"\" style=\"background-image:url(https:\/\/www.movingfitnesswear.com\/catalogo\/wp-content\/uploads\/2026\/04\/verde-e-amarelo-body-samba-dupla-face-verde-e-amarelo-2026-04-27-05-600x600.jpg)\"><img loading=\"lazy\" decoding=\"async\" src=\"https:\/\/www.movingfitnesswear.com\/catalogo\/wp-content\/uploads\/2026\/04\/verde-e-amarelo-body-samba-dupla-face-verde-e-amarelo-2026-04-27-05-600x600.jpg\" width=\"600\" height=\"600\" \/><\/li><li data-thumb=\"https:\/\/www.movingfitnesswear.com\/catalogo\/wp-content\/uploads\/2026\/04\/verde-e-amarelo-body-samba-dupla-face-verde-e-amarelo-2026-04-27-06-100x100.jpg\" data-src=\"https:\/\/www.movingfitnesswear.com\/catalogo\/wp-content\/uploads\/2026\/04\/verde-e-amarelo-body-samba-dupla-face-verde-e-amarelo-2026-04-27-06-600x600.jpg\" itemprop=\"image\" title=\"\" style=\"background-image:url(https:\/\/www.movingfitnesswear.com\/catalogo\/wp-content\/uploads\/2026\/04\/verde-e-amarelo-body-samba-dupla-face-verde-e-amarelo-2026-04-27-06-600x600.jpg)\"><img loading=\"lazy\" decoding=\"async\" src=\"https:\/\/www.movingfitnesswear.com\/catalogo\/wp-content\/uploads\/2026\/04\/verde-e-amarelo-body-samba-dupla-face-verde-e-amarelo-2026-04-27-06-600x600.jpg\" width=\"600\" height=\"600\" \/><\/li>\t<\/ul>\n\t\n<\/div> \n\t<div class=\"xt_wooqv-item-info\">\n    <div class=\"xt_wooqv-item-info-inner\">\n\n        <h1 class=\"product_title entry-title\">BODY SAMBA DUPLA-FACE VERDE E AMARELO<\/h1><p class=\"price\"><del aria-hidden=\"true\"><span class=\"woocommerce-Price-amount amount\"><bdi><span class=\"woocommerce-Price-currencySymbol\">&#82;&#36;<\/span>129,90<\/bdi><\/span><\/del> <span class=\"screen-reader-text\">O pre\u00e7o original era: &#082;&#036;129,90.<\/span><ins aria-hidden=\"true\"><span class=\"woocommerce-Price-amount amount\"><bdi><span class=\"woocommerce-Price-currencySymbol\">&#82;&#36;<\/span>64,95<\/bdi><\/span><\/ins><span class=\"screen-reader-text\">O pre\u00e7o atual \u00e9: &#082;&#036;64,95.<\/span><\/p>\n<div class=\"product_meta\">\n\n\t\n\t\n\t\t<span class=\"sku_wrapper\">SKU: <span class=\"sku\">BD7045<\/span><\/span>\n\n\t\n\t<span class=\"posted_in\">Categoria: <a href=\"https:\/\/www.movingfitnesswear.com\/catalogo\/catalog\/cat\/body\/\" rel=\"tag\">BODY<\/a><\/span>\n\t<span class=\"tagged_as\">Tag: <a href=\"https:\/\/www.movingfitnesswear.com\/catalogo\/catalog\/tag\/body-samba-dupla-face-verde-e-amarelo\/\" rel=\"tag\">BODY SAMBA DUPLA-FACE VERDE E AMARELO<\/a><\/span>\n\t\n<\/div>\n\n<form class=\"variations_form cart\" action=\"https:\/\/www.movingfitnesswear.com\/catalogo\/catalog\/body-samba-dupla-face-verde-e-amarelo\/\" method=\"post\" enctype='multipart\/form-data' data-product_id=\"65587\" data-product_variations=\"[{&quot;attributes&quot;:{&quot;attribute_pa_tamanho&quot;:&quot;p&quot;},&quot;availability_html&quot;:&quot;&quot;,&quot;backorders_allowed&quot;:false,&quot;dimensions&quot;:{&quot;length&quot;:&quot;&quot;,&quot;width&quot;:&quot;&quot;,&quot;height&quot;:&quot;&quot;},&quot;dimensions_html&quot;:&quot;N\\u00e3o aplic\\u00e1vel&quot;,&quot;display_price&quot;:64.95,&quot;display_regular_price&quot;:129.9,&quot;image&quot;:{&quot;title&quot;:&quot;verde-e-amarelo-body-samba-dupla-face-verde-e-amarelo-2026-04-27-01&quot;,&quot;caption&quot;:&quot;&quot;,&quot;url&quot;:&quot;https:\\\/\\\/www.movingfitnesswear.com\\\/catalogo\\\/wp-content\\\/uploads\\\/2026\\\/04\\\/verde-e-amarelo-body-samba-dupla-face-verde-e-amarelo-2026-04-27-01.jpg&quot;,&quot;alt&quot;:&quot;verde-e-amarelo-body-samba-dupla-face-verde-e-amarelo-2026-04-27-01&quot;,&quot;src&quot;:&quot;https:\\\/\\\/www.movingfitnesswear.com\\\/catalogo\\\/wp-content\\\/uploads\\\/2026\\\/04\\\/verde-e-amarelo-body-samba-dupla-face-verde-e-amarelo-2026-04-27-01-600x600.jpg&quot;,&quot;srcset&quot;:&quot;https:\\\/\\\/www.movingfitnesswear.com\\\/catalogo\\\/wp-content\\\/uploads\\\/2026\\\/04\\\/verde-e-amarelo-body-samba-dupla-face-verde-e-amarelo-2026-04-27-01-600x600.jpg 600w, https:\\\/\\\/www.movingfitnesswear.com\\\/catalogo\\\/wp-content\\\/uploads\\\/2026\\\/04\\\/verde-e-amarelo-body-samba-dupla-face-verde-e-amarelo-2026-04-27-01-375x375.jpg 375w, https:\\\/\\\/www.movingfitnesswear.com\\\/catalogo\\\/wp-content\\\/uploads\\\/2026\\\/04\\\/verde-e-amarelo-body-samba-dupla-face-verde-e-amarelo-2026-04-27-01-100x100.jpg 100w, https:\\\/\\\/www.movingfitnesswear.com\\\/catalogo\\\/wp-content\\\/uploads\\\/2026\\\/04\\\/verde-e-amarelo-body-samba-dupla-face-verde-e-amarelo-2026-04-27-01-64x64.jpg 64w, https:\\\/\\\/www.movingfitnesswear.com\\\/catalogo\\\/wp-content\\\/uploads\\\/2026\\\/04\\\/verde-e-amarelo-body-samba-dupla-face-verde-e-amarelo-2026-04-27-01-300x300.jpg 300w, https:\\\/\\\/www.movingfitnesswear.com\\\/catalogo\\\/wp-content\\\/uploads\\\/2026\\\/04\\\/verde-e-amarelo-body-samba-dupla-face-verde-e-amarelo-2026-04-27-01-1900x1900.jpg 1900w, https:\\\/\\\/www.movingfitnesswear.com\\\/catalogo\\\/wp-content\\\/uploads\\\/2026\\\/04\\\/verde-e-amarelo-body-samba-dupla-face-verde-e-amarelo-2026-04-27-01-150x150.jpg 150w, https:\\\/\\\/www.movingfitnesswear.com\\\/catalogo\\\/wp-content\\\/uploads\\\/2026\\\/04\\\/verde-e-amarelo-body-samba-dupla-face-verde-e-amarelo-2026-04-27-01-768x768.jpg 768w, https:\\\/\\\/www.movingfitnesswear.com\\\/catalogo\\\/wp-content\\\/uploads\\\/2026\\\/04\\\/verde-e-amarelo-body-samba-dupla-face-verde-e-amarelo-2026-04-27-01-1536x1536.jpg 1536w, https:\\\/\\\/www.movingfitnesswear.com\\\/catalogo\\\/wp-content\\\/uploads\\\/2026\\\/04\\\/verde-e-amarelo-body-samba-dupla-face-verde-e-amarelo-2026-04-27-01-2048x2048.jpg 2048w&quot;,&quot;sizes&quot;:&quot;(max-width: 600px) 100vw, 600px&quot;,&quot;full_src&quot;:&quot;https:\\\/\\\/www.movingfitnesswear.com\\\/catalogo\\\/wp-content\\\/uploads\\\/2026\\\/04\\\/verde-e-amarelo-body-samba-dupla-face-verde-e-amarelo-2026-04-27-01.jpg&quot;,&quot;full_src_w&quot;:2500,&quot;full_src_h&quot;:2500,&quot;gallery_thumbnail_src&quot;:&quot;https:\\\/\\\/www.movingfitnesswear.com\\\/catalogo\\\/wp-content\\\/uploads\\\/2026\\\/04\\\/verde-e-amarelo-body-samba-dupla-face-verde-e-amarelo-2026-04-27-01-100x100.jpg&quot;,&quot;gallery_thumbnail_src_w&quot;:100,&quot;gallery_thumbnail_src_h&quot;:100,&quot;thumb_src&quot;:&quot;https:\\\/\\\/www.movingfitnesswear.com\\\/catalogo\\\/wp-content\\\/uploads\\\/2026\\\/04\\\/verde-e-amarelo-body-samba-dupla-face-verde-e-amarelo-2026-04-27-01-375x375.jpg&quot;,&quot;thumb_src_w&quot;:375,&quot;thumb_src_h&quot;:375,&quot;src_w&quot;:600,&quot;src_h&quot;:600},&quot;image_id&quot;:65547,&quot;is_downloadable&quot;:false,&quot;is_in_stock&quot;:true,&quot;is_purchasable&quot;:true,&quot;is_sold_individually&quot;:&quot;no&quot;,&quot;is_virtual&quot;:false,&quot;max_qty&quot;:&quot;&quot;,&quot;min_qty&quot;:1,&quot;price_html&quot;:&quot;&quot;,&quot;sku&quot;:&quot;BD7045AMP&quot;,&quot;variation_description&quot;:&quot;&quot;,&quot;variation_id&quot;:65588,&quot;variation_is_active&quot;:true,&quot;variation_is_visible&quot;:true,&quot;weight&quot;:&quot;&quot;,&quot;weight_html&quot;:&quot;N\\u00e3o aplic\\u00e1vel&quot;},{&quot;attributes&quot;:{&quot;attribute_pa_tamanho&quot;:&quot;m&quot;},&quot;availability_html&quot;:&quot;&quot;,&quot;backorders_allowed&quot;:false,&quot;dimensions&quot;:{&quot;length&quot;:&quot;&quot;,&quot;width&quot;:&quot;&quot;,&quot;height&quot;:&quot;&quot;},&quot;dimensions_html&quot;:&quot;N\\u00e3o aplic\\u00e1vel&quot;,&quot;display_price&quot;:64.95,&quot;display_regular_price&quot;:129.9,&quot;image&quot;:{&quot;title&quot;:&quot;verde-e-amarelo-body-samba-dupla-face-verde-e-amarelo-2026-04-27-01&quot;,&quot;caption&quot;:&quot;&quot;,&quot;url&quot;:&quot;https:\\\/\\\/www.movingfitnesswear.com\\\/catalogo\\\/wp-content\\\/uploads\\\/2026\\\/04\\\/verde-e-amarelo-body-samba-dupla-face-verde-e-amarelo-2026-04-27-01.jpg&quot;,&quot;alt&quot;:&quot;verde-e-amarelo-body-samba-dupla-face-verde-e-amarelo-2026-04-27-01&quot;,&quot;src&quot;:&quot;https:\\\/\\\/www.movingfitnesswear.com\\\/catalogo\\\/wp-content\\\/uploads\\\/2026\\\/04\\\/verde-e-amarelo-body-samba-dupla-face-verde-e-amarelo-2026-04-27-01-600x600.jpg&quot;,&quot;srcset&quot;:&quot;https:\\\/\\\/www.movingfitnesswear.com\\\/catalogo\\\/wp-content\\\/uploads\\\/2026\\\/04\\\/verde-e-amarelo-body-samba-dupla-face-verde-e-amarelo-2026-04-27-01-600x600.jpg 600w, https:\\\/\\\/www.movingfitnesswear.com\\\/catalogo\\\/wp-content\\\/uploads\\\/2026\\\/04\\\/verde-e-amarelo-body-samba-dupla-face-verde-e-amarelo-2026-04-27-01-375x375.jpg 375w, https:\\\/\\\/www.movingfitnesswear.com\\\/catalogo\\\/wp-content\\\/uploads\\\/2026\\\/04\\\/verde-e-amarelo-body-samba-dupla-face-verde-e-amarelo-2026-04-27-01-100x100.jpg 100w, https:\\\/\\\/www.movingfitnesswear.com\\\/catalogo\\\/wp-content\\\/uploads\\\/2026\\\/04\\\/verde-e-amarelo-body-samba-dupla-face-verde-e-amarelo-2026-04-27-01-64x64.jpg 64w, https:\\\/\\\/www.movingfitnesswear.com\\\/catalogo\\\/wp-content\\\/uploads\\\/2026\\\/04\\\/verde-e-amarelo-body-samba-dupla-face-verde-e-amarelo-2026-04-27-01-300x300.jpg 300w, https:\\\/\\\/www.movingfitnesswear.com\\\/catalogo\\\/wp-content\\\/uploads\\\/2026\\\/04\\\/verde-e-amarelo-body-samba-dupla-face-verde-e-amarelo-2026-04-27-01-1900x1900.jpg 1900w, https:\\\/\\\/www.movingfitnesswear.com\\\/catalogo\\\/wp-content\\\/uploads\\\/2026\\\/04\\\/verde-e-amarelo-body-samba-dupla-face-verde-e-amarelo-2026-04-27-01-150x150.jpg 150w, https:\\\/\\\/www.movingfitnesswear.com\\\/catalogo\\\/wp-content\\\/uploads\\\/2026\\\/04\\\/verde-e-amarelo-body-samba-dupla-face-verde-e-amarelo-2026-04-27-01-768x768.jpg 768w, https:\\\/\\\/www.movingfitnesswear.com\\\/catalogo\\\/wp-content\\\/uploads\\\/2026\\\/04\\\/verde-e-amarelo-body-samba-dupla-face-verde-e-amarelo-2026-04-27-01-1536x1536.jpg 1536w, https:\\\/\\\/www.movingfitnesswear.com\\\/catalogo\\\/wp-content\\\/uploads\\\/2026\\\/04\\\/verde-e-amarelo-body-samba-dupla-face-verde-e-amarelo-2026-04-27-01-2048x2048.jpg 2048w&quot;,&quot;sizes&quot;:&quot;(max-width: 600px) 100vw, 600px&quot;,&quot;full_src&quot;:&quot;https:\\\/\\\/www.movingfitnesswear.com\\\/catalogo\\\/wp-content\\\/uploads\\\/2026\\\/04\\\/verde-e-amarelo-body-samba-dupla-face-verde-e-amarelo-2026-04-27-01.jpg&quot;,&quot;full_src_w&quot;:2500,&quot;full_src_h&quot;:2500,&quot;gallery_thumbnail_src&quot;:&quot;https:\\\/\\\/www.movingfitnesswear.com\\\/catalogo\\\/wp-content\\\/uploads\\\/2026\\\/04\\\/verde-e-amarelo-body-samba-dupla-face-verde-e-amarelo-2026-04-27-01-100x100.jpg&quot;,&quot;gallery_thumbnail_src_w&quot;:100,&quot;gallery_thumbnail_src_h&quot;:100,&quot;thumb_src&quot;:&quot;https:\\\/\\\/www.movingfitnesswear.com\\\/catalogo\\\/wp-content\\\/uploads\\\/2026\\\/04\\\/verde-e-amarelo-body-samba-dupla-face-verde-e-amarelo-2026-04-27-01-375x375.jpg&quot;,&quot;thumb_src_w&quot;:375,&quot;thumb_src_h&quot;:375,&quot;src_w&quot;:600,&quot;src_h&quot;:600},&quot;image_id&quot;:65547,&quot;is_downloadable&quot;:false,&quot;is_in_stock&quot;:true,&quot;is_purchasable&quot;:true,&quot;is_sold_individually&quot;:&quot;no&quot;,&quot;is_virtual&quot;:false,&quot;max_qty&quot;:&quot;&quot;,&quot;min_qty&quot;:1,&quot;price_html&quot;:&quot;&quot;,&quot;sku&quot;:&quot;BD7045AMM&quot;,&quot;variation_description&quot;:&quot;&quot;,&quot;variation_id&quot;:65589,&quot;variation_is_active&quot;:true,&quot;variation_is_visible&quot;:true,&quot;weight&quot;:&quot;&quot;,&quot;weight_html&quot;:&quot;N\\u00e3o aplic\\u00e1vel&quot;},{&quot;attributes&quot;:{&quot;attribute_pa_tamanho&quot;:&quot;g&quot;},&quot;availability_html&quot;:&quot;&quot;,&quot;backorders_allowed&quot;:false,&quot;dimensions&quot;:{&quot;length&quot;:&quot;&quot;,&quot;width&quot;:&quot;&quot;,&quot;height&quot;:&quot;&quot;},&quot;dimensions_html&quot;:&quot;N\\u00e3o aplic\\u00e1vel&quot;,&quot;display_price&quot;:64.95,&quot;display_regular_price&quot;:129.9,&quot;image&quot;:{&quot;title&quot;:&quot;verde-e-amarelo-body-samba-dupla-face-verde-e-amarelo-2026-04-27-01&quot;,&quot;caption&quot;:&quot;&quot;,&quot;url&quot;:&quot;https:\\\/\\\/www.movingfitnesswear.com\\\/catalogo\\\/wp-content\\\/uploads\\\/2026\\\/04\\\/verde-e-amarelo-body-samba-dupla-face-verde-e-amarelo-2026-04-27-01.jpg&quot;,&quot;alt&quot;:&quot;verde-e-amarelo-body-samba-dupla-face-verde-e-amarelo-2026-04-27-01&quot;,&quot;src&quot;:&quot;https:\\\/\\\/www.movingfitnesswear.com\\\/catalogo\\\/wp-content\\\/uploads\\\/2026\\\/04\\\/verde-e-amarelo-body-samba-dupla-face-verde-e-amarelo-2026-04-27-01-600x600.jpg&quot;,&quot;srcset&quot;:&quot;https:\\\/\\\/www.movingfitnesswear.com\\\/catalogo\\\/wp-content\\\/uploads\\\/2026\\\/04\\\/verde-e-amarelo-body-samba-dupla-face-verde-e-amarelo-2026-04-27-01-600x600.jpg 600w, https:\\\/\\\/www.movingfitnesswear.com\\\/catalogo\\\/wp-content\\\/uploads\\\/2026\\\/04\\\/verde-e-amarelo-body-samba-dupla-face-verde-e-amarelo-2026-04-27-01-375x375.jpg 375w, https:\\\/\\\/www.movingfitnesswear.com\\\/catalogo\\\/wp-content\\\/uploads\\\/2026\\\/04\\\/verde-e-amarelo-body-samba-dupla-face-verde-e-amarelo-2026-04-27-01-100x100.jpg 100w, https:\\\/\\\/www.movingfitnesswear.com\\\/catalogo\\\/wp-content\\\/uploads\\\/2026\\\/04\\\/verde-e-amarelo-body-samba-dupla-face-verde-e-amarelo-2026-04-27-01-64x64.jpg 64w, https:\\\/\\\/www.movingfitnesswear.com\\\/catalogo\\\/wp-content\\\/uploads\\\/2026\\\/04\\\/verde-e-amarelo-body-samba-dupla-face-verde-e-amarelo-2026-04-27-01-300x300.jpg 300w, https:\\\/\\\/www.movingfitnesswear.com\\\/catalogo\\\/wp-content\\\/uploads\\\/2026\\\/04\\\/verde-e-amarelo-body-samba-dupla-face-verde-e-amarelo-2026-04-27-01-1900x1900.jpg 1900w, https:\\\/\\\/www.movingfitnesswear.com\\\/catalogo\\\/wp-content\\\/uploads\\\/2026\\\/04\\\/verde-e-amarelo-body-samba-dupla-face-verde-e-amarelo-2026-04-27-01-150x150.jpg 150w, https:\\\/\\\/www.movingfitnesswear.com\\\/catalogo\\\/wp-content\\\/uploads\\\/2026\\\/04\\\/verde-e-amarelo-body-samba-dupla-face-verde-e-amarelo-2026-04-27-01-768x768.jpg 768w, https:\\\/\\\/www.movingfitnesswear.com\\\/catalogo\\\/wp-content\\\/uploads\\\/2026\\\/04\\\/verde-e-amarelo-body-samba-dupla-face-verde-e-amarelo-2026-04-27-01-1536x1536.jpg 1536w, https:\\\/\\\/www.movingfitnesswear.com\\\/catalogo\\\/wp-content\\\/uploads\\\/2026\\\/04\\\/verde-e-amarelo-body-samba-dupla-face-verde-e-amarelo-2026-04-27-01-2048x2048.jpg 2048w&quot;,&quot;sizes&quot;:&quot;(max-width: 600px) 100vw, 600px&quot;,&quot;full_src&quot;:&quot;https:\\\/\\\/www.movingfitnesswear.com\\\/catalogo\\\/wp-content\\\/uploads\\\/2026\\\/04\\\/verde-e-amarelo-body-samba-dupla-face-verde-e-amarelo-2026-04-27-01.jpg&quot;,&quot;full_src_w&quot;:2500,&quot;full_src_h&quot;:2500,&quot;gallery_thumbnail_src&quot;:&quot;https:\\\/\\\/www.movingfitnesswear.com\\\/catalogo\\\/wp-content\\\/uploads\\\/2026\\\/04\\\/verde-e-amarelo-body-samba-dupla-face-verde-e-amarelo-2026-04-27-01-100x100.jpg&quot;,&quot;gallery_thumbnail_src_w&quot;:100,&quot;gallery_thumbnail_src_h&quot;:100,&quot;thumb_src&quot;:&quot;https:\\\/\\\/www.movingfitnesswear.com\\\/catalogo\\\/wp-content\\\/uploads\\\/2026\\\/04\\\/verde-e-amarelo-body-samba-dupla-face-verde-e-amarelo-2026-04-27-01-375x375.jpg&quot;,&quot;thumb_src_w&quot;:375,&quot;thumb_src_h&quot;:375,&quot;src_w&quot;:600,&quot;src_h&quot;:600},&quot;image_id&quot;:65547,&quot;is_downloadable&quot;:false,&quot;is_in_stock&quot;:true,&quot;is_purchasable&quot;:true,&quot;is_sold_individually&quot;:&quot;no&quot;,&quot;is_virtual&quot;:false,&quot;max_qty&quot;:&quot;&quot;,&quot;min_qty&quot;:1,&quot;price_html&quot;:&quot;&quot;,&quot;sku&quot;:&quot;BD7045AMG&quot;,&quot;variation_description&quot;:&quot;&quot;,&quot;variation_id&quot;:65590,&quot;variation_is_active&quot;:true,&quot;variation_is_visible&quot;:true,&quot;weight&quot;:&quot;&quot;,&quot;weight_html&quot;:&quot;N\\u00e3o aplic\\u00e1vel&quot;}]\">\n\t\n\t\t\t<table class=\"variations\" cellspacing=\"0\" role=\"presentation\">\n\t\t\t<tbody>\n\t\t\t\t\t\t\t\t\t<tr>\n\t\t\t\t\t\t<th class=\"label\"><label for=\"pa_tamanho\">Tamanho<\/label><\/th>\n\t\t\t\t\t\t<td class=\"value\">\n\t\t\t\t\t\t\t<select id=\"pa_tamanho\" class=\"\" name=\"attribute_pa_tamanho\" data-attribute_name=\"attribute_pa_tamanho\" data-show_option_none=\"yes\"><option value=\"\">Escolha uma op\u00e7\u00e3o<\/option><option value=\"g\" >G<\/option><option value=\"m\"  selected='selected'>M<\/option><option value=\"p\" >P<\/option><\/select><a class=\"reset_variations\" href=\"#\" aria-label=\"Limpar op\u00e7\u00f5es\">Limpar<\/a>\t\t\t\t\t\t<\/td>\n\t\t\t\t\t<\/tr>\n\t\t\t\t\t\t\t<\/tbody>\n\t\t<\/table>\n\t\t<div class=\"reset_variations_alert screen-reader-text\" role=\"alert\" aria-live=\"polite\" aria-relevant=\"all\"><\/div>\n\t\t\n\t\t<div class=\"single_variation_wrap\">\n\t\t\t<div class=\"woocommerce-variation single_variation\" role=\"alert\" aria-relevant=\"additions\"><\/div><div class=\"woocommerce-variation-add-to-cart variations_button\">\n\t\n\t<div class=\"quantity\">\n\t\t<label class=\"screen-reader-text\" for=\"quantity_69f16c3b80a7c\">BODY SAMBA DUPLA-FACE VERDE E AMARELO quantidade<\/label>\n\t<input\n\t\ttype=\"number\"\n\t\t\t\tid=\"quantity_69f16c3b80a7c\"\n\t\tclass=\"input-text qty text\"\n\t\tname=\"quantity\"\n\t\tvalue=\"1\"\n\t\taria-label=\"Quantidade de produto\"\n\t\t\t\tmin=\"1\"\n\t\t\t\t\t\t\tstep=\"1\"\n\t\t\tplaceholder=\"\"\n\t\t\tinputmode=\"numeric\"\n\t\t\tautocomplete=\"off\"\n\t\t\t\/>\n\t<\/div>\n\n\t<button type=\"submit\" class=\"single_add_to_cart_button button alt\">Adicionar ao carrinho<\/button>\n\n\t        <button type=\"button\" class=\"xt_wooqv-button xt_wooqv-more-info button\" onclick=\"location.href='https:\/\/www.movingfitnesswear.com\/catalogo\/catalog\/body-samba-dupla-face-verde-e-amarelo\/'\">More info<\/button>\n        \n\t<input type=\"hidden\" name=\"add-to-cart\" value=\"65587\" \/>\n\t<input type=\"hidden\" name=\"product_id\" value=\"65587\" \/>\n\t<input type=\"hidden\" name=\"variation_id\" class=\"variation_id\" value=\"0\" \/>\n<\/div>\n\t\t<\/div>\n\t\n\t<\/form>\n\n\n    <\/div>\n<\/div>\n\t\n\t<div class=\"info-produto hidden\"><small class=\"attr attr-product-id\">65587<\/small><small class=\"attr attr-product-regular-price\"><\/small><small class=\"attr attr-product-sale-price\"><\/small><\/div>\n<\/div>\n\n<\/template><\/a><\/span><a href=\"https:\/\/www.movingfitnesswear.com\/catalogo\/catalog\/body-samba-dupla-face-verde-e-amarelo\/\" aria-describedby=\"woocommerce_loop_add_to_cart_link_describedby_65587\" data-quantity=\"1\" class=\"button product_type_variable add_to_cart_button\" data-product_id=\"65587\" data-product_sku=\"BD7045\" aria-label=\"Selecione as op\u00e7\u00f5es para &ldquo;BODY SAMBA DUPLA-FACE VERDE E AMARELO&rdquo;\" rel=\"nofollow\">Ver op\u00e7\u00f5es<\/a>\t<span id=\"woocommerce_loop_add_to_cart_link_describedby_65587\" class=\"screen-reader-text\">\n\t\tEste produto tem v\u00e1rias variantes. As op\u00e7\u00f5es podem ser escolhidas na p\u00e1gina do produto\t<\/span>\n<\/li>\n<li class=\"sales-flash-overlay woocommerce-text-align-center woocommerce-image-align-center do-quantity-buttons wc-has-gallery xt_wooqv-pos-before product type-product post-65575 status-publish last instock product_cat-body product_tag-body-samba-dupla-face-branco-e-azul has-post-thumbnail sale shipping-taxable purchasable product-type-variable has-default-attributes\">\n\t<a href=\"https:\/\/www.movingfitnesswear.com\/catalogo\/catalog\/body-samba-dupla-face-branco-e-azul\/\" class=\"woocommerce-LoopProduct-link woocommerce-loop-product__link\"><div class=\"xtfw-wc-product-image xt_wooqv-image-wrapper\">\n\t<span class=\"onsale\">Oferta!<\/span>\n\t<img loading=\"lazy\" decoding=\"async\" width=\"375\" height=\"375\" src=\"https:\/\/www.movingfitnesswear.com\/catalogo\/wp-content\/uploads\/2026\/04\/branco-e-azul-body-samba-dupla-face-branco-e-azul-2026-04-27-01-375x375.jpg\" class=\"attachment-woocommerce_thumbnail size-woocommerce_thumbnail\" alt=\"BODY SAMBA DUPLA-FACE BRANCO E AZUL\" srcset=\"https:\/\/www.movingfitnesswear.com\/catalogo\/wp-content\/uploads\/2026\/04\/branco-e-azul-body-samba-dupla-face-branco-e-azul-2026-04-27-01-375x375.jpg 375w, https:\/\/www.movingfitnesswear.com\/catalogo\/wp-content\/uploads\/2026\/04\/branco-e-azul-body-samba-dupla-face-branco-e-azul-2026-04-27-01-100x100.jpg 100w, https:\/\/www.movingfitnesswear.com\/catalogo\/wp-content\/uploads\/2026\/04\/branco-e-azul-body-samba-dupla-face-branco-e-azul-2026-04-27-01-600x600.jpg 600w, https:\/\/www.movingfitnesswear.com\/catalogo\/wp-content\/uploads\/2026\/04\/branco-e-azul-body-samba-dupla-face-branco-e-azul-2026-04-27-01-64x64.jpg 64w, https:\/\/www.movingfitnesswear.com\/catalogo\/wp-content\/uploads\/2026\/04\/branco-e-azul-body-samba-dupla-face-branco-e-azul-2026-04-27-01-300x300.jpg 300w, https:\/\/www.movingfitnesswear.com\/catalogo\/wp-content\/uploads\/2026\/04\/branco-e-azul-body-samba-dupla-face-branco-e-azul-2026-04-27-01-1900x1900.jpg 1900w, https:\/\/www.movingfitnesswear.com\/catalogo\/wp-content\/uploads\/2026\/04\/branco-e-azul-body-samba-dupla-face-branco-e-azul-2026-04-27-01-150x150.jpg 150w, https:\/\/www.movingfitnesswear.com\/catalogo\/wp-content\/uploads\/2026\/04\/branco-e-azul-body-samba-dupla-face-branco-e-azul-2026-04-27-01-768x768.jpg 768w, https:\/\/www.movingfitnesswear.com\/catalogo\/wp-content\/uploads\/2026\/04\/branco-e-azul-body-samba-dupla-face-branco-e-azul-2026-04-27-01-1536x1536.jpg 1536w, https:\/\/www.movingfitnesswear.com\/catalogo\/wp-content\/uploads\/2026\/04\/branco-e-azul-body-samba-dupla-face-branco-e-azul-2026-04-27-01-2048x2048.jpg 2048w\" sizes=\"auto, (max-width: 375px) 100vw, 375px\" \/><img loading=\"lazy\" decoding=\"async\" width=\"2500\" height=\"2500\" src=\"https:\/\/www.movingfitnesswear.com\/catalogo\/wp-content\/uploads\/2026\/04\/branco-e-azul-body-samba-dupla-face-branco-e-azul-2026-04-27-02.jpg\" class=\"secondary-image attachment-shop-catalog\" alt=\"\" srcset=\"https:\/\/www.movingfitnesswear.com\/catalogo\/wp-content\/uploads\/2026\/04\/branco-e-azul-body-samba-dupla-face-branco-e-azul-2026-04-27-02.jpg 2500w, https:\/\/www.movingfitnesswear.com\/catalogo\/wp-content\/uploads\/2026\/04\/branco-e-azul-body-samba-dupla-face-branco-e-azul-2026-04-27-02-375x375.jpg 375w, https:\/\/www.movingfitnesswear.com\/catalogo\/wp-content\/uploads\/2026\/04\/branco-e-azul-body-samba-dupla-face-branco-e-azul-2026-04-27-02-100x100.jpg 100w, https:\/\/www.movingfitnesswear.com\/catalogo\/wp-content\/uploads\/2026\/04\/branco-e-azul-body-samba-dupla-face-branco-e-azul-2026-04-27-02-600x600.jpg 600w, https:\/\/www.movingfitnesswear.com\/catalogo\/wp-content\/uploads\/2026\/04\/branco-e-azul-body-samba-dupla-face-branco-e-azul-2026-04-27-02-64x64.jpg 64w, https:\/\/www.movingfitnesswear.com\/catalogo\/wp-content\/uploads\/2026\/04\/branco-e-azul-body-samba-dupla-face-branco-e-azul-2026-04-27-02-300x300.jpg 300w, https:\/\/www.movingfitnesswear.com\/catalogo\/wp-content\/uploads\/2026\/04\/branco-e-azul-body-samba-dupla-face-branco-e-azul-2026-04-27-02-1900x1900.jpg 1900w, https:\/\/www.movingfitnesswear.com\/catalogo\/wp-content\/uploads\/2026\/04\/branco-e-azul-body-samba-dupla-face-branco-e-azul-2026-04-27-02-150x150.jpg 150w, https:\/\/www.movingfitnesswear.com\/catalogo\/wp-content\/uploads\/2026\/04\/branco-e-azul-body-samba-dupla-face-branco-e-azul-2026-04-27-02-768x768.jpg 768w, https:\/\/www.movingfitnesswear.com\/catalogo\/wp-content\/uploads\/2026\/04\/branco-e-azul-body-samba-dupla-face-branco-e-azul-2026-04-27-02-1536x1536.jpg 1536w, https:\/\/www.movingfitnesswear.com\/catalogo\/wp-content\/uploads\/2026\/04\/branco-e-azul-body-samba-dupla-face-branco-e-azul-2026-04-27-02-2048x2048.jpg 2048w\" sizes=\"auto, (max-width: 2500px) 100vw, 2500px\" \/><\/div><h2 class=\"woocommerce-loop-product__title\">BODY SAMBA DUPLA-FACE BRANCO E AZUL<\/h2>\n\t<span class=\"price\"><del aria-hidden=\"true\"><span class=\"woocommerce-Price-amount amount\"><bdi><span class=\"woocommerce-Price-currencySymbol\">&#82;&#36;<\/span>129,90<\/bdi><\/span><\/del> <span class=\"screen-reader-text\">O pre\u00e7o original era: &#082;&#036;129,90.<\/span><ins aria-hidden=\"true\"><span class=\"woocommerce-Price-amount amount\"><bdi><span class=\"woocommerce-Price-currencySymbol\">&#82;&#36;<\/span>64,95<\/bdi><\/span><\/ins><span class=\"screen-reader-text\">O pre\u00e7o atual \u00e9: &#082;&#036;64,95.<\/span><\/span>\n<div class=\"info-produto hidden\"><small class=\"attr attr-product-id\">65575<\/small><small class=\"attr attr-product-regular-price\"><\/small><small class=\"attr attr-product-sale-price\"><\/small><\/div><\/a><span class=\"xt_wooqv-show-on-all\"><a \n\t\t    href=\"#\" \n\t\t    class=\"xt_wooqv-trigger button alt  xt_wooqv-before xt_wooqv-icontype-font\" \n\t\t    data-uniqid=\"69f16c3b85f9a\"\n\t\t    data-id=\"65575\" \n\t\t    data-variation=\"65577\" \n\t\t    data-url=\"https:\/\/www.movingfitnesswear.com\/catalogo\/catalog\/body-samba-dupla-face-branco-e-azul\/\"\n        ><span class=\"xt_wooqv-trigger-icon\"><\/span><span>Quick View<\/span><template id=\"xt_wooqv-quickview-69f16c3b85f9a\" class=\"xt_wooqv-template\">\n<div id=\"xt_wooqv-product-65575\" class=\"product xt_wooqv-product post-65575 type-product status-publish has-post-thumbnail product_cat-body product_tag-body-samba-dupla-face-branco-e-azul  sales-flash-overlay woocommerce-text-align-center wc-related-upsell-columns-4 wc-related-upsell-tablet-columns-2 wc-related-upsell-mobile-columns-1 do-quantity-buttons wc-has-gallery xt_wooqv-pos-before first instock sale shipping-taxable purchasable product-type-variable has-default-attributes\">\n\n    <span class=\"xt_wooqv-close-icon xt_wooqv-close-icon-desktop xt_wooqvicon-cancel-4\"><\/span>\n    <span class=\"xt_wooqv-close-icon xt_wooqv-close-icon-mobile xt_wooqvicon-cancel-4\"><\/span>\n\t\n<div class=\"xt_wooqv-slider-wrapper\" data-attachments=\"6\">\n\n\t<ul class=\"xt_wooqv-slider\">\n\t\t<li data-thumb=\"https:\/\/www.movingfitnesswear.com\/catalogo\/wp-content\/uploads\/2026\/04\/branco-e-azul-body-samba-dupla-face-branco-e-azul-2026-04-27-01-100x100.jpg\" data-src=\"https:\/\/www.movingfitnesswear.com\/catalogo\/wp-content\/uploads\/2026\/04\/branco-e-azul-body-samba-dupla-face-branco-e-azul-2026-04-27-01-600x600.jpg\" itemprop=\"image\" title=\"\" style=\"background-image:url(https:\/\/www.movingfitnesswear.com\/catalogo\/wp-content\/uploads\/2026\/04\/branco-e-azul-body-samba-dupla-face-branco-e-azul-2026-04-27-01-600x600.jpg)\"><img loading=\"lazy\" decoding=\"async\" src=\"https:\/\/www.movingfitnesswear.com\/catalogo\/wp-content\/uploads\/2026\/04\/branco-e-azul-body-samba-dupla-face-branco-e-azul-2026-04-27-01-600x600.jpg\" width=\"600\" height=\"600\" \/><\/li><li data-thumb=\"https:\/\/www.movingfitnesswear.com\/catalogo\/wp-content\/uploads\/2026\/04\/branco-e-azul-body-samba-dupla-face-branco-e-azul-2026-04-27-02-100x100.jpg\" data-src=\"https:\/\/www.movingfitnesswear.com\/catalogo\/wp-content\/uploads\/2026\/04\/branco-e-azul-body-samba-dupla-face-branco-e-azul-2026-04-27-02-600x600.jpg\" itemprop=\"image\" title=\"\" style=\"background-image:url(https:\/\/www.movingfitnesswear.com\/catalogo\/wp-content\/uploads\/2026\/04\/branco-e-azul-body-samba-dupla-face-branco-e-azul-2026-04-27-02-600x600.jpg)\"><img loading=\"lazy\" decoding=\"async\" src=\"https:\/\/www.movingfitnesswear.com\/catalogo\/wp-content\/uploads\/2026\/04\/branco-e-azul-body-samba-dupla-face-branco-e-azul-2026-04-27-02-600x600.jpg\" width=\"600\" height=\"600\" \/><\/li><li data-thumb=\"https:\/\/www.movingfitnesswear.com\/catalogo\/wp-content\/uploads\/2026\/04\/branco-e-azul-body-samba-dupla-face-branco-e-azul-2026-04-27-03-100x100.jpg\" data-src=\"https:\/\/www.movingfitnesswear.com\/catalogo\/wp-content\/uploads\/2026\/04\/branco-e-azul-body-samba-dupla-face-branco-e-azul-2026-04-27-03-600x600.jpg\" itemprop=\"image\" title=\"\" style=\"background-image:url(https:\/\/www.movingfitnesswear.com\/catalogo\/wp-content\/uploads\/2026\/04\/branco-e-azul-body-samba-dupla-face-branco-e-azul-2026-04-27-03-600x600.jpg)\"><img loading=\"lazy\" decoding=\"async\" src=\"https:\/\/www.movingfitnesswear.com\/catalogo\/wp-content\/uploads\/2026\/04\/branco-e-azul-body-samba-dupla-face-branco-e-azul-2026-04-27-03-600x600.jpg\" width=\"600\" height=\"600\" \/><\/li><li data-thumb=\"https:\/\/www.movingfitnesswear.com\/catalogo\/wp-content\/uploads\/2026\/04\/branco-e-azul-body-samba-dupla-face-branco-e-azul-2026-04-27-04-100x100.jpg\" data-src=\"https:\/\/www.movingfitnesswear.com\/catalogo\/wp-content\/uploads\/2026\/04\/branco-e-azul-body-samba-dupla-face-branco-e-azul-2026-04-27-04-600x600.jpg\" itemprop=\"image\" title=\"\" style=\"background-image:url(https:\/\/www.movingfitnesswear.com\/catalogo\/wp-content\/uploads\/2026\/04\/branco-e-azul-body-samba-dupla-face-branco-e-azul-2026-04-27-04-600x600.jpg)\"><img loading=\"lazy\" decoding=\"async\" src=\"https:\/\/www.movingfitnesswear.com\/catalogo\/wp-content\/uploads\/2026\/04\/branco-e-azul-body-samba-dupla-face-branco-e-azul-2026-04-27-04-600x600.jpg\" width=\"600\" height=\"600\" \/><\/li><li data-thumb=\"https:\/\/www.movingfitnesswear.com\/catalogo\/wp-content\/uploads\/2026\/04\/branco-e-azul-body-samba-dupla-face-branco-e-azul-2026-04-27-05-100x100.jpg\" data-src=\"https:\/\/www.movingfitnesswear.com\/catalogo\/wp-content\/uploads\/2026\/04\/branco-e-azul-body-samba-dupla-face-branco-e-azul-2026-04-27-05-600x600.jpg\" itemprop=\"image\" title=\"\" style=\"background-image:url(https:\/\/www.movingfitnesswear.com\/catalogo\/wp-content\/uploads\/2026\/04\/branco-e-azul-body-samba-dupla-face-branco-e-azul-2026-04-27-05-600x600.jpg)\"><img loading=\"lazy\" decoding=\"async\" src=\"https:\/\/www.movingfitnesswear.com\/catalogo\/wp-content\/uploads\/2026\/04\/branco-e-azul-body-samba-dupla-face-branco-e-azul-2026-04-27-05-600x600.jpg\" width=\"600\" height=\"600\" \/><\/li><li data-thumb=\"https:\/\/www.movingfitnesswear.com\/catalogo\/wp-content\/uploads\/2026\/04\/branco-e-azul-body-samba-dupla-face-branco-e-azul-2026-04-27-06-100x100.jpg\" data-src=\"https:\/\/www.movingfitnesswear.com\/catalogo\/wp-content\/uploads\/2026\/04\/branco-e-azul-body-samba-dupla-face-branco-e-azul-2026-04-27-06-600x600.jpg\" itemprop=\"image\" title=\"\" style=\"background-image:url(https:\/\/www.movingfitnesswear.com\/catalogo\/wp-content\/uploads\/2026\/04\/branco-e-azul-body-samba-dupla-face-branco-e-azul-2026-04-27-06-600x600.jpg)\"><img loading=\"lazy\" decoding=\"async\" src=\"https:\/\/www.movingfitnesswear.com\/catalogo\/wp-content\/uploads\/2026\/04\/branco-e-azul-body-samba-dupla-face-branco-e-azul-2026-04-27-06-600x600.jpg\" width=\"600\" height=\"600\" \/><\/li>\t<\/ul>\n\t\n<\/div> \n\t<div class=\"xt_wooqv-item-info\">\n    <div class=\"xt_wooqv-item-info-inner\">\n\n        <h1 class=\"product_title entry-title\">BODY SAMBA DUPLA-FACE BRANCO E AZUL<\/h1><p class=\"price\"><del aria-hidden=\"true\"><span class=\"woocommerce-Price-amount amount\"><bdi><span class=\"woocommerce-Price-currencySymbol\">&#82;&#36;<\/span>129,90<\/bdi><\/span><\/del> <span class=\"screen-reader-text\">O pre\u00e7o original era: &#082;&#036;129,90.<\/span><ins aria-hidden=\"true\"><span class=\"woocommerce-Price-amount amount\"><bdi><span class=\"woocommerce-Price-currencySymbol\">&#82;&#36;<\/span>64,95<\/bdi><\/span><\/ins><span class=\"screen-reader-text\">O pre\u00e7o atual \u00e9: &#082;&#036;64,95.<\/span><\/p>\n<div class=\"product_meta\">\n\n\t\n\t\n\t\t<span class=\"sku_wrapper\">SKU: <span class=\"sku\">BD7142<\/span><\/span>\n\n\t\n\t<span class=\"posted_in\">Categoria: <a href=\"https:\/\/www.movingfitnesswear.com\/catalogo\/catalog\/cat\/body\/\" rel=\"tag\">BODY<\/a><\/span>\n\t<span class=\"tagged_as\">Tag: <a href=\"https:\/\/www.movingfitnesswear.com\/catalogo\/catalog\/tag\/body-samba-dupla-face-branco-e-azul\/\" rel=\"tag\">BODY SAMBA DUPLA-FACE BRANCO E AZUL<\/a><\/span>\n\t\n<\/div>\n\n<form class=\"variations_form cart\" action=\"https:\/\/www.movingfitnesswear.com\/catalogo\/catalog\/body-samba-dupla-face-branco-e-azul\/\" method=\"post\" enctype='multipart\/form-data' data-product_id=\"65575\" data-product_variations=\"[{&quot;attributes&quot;:{&quot;attribute_pa_tamanho&quot;:&quot;p&quot;},&quot;availability_html&quot;:&quot;&quot;,&quot;backorders_allowed&quot;:false,&quot;dimensions&quot;:{&quot;length&quot;:&quot;&quot;,&quot;width&quot;:&quot;&quot;,&quot;height&quot;:&quot;&quot;},&quot;dimensions_html&quot;:&quot;N\\u00e3o aplic\\u00e1vel&quot;,&quot;display_price&quot;:64.95,&quot;display_regular_price&quot;:129.9,&quot;image&quot;:{&quot;title&quot;:&quot;branco-e-azul-body-samba-dupla-face-branco-e-azul-2026-04-27-01&quot;,&quot;caption&quot;:&quot;&quot;,&quot;url&quot;:&quot;https:\\\/\\\/www.movingfitnesswear.com\\\/catalogo\\\/wp-content\\\/uploads\\\/2026\\\/04\\\/branco-e-azul-body-samba-dupla-face-branco-e-azul-2026-04-27-01.jpg&quot;,&quot;alt&quot;:&quot;branco-e-azul-body-samba-dupla-face-branco-e-azul-2026-04-27-01&quot;,&quot;src&quot;:&quot;https:\\\/\\\/www.movingfitnesswear.com\\\/catalogo\\\/wp-content\\\/uploads\\\/2026\\\/04\\\/branco-e-azul-body-samba-dupla-face-branco-e-azul-2026-04-27-01-600x600.jpg&quot;,&quot;srcset&quot;:&quot;https:\\\/\\\/www.movingfitnesswear.com\\\/catalogo\\\/wp-content\\\/uploads\\\/2026\\\/04\\\/branco-e-azul-body-samba-dupla-face-branco-e-azul-2026-04-27-01-600x600.jpg 600w, https:\\\/\\\/www.movingfitnesswear.com\\\/catalogo\\\/wp-content\\\/uploads\\\/2026\\\/04\\\/branco-e-azul-body-samba-dupla-face-branco-e-azul-2026-04-27-01-375x375.jpg 375w, https:\\\/\\\/www.movingfitnesswear.com\\\/catalogo\\\/wp-content\\\/uploads\\\/2026\\\/04\\\/branco-e-azul-body-samba-dupla-face-branco-e-azul-2026-04-27-01-100x100.jpg 100w, https:\\\/\\\/www.movingfitnesswear.com\\\/catalogo\\\/wp-content\\\/uploads\\\/2026\\\/04\\\/branco-e-azul-body-samba-dupla-face-branco-e-azul-2026-04-27-01-64x64.jpg 64w, https:\\\/\\\/www.movingfitnesswear.com\\\/catalogo\\\/wp-content\\\/uploads\\\/2026\\\/04\\\/branco-e-azul-body-samba-dupla-face-branco-e-azul-2026-04-27-01-300x300.jpg 300w, https:\\\/\\\/www.movingfitnesswear.com\\\/catalogo\\\/wp-content\\\/uploads\\\/2026\\\/04\\\/branco-e-azul-body-samba-dupla-face-branco-e-azul-2026-04-27-01-1900x1900.jpg 1900w, https:\\\/\\\/www.movingfitnesswear.com\\\/catalogo\\\/wp-content\\\/uploads\\\/2026\\\/04\\\/branco-e-azul-body-samba-dupla-face-branco-e-azul-2026-04-27-01-150x150.jpg 150w, https:\\\/\\\/www.movingfitnesswear.com\\\/catalogo\\\/wp-content\\\/uploads\\\/2026\\\/04\\\/branco-e-azul-body-samba-dupla-face-branco-e-azul-2026-04-27-01-768x768.jpg 768w, https:\\\/\\\/www.movingfitnesswear.com\\\/catalogo\\\/wp-content\\\/uploads\\\/2026\\\/04\\\/branco-e-azul-body-samba-dupla-face-branco-e-azul-2026-04-27-01-1536x1536.jpg 1536w, https:\\\/\\\/www.movingfitnesswear.com\\\/catalogo\\\/wp-content\\\/uploads\\\/2026\\\/04\\\/branco-e-azul-body-samba-dupla-face-branco-e-azul-2026-04-27-01-2048x2048.jpg 2048w&quot;,&quot;sizes&quot;:&quot;(max-width: 600px) 100vw, 600px&quot;,&quot;full_src&quot;:&quot;https:\\\/\\\/www.movingfitnesswear.com\\\/catalogo\\\/wp-content\\\/uploads\\\/2026\\\/04\\\/branco-e-azul-body-samba-dupla-face-branco-e-azul-2026-04-27-01.jpg&quot;,&quot;full_src_w&quot;:2500,&quot;full_src_h&quot;:2500,&quot;gallery_thumbnail_src&quot;:&quot;https:\\\/\\\/www.movingfitnesswear.com\\\/catalogo\\\/wp-content\\\/uploads\\\/2026\\\/04\\\/branco-e-azul-body-samba-dupla-face-branco-e-azul-2026-04-27-01-100x100.jpg&quot;,&quot;gallery_thumbnail_src_w&quot;:100,&quot;gallery_thumbnail_src_h&quot;:100,&quot;thumb_src&quot;:&quot;https:\\\/\\\/www.movingfitnesswear.com\\\/catalogo\\\/wp-content\\\/uploads\\\/2026\\\/04\\\/branco-e-azul-body-samba-dupla-face-branco-e-azul-2026-04-27-01-375x375.jpg&quot;,&quot;thumb_src_w&quot;:375,&quot;thumb_src_h&quot;:375,&quot;src_w&quot;:600,&quot;src_h&quot;:600},&quot;image_id&quot;:65531,&quot;is_downloadable&quot;:false,&quot;is_in_stock&quot;:true,&quot;is_purchasable&quot;:true,&quot;is_sold_individually&quot;:&quot;no&quot;,&quot;is_virtual&quot;:false,&quot;max_qty&quot;:&quot;&quot;,&quot;min_qty&quot;:1,&quot;price_html&quot;:&quot;&quot;,&quot;sku&quot;:&quot;BD7142AZP&quot;,&quot;variation_description&quot;:&quot;&quot;,&quot;variation_id&quot;:65576,&quot;variation_is_active&quot;:true,&quot;variation_is_visible&quot;:true,&quot;weight&quot;:&quot;&quot;,&quot;weight_html&quot;:&quot;N\\u00e3o aplic\\u00e1vel&quot;},{&quot;attributes&quot;:{&quot;attribute_pa_tamanho&quot;:&quot;m&quot;},&quot;availability_html&quot;:&quot;&quot;,&quot;backorders_allowed&quot;:false,&quot;dimensions&quot;:{&quot;length&quot;:&quot;&quot;,&quot;width&quot;:&quot;&quot;,&quot;height&quot;:&quot;&quot;},&quot;dimensions_html&quot;:&quot;N\\u00e3o aplic\\u00e1vel&quot;,&quot;display_price&quot;:64.95,&quot;display_regular_price&quot;:129.9,&quot;image&quot;:{&quot;title&quot;:&quot;branco-e-azul-body-samba-dupla-face-branco-e-azul-2026-04-27-01&quot;,&quot;caption&quot;:&quot;&quot;,&quot;url&quot;:&quot;https:\\\/\\\/www.movingfitnesswear.com\\\/catalogo\\\/wp-content\\\/uploads\\\/2026\\\/04\\\/branco-e-azul-body-samba-dupla-face-branco-e-azul-2026-04-27-01.jpg&quot;,&quot;alt&quot;:&quot;branco-e-azul-body-samba-dupla-face-branco-e-azul-2026-04-27-01&quot;,&quot;src&quot;:&quot;https:\\\/\\\/www.movingfitnesswear.com\\\/catalogo\\\/wp-content\\\/uploads\\\/2026\\\/04\\\/branco-e-azul-body-samba-dupla-face-branco-e-azul-2026-04-27-01-600x600.jpg&quot;,&quot;srcset&quot;:&quot;https:\\\/\\\/www.movingfitnesswear.com\\\/catalogo\\\/wp-content\\\/uploads\\\/2026\\\/04\\\/branco-e-azul-body-samba-dupla-face-branco-e-azul-2026-04-27-01-600x600.jpg 600w, https:\\\/\\\/www.movingfitnesswear.com\\\/catalogo\\\/wp-content\\\/uploads\\\/2026\\\/04\\\/branco-e-azul-body-samba-dupla-face-branco-e-azul-2026-04-27-01-375x375.jpg 375w, https:\\\/\\\/www.movingfitnesswear.com\\\/catalogo\\\/wp-content\\\/uploads\\\/2026\\\/04\\\/branco-e-azul-body-samba-dupla-face-branco-e-azul-2026-04-27-01-100x100.jpg 100w, https:\\\/\\\/www.movingfitnesswear.com\\\/catalogo\\\/wp-content\\\/uploads\\\/2026\\\/04\\\/branco-e-azul-body-samba-dupla-face-branco-e-azul-2026-04-27-01-64x64.jpg 64w, https:\\\/\\\/www.movingfitnesswear.com\\\/catalogo\\\/wp-content\\\/uploads\\\/2026\\\/04\\\/branco-e-azul-body-samba-dupla-face-branco-e-azul-2026-04-27-01-300x300.jpg 300w, https:\\\/\\\/www.movingfitnesswear.com\\\/catalogo\\\/wp-content\\\/uploads\\\/2026\\\/04\\\/branco-e-azul-body-samba-dupla-face-branco-e-azul-2026-04-27-01-1900x1900.jpg 1900w, https:\\\/\\\/www.movingfitnesswear.com\\\/catalogo\\\/wp-content\\\/uploads\\\/2026\\\/04\\\/branco-e-azul-body-samba-dupla-face-branco-e-azul-2026-04-27-01-150x150.jpg 150w, https:\\\/\\\/www.movingfitnesswear.com\\\/catalogo\\\/wp-content\\\/uploads\\\/2026\\\/04\\\/branco-e-azul-body-samba-dupla-face-branco-e-azul-2026-04-27-01-768x768.jpg 768w, https:\\\/\\\/www.movingfitnesswear.com\\\/catalogo\\\/wp-content\\\/uploads\\\/2026\\\/04\\\/branco-e-azul-body-samba-dupla-face-branco-e-azul-2026-04-27-01-1536x1536.jpg 1536w, https:\\\/\\\/www.movingfitnesswear.com\\\/catalogo\\\/wp-content\\\/uploads\\\/2026\\\/04\\\/branco-e-azul-body-samba-dupla-face-branco-e-azul-2026-04-27-01-2048x2048.jpg 2048w&quot;,&quot;sizes&quot;:&quot;(max-width: 600px) 100vw, 600px&quot;,&quot;full_src&quot;:&quot;https:\\\/\\\/www.movingfitnesswear.com\\\/catalogo\\\/wp-content\\\/uploads\\\/2026\\\/04\\\/branco-e-azul-body-samba-dupla-face-branco-e-azul-2026-04-27-01.jpg&quot;,&quot;full_src_w&quot;:2500,&quot;full_src_h&quot;:2500,&quot;gallery_thumbnail_src&quot;:&quot;https:\\\/\\\/www.movingfitnesswear.com\\\/catalogo\\\/wp-content\\\/uploads\\\/2026\\\/04\\\/branco-e-azul-body-samba-dupla-face-branco-e-azul-2026-04-27-01-100x100.jpg&quot;,&quot;gallery_thumbnail_src_w&quot;:100,&quot;gallery_thumbnail_src_h&quot;:100,&quot;thumb_src&quot;:&quot;https:\\\/\\\/www.movingfitnesswear.com\\\/catalogo\\\/wp-content\\\/uploads\\\/2026\\\/04\\\/branco-e-azul-body-samba-dupla-face-branco-e-azul-2026-04-27-01-375x375.jpg&quot;,&quot;thumb_src_w&quot;:375,&quot;thumb_src_h&quot;:375,&quot;src_w&quot;:600,&quot;src_h&quot;:600},&quot;image_id&quot;:65531,&quot;is_downloadable&quot;:false,&quot;is_in_stock&quot;:true,&quot;is_purchasable&quot;:true,&quot;is_sold_individually&quot;:&quot;no&quot;,&quot;is_virtual&quot;:false,&quot;max_qty&quot;:&quot;&quot;,&quot;min_qty&quot;:1,&quot;price_html&quot;:&quot;&quot;,&quot;sku&quot;:&quot;BD7142AZM&quot;,&quot;variation_description&quot;:&quot;&quot;,&quot;variation_id&quot;:65577,&quot;variation_is_active&quot;:true,&quot;variation_is_visible&quot;:true,&quot;weight&quot;:&quot;&quot;,&quot;weight_html&quot;:&quot;N\\u00e3o aplic\\u00e1vel&quot;},{&quot;attributes&quot;:{&quot;attribute_pa_tamanho&quot;:&quot;g&quot;},&quot;availability_html&quot;:&quot;&quot;,&quot;backorders_allowed&quot;:false,&quot;dimensions&quot;:{&quot;length&quot;:&quot;&quot;,&quot;width&quot;:&quot;&quot;,&quot;height&quot;:&quot;&quot;},&quot;dimensions_html&quot;:&quot;N\\u00e3o aplic\\u00e1vel&quot;,&quot;display_price&quot;:64.95,&quot;display_regular_price&quot;:129.9,&quot;image&quot;:{&quot;title&quot;:&quot;branco-e-azul-body-samba-dupla-face-branco-e-azul-2026-04-27-01&quot;,&quot;caption&quot;:&quot;&quot;,&quot;url&quot;:&quot;https:\\\/\\\/www.movingfitnesswear.com\\\/catalogo\\\/wp-content\\\/uploads\\\/2026\\\/04\\\/branco-e-azul-body-samba-dupla-face-branco-e-azul-2026-04-27-01.jpg&quot;,&quot;alt&quot;:&quot;branco-e-azul-body-samba-dupla-face-branco-e-azul-2026-04-27-01&quot;,&quot;src&quot;:&quot;https:\\\/\\\/www.movingfitnesswear.com\\\/catalogo\\\/wp-content\\\/uploads\\\/2026\\\/04\\\/branco-e-azul-body-samba-dupla-face-branco-e-azul-2026-04-27-01-600x600.jpg&quot;,&quot;srcset&quot;:&quot;https:\\\/\\\/www.movingfitnesswear.com\\\/catalogo\\\/wp-content\\\/uploads\\\/2026\\\/04\\\/branco-e-azul-body-samba-dupla-face-branco-e-azul-2026-04-27-01-600x600.jpg 600w, https:\\\/\\\/www.movingfitnesswear.com\\\/catalogo\\\/wp-content\\\/uploads\\\/2026\\\/04\\\/branco-e-azul-body-samba-dupla-face-branco-e-azul-2026-04-27-01-375x375.jpg 375w, https:\\\/\\\/www.movingfitnesswear.com\\\/catalogo\\\/wp-content\\\/uploads\\\/2026\\\/04\\\/branco-e-azul-body-samba-dupla-face-branco-e-azul-2026-04-27-01-100x100.jpg 100w, https:\\\/\\\/www.movingfitnesswear.com\\\/catalogo\\\/wp-content\\\/uploads\\\/2026\\\/04\\\/branco-e-azul-body-samba-dupla-face-branco-e-azul-2026-04-27-01-64x64.jpg 64w, https:\\\/\\\/www.movingfitnesswear.com\\\/catalogo\\\/wp-content\\\/uploads\\\/2026\\\/04\\\/branco-e-azul-body-samba-dupla-face-branco-e-azul-2026-04-27-01-300x300.jpg 300w, https:\\\/\\\/www.movingfitnesswear.com\\\/catalogo\\\/wp-content\\\/uploads\\\/2026\\\/04\\\/branco-e-azul-body-samba-dupla-face-branco-e-azul-2026-04-27-01-1900x1900.jpg 1900w, https:\\\/\\\/www.movingfitnesswear.com\\\/catalogo\\\/wp-content\\\/uploads\\\/2026\\\/04\\\/branco-e-azul-body-samba-dupla-face-branco-e-azul-2026-04-27-01-150x150.jpg 150w, https:\\\/\\\/www.movingfitnesswear.com\\\/catalogo\\\/wp-content\\\/uploads\\\/2026\\\/04\\\/branco-e-azul-body-samba-dupla-face-branco-e-azul-2026-04-27-01-768x768.jpg 768w, https:\\\/\\\/www.movingfitnesswear.com\\\/catalogo\\\/wp-content\\\/uploads\\\/2026\\\/04\\\/branco-e-azul-body-samba-dupla-face-branco-e-azul-2026-04-27-01-1536x1536.jpg 1536w, https:\\\/\\\/www.movingfitnesswear.com\\\/catalogo\\\/wp-content\\\/uploads\\\/2026\\\/04\\\/branco-e-azul-body-samba-dupla-face-branco-e-azul-2026-04-27-01-2048x2048.jpg 2048w&quot;,&quot;sizes&quot;:&quot;(max-width: 600px) 100vw, 600px&quot;,&quot;full_src&quot;:&quot;https:\\\/\\\/www.movingfitnesswear.com\\\/catalogo\\\/wp-content\\\/uploads\\\/2026\\\/04\\\/branco-e-azul-body-samba-dupla-face-branco-e-azul-2026-04-27-01.jpg&quot;,&quot;full_src_w&quot;:2500,&quot;full_src_h&quot;:2500,&quot;gallery_thumbnail_src&quot;:&quot;https:\\\/\\\/www.movingfitnesswear.com\\\/catalogo\\\/wp-content\\\/uploads\\\/2026\\\/04\\\/branco-e-azul-body-samba-dupla-face-branco-e-azul-2026-04-27-01-100x100.jpg&quot;,&quot;gallery_thumbnail_src_w&quot;:100,&quot;gallery_thumbnail_src_h&quot;:100,&quot;thumb_src&quot;:&quot;https:\\\/\\\/www.movingfitnesswear.com\\\/catalogo\\\/wp-content\\\/uploads\\\/2026\\\/04\\\/branco-e-azul-body-samba-dupla-face-branco-e-azul-2026-04-27-01-375x375.jpg&quot;,&quot;thumb_src_w&quot;:375,&quot;thumb_src_h&quot;:375,&quot;src_w&quot;:600,&quot;src_h&quot;:600},&quot;image_id&quot;:65531,&quot;is_downloadable&quot;:false,&quot;is_in_stock&quot;:true,&quot;is_purchasable&quot;:true,&quot;is_sold_individually&quot;:&quot;no&quot;,&quot;is_virtual&quot;:false,&quot;max_qty&quot;:&quot;&quot;,&quot;min_qty&quot;:1,&quot;price_html&quot;:&quot;&quot;,&quot;sku&quot;:&quot;BD7142AZG&quot;,&quot;variation_description&quot;:&quot;&quot;,&quot;variation_id&quot;:65578,&quot;variation_is_active&quot;:true,&quot;variation_is_visible&quot;:true,&quot;weight&quot;:&quot;&quot;,&quot;weight_html&quot;:&quot;N\\u00e3o aplic\\u00e1vel&quot;}]\">\n\t\n\t\t\t<table class=\"variations\" cellspacing=\"0\" role=\"presentation\">\n\t\t\t<tbody>\n\t\t\t\t\t\t\t\t\t<tr>\n\t\t\t\t\t\t<th class=\"label\"><label for=\"pa_tamanho\">Tamanho<\/label><\/th>\n\t\t\t\t\t\t<td class=\"value\">\n\t\t\t\t\t\t\t<select id=\"pa_tamanho\" class=\"\" name=\"attribute_pa_tamanho\" data-attribute_name=\"attribute_pa_tamanho\" data-show_option_none=\"yes\"><option value=\"\">Escolha uma op\u00e7\u00e3o<\/option><option value=\"g\" >G<\/option><option value=\"m\"  selected='selected'>M<\/option><option value=\"p\" >P<\/option><\/select><a class=\"reset_variations\" href=\"#\" aria-label=\"Limpar op\u00e7\u00f5es\">Limpar<\/a>\t\t\t\t\t\t<\/td>\n\t\t\t\t\t<\/tr>\n\t\t\t\t\t\t\t<\/tbody>\n\t\t<\/table>\n\t\t<div class=\"reset_variations_alert screen-reader-text\" role=\"alert\" aria-live=\"polite\" aria-relevant=\"all\"><\/div>\n\t\t\n\t\t<div class=\"single_variation_wrap\">\n\t\t\t<div class=\"woocommerce-variation single_variation\" role=\"alert\" aria-relevant=\"additions\"><\/div><div class=\"woocommerce-variation-add-to-cart variations_button\">\n\t\n\t<div class=\"quantity\">\n\t\t<label class=\"screen-reader-text\" for=\"quantity_69f16c3b85e9e\">BODY SAMBA DUPLA-FACE BRANCO E AZUL quantidade<\/label>\n\t<input\n\t\ttype=\"number\"\n\t\t\t\tid=\"quantity_69f16c3b85e9e\"\n\t\tclass=\"input-text qty text\"\n\t\tname=\"quantity\"\n\t\tvalue=\"1\"\n\t\taria-label=\"Quantidade de produto\"\n\t\t\t\tmin=\"1\"\n\t\t\t\t\t\t\tstep=\"1\"\n\t\t\tplaceholder=\"\"\n\t\t\tinputmode=\"numeric\"\n\t\t\tautocomplete=\"off\"\n\t\t\t\/>\n\t<\/div>\n\n\t<button type=\"submit\" class=\"single_add_to_cart_button button alt\">Adicionar ao carrinho<\/button>\n\n\t        <button type=\"button\" class=\"xt_wooqv-button xt_wooqv-more-info button\" onclick=\"location.href='https:\/\/www.movingfitnesswear.com\/catalogo\/catalog\/body-samba-dupla-face-branco-e-azul\/'\">More info<\/button>\n        \n\t<input type=\"hidden\" name=\"add-to-cart\" value=\"65575\" \/>\n\t<input type=\"hidden\" name=\"product_id\" value=\"65575\" \/>\n\t<input type=\"hidden\" name=\"variation_id\" class=\"variation_id\" value=\"0\" \/>\n<\/div>\n\t\t<\/div>\n\t\n\t<\/form>\n\n\n    <\/div>\n<\/div>\n\t\n\t<div class=\"info-produto hidden\"><small class=\"attr attr-product-id\">65575<\/small><small class=\"attr attr-product-regular-price\"><\/small><small class=\"attr attr-product-sale-price\"><\/small><\/div>\n<\/div>\n\n<\/template><\/a><\/span><a href=\"https:\/\/www.movingfitnesswear.com\/catalogo\/catalog\/body-samba-dupla-face-branco-e-azul\/\" aria-describedby=\"woocommerce_loop_add_to_cart_link_describedby_65575\" data-quantity=\"1\" class=\"button product_type_variable add_to_cart_button\" data-product_id=\"65575\" data-product_sku=\"BD7142\" aria-label=\"Selecione as op\u00e7\u00f5es para &ldquo;BODY SAMBA DUPLA-FACE BRANCO E AZUL&rdquo;\" rel=\"nofollow\">Ver op\u00e7\u00f5es<\/a>\t<span id=\"woocommerce_loop_add_to_cart_link_describedby_65575\" class=\"screen-reader-text\">\n\t\tEste produto tem v\u00e1rias variantes. As op\u00e7\u00f5es podem ser escolhidas na p\u00e1gina do produto\t<\/span>\n<\/li>\n<\/ul>\n<\/div>\n\n\n\n<section class=\"wp-block-uagb-section uagb-section__wrap uagb-section__background-undefined uagb-block-b8ace247 text-center\"><div class=\"uagb-section__overlay\"><\/div><div class=\"uagb-section__inner-wrap\">\n<div class=\"wp-block-uagb-marketing-button uagb-marketing-btn__outer-wrap uagb-marketing-btn__align-center uagb-marketing-btn__align-text-center uagb-marketing-btn__icon-before uagb-block-4eee404f button\"><div class=\"uagb-marketing-btn__wrap\"><a href=\"[site_url]\/catalog\/\" class=\"uagb-marketing-btn__link\" target=\"\" rel=\"noopener noreferrer\"><div class=\"uagb-marketing-btn__title-wrap\"><h6 class=\"uagb-marketing-btn__title\">Todos os PRODUTOS<\/h6><\/div><div class=\"uagb-marketing-btn__prefix-wrap\"><p class=\"uagb-marketing-btn__prefix\"><\/p><\/div><\/a><\/div><\/div>\n\n\n\n<div class=\"wp-block-uagb-marketing-button uagb-marketing-btn__outer-wrap uagb-marketing-btn__align-center uagb-marketing-btn__align-text-center uagb-marketing-btn__icon-before uagb-block-ed3b527d reseller-hidden button button-default boxzilla-open boxzilla-open-956\"><div class=\"uagb-marketing-btn__wrap\"><a href=\"#\" class=\"uagb-marketing-btn__link\" target=\"\" rel=\"noopener noreferrer\"><div class=\"uagb-marketing-btn__title-wrap\"><h6 class=\"uagb-marketing-btn__title\">revendedor<\/h6><\/div><div class=\"uagb-marketing-btn__prefix-wrap\"><p class=\"uagb-marketing-btn__prefix\"><\/p><\/div><\/a><\/div><\/div>\n<\/div><\/section>\n<\/div><\/section>\n\n\n\n<p><\/p>\n","protected":false},"excerpt":{"rendered":"","protected":false},"author":1,"featured_media":0,"parent":0,"menu_order":0,"comment_status":"closed","ping_status":"closed","template":"","meta":{"_uag_custom_page_level_css":"","footnotes":""},"class_list":["post-271","page","type-page","status-publish",""],"yoast_head":"<!-- This site is optimized with the Yoast SEO plugin v26.5 - https:\/\/yoast.com\/wordpress\/plugins\/seo\/ -->\n<title>In\u00edcio - Moving<\/title>\n<meta name=\"description\" content=\"Confira os \u00faltimos lan\u00e7amentos com o nosso Cat\u00e1logo. Conhec\u0327a a originalidade, identidade e exclusividade da MOVING!\" \/>\n<meta name=\"robots\" content=\"index, follow, max-snippet:-1, max-image-preview:large, max-video-preview:-1\" \/>\n<link rel=\"canonical\" href=\"https:\/\/www.movingfitnesswear.com\/catalogo\/\" \/>\n<meta property=\"og:locale\" content=\"pt_BR\" \/>\n<meta property=\"og:type\" content=\"article\" \/>\n<meta property=\"og:title\" content=\"In\u00edcio - Moving\" \/>\n<meta property=\"og:description\" content=\"Confira os \u00faltimos lan\u00e7amentos com o nosso Cat\u00e1logo. Conhec\u0327a a originalidade, identidade e exclusividade da MOVING!\" \/>\n<meta property=\"og:url\" content=\"https:\/\/www.movingfitnesswear.com\/catalogo\/\" \/>\n<meta property=\"og:site_name\" content=\"Moving\" \/>\n<meta property=\"article:modified_time\" content=\"2021-11-24T18:02:13+00:00\" \/>\n<meta name=\"twitter:card\" content=\"summary_large_image\" \/>\n<meta name=\"twitter:label1\" content=\"Est. tempo de leitura\" \/>\n\t<meta name=\"twitter:data1\" content=\"1 minuto\" \/>\n<script type=\"application\/ld+json\" class=\"yoast-schema-graph\">{\"@context\":\"https:\/\/schema.org\",\"@graph\":[{\"@type\":\"WebPage\",\"@id\":\"https:\/\/www.movingfitnesswear.com\/catalogo\/\",\"url\":\"https:\/\/www.movingfitnesswear.com\/catalogo\/\",\"name\":\"In\u00edcio - Moving\",\"isPartOf\":{\"@id\":\"https:\/\/www.movingfitnesswear.com\/catalogo\/#website\"},\"datePublished\":\"2019-02-08T13:04:59+00:00\",\"dateModified\":\"2021-11-24T18:02:13+00:00\",\"description\":\"Confira os \u00faltimos lan\u00e7amentos com o nosso Cat\u00e1logo. Conhec\u0327a a originalidade, identidade e exclusividade da MOVING!\",\"breadcrumb\":{\"@id\":\"https:\/\/www.movingfitnesswear.com\/catalogo\/#breadcrumb\"},\"inLanguage\":\"pt-BR\",\"potentialAction\":[{\"@type\":\"ReadAction\",\"target\":[\"https:\/\/www.movingfitnesswear.com\/catalogo\/\"]}]},{\"@type\":\"BreadcrumbList\",\"@id\":\"https:\/\/www.movingfitnesswear.com\/catalogo\/#breadcrumb\",\"itemListElement\":[{\"@type\":\"ListItem\",\"position\":1,\"name\":\"In\u00edcio\",\"item\":\"https:\/\/www.movingfitnesswear.com\/catalogo\/\"},{\"@type\":\"ListItem\",\"position\":2,\"name\":\"In\u00edcio\"}]},{\"@type\":\"WebSite\",\"@id\":\"https:\/\/www.movingfitnesswear.com\/catalogo\/#website\",\"url\":\"https:\/\/www.movingfitnesswear.com\/catalogo\/\",\"name\":\"Moving\",\"description\":\"\",\"publisher\":{\"@id\":\"https:\/\/www.movingfitnesswear.com\/catalogo\/#organization\"},\"potentialAction\":[{\"@type\":\"SearchAction\",\"target\":{\"@type\":\"EntryPoint\",\"urlTemplate\":\"https:\/\/www.movingfitnesswear.com\/catalogo\/?s={search_term_string}\"},\"query-input\":{\"@type\":\"PropertyValueSpecification\",\"valueRequired\":true,\"valueName\":\"search_term_string\"}}],\"inLanguage\":\"pt-BR\"},{\"@type\":\"Organization\",\"@id\":\"https:\/\/www.movingfitnesswear.com\/catalogo\/#organization\",\"name\":\"Moving Fitness Wear\",\"url\":\"https:\/\/www.movingfitnesswear.com\/catalogo\/\",\"logo\":{\"@type\":\"ImageObject\",\"inLanguage\":\"pt-BR\",\"@id\":\"https:\/\/www.movingfitnesswear.com\/catalogo\/#\/schema\/logo\/image\/\",\"url\":\"https:\/\/www.movingfitnesswear.com\/wp-content\/uploads\/2021\/07\/logo.jpg\",\"contentUrl\":\"https:\/\/www.movingfitnesswear.com\/wp-content\/uploads\/2021\/07\/logo.jpg\",\"width\":650,\"height\":650,\"caption\":\"Moving Fitness Wear\"},\"image\":{\"@id\":\"https:\/\/www.movingfitnesswear.com\/catalogo\/#\/schema\/logo\/image\/\"}}]}<\/script>\n<!-- \/ Yoast SEO plugin. -->","yoast_head_json":{"title":"In\u00edcio - Moving","description":"Confira os \u00faltimos lan\u00e7amentos com o nosso Cat\u00e1logo. Conhec\u0327a a originalidade, identidade e exclusividade da MOVING!","robots":{"index":"index","follow":"follow","max-snippet":"max-snippet:-1","max-image-preview":"max-image-preview:large","max-video-preview":"max-video-preview:-1"},"canonical":"https:\/\/www.movingfitnesswear.com\/catalogo\/","og_locale":"pt_BR","og_type":"article","og_title":"In\u00edcio - Moving","og_description":"Confira os \u00faltimos lan\u00e7amentos com o nosso Cat\u00e1logo. Conhec\u0327a a originalidade, identidade e exclusividade da MOVING!","og_url":"https:\/\/www.movingfitnesswear.com\/catalogo\/","og_site_name":"Moving","article_modified_time":"2021-11-24T18:02:13+00:00","twitter_card":"summary_large_image","twitter_misc":{"Est. tempo de leitura":"1 minuto"},"schema":{"@context":"https:\/\/schema.org","@graph":[{"@type":"WebPage","@id":"https:\/\/www.movingfitnesswear.com\/catalogo\/","url":"https:\/\/www.movingfitnesswear.com\/catalogo\/","name":"In\u00edcio - Moving","isPartOf":{"@id":"https:\/\/www.movingfitnesswear.com\/catalogo\/#website"},"datePublished":"2019-02-08T13:04:59+00:00","dateModified":"2021-11-24T18:02:13+00:00","description":"Confira os \u00faltimos lan\u00e7amentos com o nosso Cat\u00e1logo. Conhec\u0327a a originalidade, identidade e exclusividade da MOVING!","breadcrumb":{"@id":"https:\/\/www.movingfitnesswear.com\/catalogo\/#breadcrumb"},"inLanguage":"pt-BR","potentialAction":[{"@type":"ReadAction","target":["https:\/\/www.movingfitnesswear.com\/catalogo\/"]}]},{"@type":"BreadcrumbList","@id":"https:\/\/www.movingfitnesswear.com\/catalogo\/#breadcrumb","itemListElement":[{"@type":"ListItem","position":1,"name":"In\u00edcio","item":"https:\/\/www.movingfitnesswear.com\/catalogo\/"},{"@type":"ListItem","position":2,"name":"In\u00edcio"}]},{"@type":"WebSite","@id":"https:\/\/www.movingfitnesswear.com\/catalogo\/#website","url":"https:\/\/www.movingfitnesswear.com\/catalogo\/","name":"Moving","description":"","publisher":{"@id":"https:\/\/www.movingfitnesswear.com\/catalogo\/#organization"},"potentialAction":[{"@type":"SearchAction","target":{"@type":"EntryPoint","urlTemplate":"https:\/\/www.movingfitnesswear.com\/catalogo\/?s={search_term_string}"},"query-input":{"@type":"PropertyValueSpecification","valueRequired":true,"valueName":"search_term_string"}}],"inLanguage":"pt-BR"},{"@type":"Organization","@id":"https:\/\/www.movingfitnesswear.com\/catalogo\/#organization","name":"Moving Fitness Wear","url":"https:\/\/www.movingfitnesswear.com\/catalogo\/","logo":{"@type":"ImageObject","inLanguage":"pt-BR","@id":"https:\/\/www.movingfitnesswear.com\/catalogo\/#\/schema\/logo\/image\/","url":"https:\/\/www.movingfitnesswear.com\/wp-content\/uploads\/2021\/07\/logo.jpg","contentUrl":"https:\/\/www.movingfitnesswear.com\/wp-content\/uploads\/2021\/07\/logo.jpg","width":650,"height":650,"caption":"Moving Fitness Wear"},"image":{"@id":"https:\/\/www.movingfitnesswear.com\/catalogo\/#\/schema\/logo\/image\/"}}]}},"uagb_featured_image_src":{"full":false,"thumbnail":false,"medium":false,"medium_large":false,"large":false,"1536x1536":false,"2048x2048":false,"woocommerce_thumbnail":false,"woocommerce_single":false,"woocommerce_gallery_thumbnail":false,"dgwt-wcas-product-suggestion":false},"uagb_author_info":{"display_name":"Kelwin Pereira Mello","author_link":"https:\/\/www.movingfitnesswear.com\/catalogo\/author\/kelwin-mellohotmail-com\/"},"uagb_comment_info":0,"uagb_excerpt":null,"_links":{"self":[{"href":"https:\/\/www.movingfitnesswear.com\/catalogo\/wp-json\/wp\/v2\/pages\/271","targetHints":{"allow":["GET"]}}],"collection":[{"href":"https:\/\/www.movingfitnesswear.com\/catalogo\/wp-json\/wp\/v2\/pages"}],"about":[{"href":"https:\/\/www.movingfitnesswear.com\/catalogo\/wp-json\/wp\/v2\/types\/page"}],"author":[{"embeddable":true,"href":"https:\/\/www.movingfitnesswear.com\/catalogo\/wp-json\/wp\/v2\/users\/1"}],"replies":[{"embeddable":true,"href":"https:\/\/www.movingfitnesswear.com\/catalogo\/wp-json\/wp\/v2\/comments?post=271"}],"version-history":[{"count":0,"href":"https:\/\/www.movingfitnesswear.com\/catalogo\/wp-json\/wp\/v2\/pages\/271\/revisions"}],"wp:attachment":[{"href":"https:\/\/www.movingfitnesswear.com\/catalogo\/wp-json\/wp\/v2\/media?parent=271"}],"curies":[{"name":"wp","href":"https:\/\/api.w.org\/{rel}","templated":true}]}}